{"id":821,"date":"2026-03-24T10:22:21","date_gmt":"2026-03-24T10:22:21","guid":{"rendered":"https:\/\/lemontaigu.com\/contact\/"},"modified":"2026-04-29T14:18:12","modified_gmt":"2026-04-29T14:18:12","slug":"contacto","status":"publish","type":"page","link":"https:\/\/lemontaigu.com\/es\/contact\/","title":{"rendered":"Contacto"},"content":{"rendered":"<div data-elementor-type=\"wp-page\" data-elementor-id=\"821\" class=\"elementor elementor-821\" data-elementor-post-type=\"page\">\n\t\t\t\t<div class=\"elementor-element elementor-element-ct_hero page-hero e-flex e-con-boxed e-con e-parent\" data-id=\"ct_hero\" data-element_type=\"container\" data-e-type=\"container\" data-settings=\"{&quot;background_background&quot;:&quot;classic&quot;}\">\n\t\t\t\t\t<div class=\"e-con-inner\">\n\t\t\t\t<div class=\"elementor-element elementor-element-ct_h1 elementor-widget elementor-widget-heading\" data-id=\"ct_h1\" data-element_type=\"widget\" data-e-type=\"widget\" data-widget_type=\"heading.default\">\n\t\t\t\t\t<h1 class=\"elementor-heading-title elementor-size-default\">Contacto<\/h1>\t\t\t\t<\/div>\n\t\t\t\t<div class=\"elementor-element elementor-element-ct_sub elementor-widget elementor-widget-text-editor\" data-id=\"ct_sub\" data-element_type=\"widget\" data-e-type=\"widget\" data-widget_type=\"text-editor.default\">\n\t\t\t\t\t\t\t\t\t<p style=\"text-align: center; color: #666; max-width: 600px; margin: 0 auto;\"><span style=\"color: #ffffff;\">No dude en ponerse en contacto con nosotros para cualquier consulta o reserva.<\/span><\/p>\t\t\t\t\t\t\t\t<\/div>\n\t\t\t\t\t<\/div>\n\t\t\t\t<\/div>\n\t\t<div class=\"elementor-element elementor-element-ct_body e-flex e-con-boxed e-con e-parent\" data-id=\"ct_body\" data-element_type=\"container\" data-e-type=\"container\">\n\t\t\t\t\t<div class=\"e-con-inner\">\n\t\t<div class=\"elementor-element elementor-element-ct_info e-con-full e-flex e-con e-child\" data-id=\"ct_info\" data-element_type=\"container\" data-e-type=\"container\">\n\t\t\t\t<div class=\"elementor-element elementor-element-ct_ih elementor-widget elementor-widget-heading\" data-id=\"ct_ih\" data-element_type=\"widget\" data-e-type=\"widget\" data-widget_type=\"heading.default\">\n\t\t\t\t\t<h2 class=\"elementor-heading-title elementor-size-default\">Nuestros datos<\/h2>\t\t\t\t<\/div>\n\t\t<div class=\"elementor-element elementor-element-ct_btns e-flex e-con-boxed e-con e-child\" data-id=\"ct_btns\" data-element_type=\"container\" data-e-type=\"container\">\n\t\t\t\t\t<div class=\"e-con-inner\">\n\t\t\t\t<div class=\"elementor-element elementor-element-ct_b1 hotel-book-direct elementor-widget elementor-widget-button\" data-id=\"ct_b1\" data-element_type=\"widget\" data-e-type=\"widget\" data-widget=\"overlay\" data-widget_type=\"button.default\">\n\t\t\t\t\t\t\t\t\t\t<a class=\"elementor-button elementor-button-link elementor-size-sm\" href=\"#\">\n\t\t\t\t\t\t<span class=\"elementor-button-content-wrapper\">\n\t\t\t\t\t\t\t\t\t<span class=\"elementor-button-text\">Reservar habitaci\u00f3n<\/span>\n\t\t\t\t\t<\/span>\n\t\t\t\t\t<\/a>\n\t\t\t\t\t\t\t\t<\/div>\n\t\t\t\t<div class=\"elementor-element elementor-element-ct_b2 elementor-widget elementor-widget-button\" data-id=\"ct_b2\" data-element_type=\"widget\" data-e-type=\"widget\" data-widget_type=\"button.default\">\n\t\t\t\t\t\t\t\t\t\t<a class=\"elementor-button elementor-button-link elementor-size-sm\" href=\"\/es\/reservations\/\">\n\t\t\t\t\t\t<span class=\"elementor-button-content-wrapper\">\n\t\t\t\t\t\t\t\t\t<span class=\"elementor-button-text\">Reservar mesa<\/span>\n\t\t\t\t\t<\/span>\n\t\t\t\t\t<\/a>\n\t\t\t\t\t\t\t\t<\/div>\n\t\t\t\t\t<\/div>\n\t\t\t\t<\/div>\n\t\t\t\t<div class=\"elementor-element elementor-element-ct_addr elementor-widget elementor-widget-text-editor\" data-id=\"ct_addr\" data-element_type=\"widget\" data-e-type=\"widget\" data-widget_type=\"text-editor.default\">\n\t\t\t\t\t\t\t\t\t<div style=\"font-size: 0.95rem; line-height: 1.8;\"><p><strong style=\"color: #c9a84c;\">Direcci\u00f3n<\/strong><br \/><a>9, route de Vizos Esqui\u00e8ze-S\u00e8re<br \/>65120 Luz-Saint-Sauveur<br \/>FRANCE<\/a><\/p><p><strong style=\"color: #c9a84c;\">Tel\u00e9fono<\/strong><br \/><a style=\"color: #333; text-decoration: none;\" href=\"tel:+33562928171\">05 62 92 81 71<\/a><br \/><a style=\"color: #333; text-decoration: none;\" href=\"tel:+33562928171\">+33 5 62 92 81 71<\/a><\/p><p><strong style=\"color: #c9a84c;\">Email<\/strong><br \/><a style=\"color: #333; text-decoration: none;\" href=\"mailto:info@lemontaigu.com\">info@lemontaigu.com<\/a><\/p><p><strong style=\"color: #c9a84c;\">Restaurante<\/strong><br \/>Cena: de 19:30 a 21:00<br \/>Desayuno de 7:00\/8:00 a 10:00<\/p><p><strong style=\"color: #c9a84c;\">R\u00e9ception<br \/><\/strong>Recepci\u00f3n abierta de 8:00 a 22:00<\/p><p>Llegadas (registro de entrada): de 16:00 a 22:00<br \/>Salida: antes de las 10:30<\/p><p><strong style=\"color: #c9a84c;\">Estamos hablando\u00a0<\/strong><\/p><div class=\"col-md-4 col-sm-4\"><aside id=\"block-7\" class=\"widget widget_block group\"><ul><li>franc\u00e9s<\/li><li>Ingl\u00e9s<\/li><li>Espa\u00f1ol<\/li><li>Ucraniano<\/li><li>Ruso<\/li><\/ul><\/aside><\/div><div class=\"col-md-4 col-sm-4\">\u00a0<\/div><p>42 Habitaciones<\/p><\/div>\t\t\t\t\t\t\t\t<\/div>\n\t\t\t\t<\/div>\n\t\t<div class=\"elementor-element elementor-element-ct_map e-con-full e-flex e-con e-child\" data-id=\"ct_map\" data-element_type=\"container\" data-e-type=\"container\">\n\t\t\t\t<div class=\"elementor-element elementor-element-ct_gmap elementor-widget elementor-widget-google_maps\" data-id=\"ct_gmap\" data-element_type=\"widget\" data-e-type=\"widget\" data-widget_type=\"google_maps.default\">\n\t\t\t\t\t\t\t<div class=\"elementor-custom-embed\">\n\t\t\t<iframe\n\t\t\t\t\tdata-src=\"https:\/\/maps.google.com\/maps?q=Hotel%20Le%20Montaigu%2C%20Esqui%C3%A8ze-S%C3%A8re%2C%2065120%20Luz-Saint-Sauveur%2C%20France&#038;t=m&#038;z=14&#038;output=embed&#038;iwloc=near\"\n\t\t\t\t\ttitle=\"Hotel Le Montaigu, Esqui\u00e8ze-S\u00e8re, 65120 Luz-Saint-Sauveur, France\"\n\t\t\t\t\taria-label=\"Hotel Le Montaigu, Esqui\u00e8ze-S\u00e8re, 65120 Luz-Saint-Sauveur, France\"\n\t\t\t src=\"data:image\/svg+xml;base64,PHN2ZyB3aWR0aD0iMSIgaGVpZ2h0PSIxIiB4bWxucz0iaHR0cDovL3d3dy53My5vcmcvMjAwMC9zdmciPjwvc3ZnPg==\" class=\"lazyload\" data-load-mode=\"1\"><\/iframe>\n\t\t<\/div>\n\t\t\t\t\t\t<\/div>\n\t\t\t\t<\/div>\n\t\t\t\t\t<\/div>\n\t\t\t\t<\/div>\n\t\t<div class=\"elementor-element elementor-element-ct_access e-flex e-con-boxed e-con e-parent\" data-id=\"ct_access\" data-element_type=\"container\" data-e-type=\"container\" data-settings=\"{&quot;background_background&quot;:&quot;classic&quot;}\">\n\t\t\t\t\t<div class=\"e-con-inner\">\n\t\t<div class=\"elementor-element elementor-element-ct_a1 e-con-full e-flex e-con e-child\" data-id=\"ct_a1\" data-element_type=\"container\" data-e-type=\"container\">\n\t\t\t\t<div class=\"elementor-element elementor-element-ct_ai1 elementor-view-default elementor-widget elementor-widget-icon\" data-id=\"ct_ai1\" data-element_type=\"widget\" data-e-type=\"widget\" data-widget_type=\"icon.default\">\n\t\t\t\t\t\t\t<div class=\"elementor-icon-wrapper\">\n\t\t\t<div class=\"elementor-icon\">\n\t\t\t<svg aria-hidden=\"true\" class=\"e-font-icon-svg e-fas-car\" viewbox=\"0 0 512 512\" xmlns=\"http:\/\/www.w3.org\/2000\/svg\"><path d=\"M499.99 176h-59.87l-16.64-41.6C406.38 91.63 365.57 64 319.5 64h-127c-46.06 0-86.88 27.63-103.99 70.4L71.87 176H12.01C4.2 176-1.53 183.34.37 190.91l6 24C7.7 220.25 12.5 224 18.01 224h20.07C24.65 235.73 16 252.78 16 272v48c0 16.12 6.16 30.67 16 41.93V416c0 17.67 14.33 32 32 32h32c17.67 0 32-14.33 32-32v-32h256v32c0 17.67 14.33 32 32 32h32c17.67 0 32-14.33 32-32v-54.07c9.84-11.25 16-25.8 16-41.93v-48c0-19.22-8.65-36.27-22.07-48H494c5.51 0 10.31-3.75 11.64-9.09l6-24c1.89-7.57-3.84-14.91-11.65-14.91zm-352.06-17.83c7.29-18.22 24.94-30.17 44.57-30.17h127c19.63 0 37.28 11.95 44.57 30.17L384 208H128l19.93-49.83zM96 319.8c-19.2 0-32-12.76-32-31.9S76.8 256 96 256s48 28.71 48 47.85-28.8 15.95-48 15.95zm320 0c-19.2 0-48 3.19-48-15.95S396.8 256 416 256s32 12.76 32 31.9-12.8 31.9-32 31.9z\"><\/path><\/svg>\t\t\t<\/div>\n\t\t<\/div>\n\t\t\t\t\t\t<\/div>\n\t\t\t\t<div class=\"elementor-element elementor-element-ct_at1 elementor-widget elementor-widget-heading\" data-id=\"ct_at1\" data-element_type=\"widget\" data-e-type=\"widget\" data-widget_type=\"heading.default\">\n\t\t\t\t\t<h3 class=\"elementor-heading-title elementor-size-default\">En coche<\/h3>\t\t\t\t<\/div>\n\t\t\t\t<div class=\"elementor-element elementor-element-ct_ap1 elementor-widget elementor-widget-text-editor\" data-id=\"ct_ap1\" data-element_type=\"widget\" data-e-type=\"widget\" data-widget_type=\"text-editor.default\">\n\t\t\t\t\t\t\t\t\t<p style=\"text-align:center;font-size:0.85rem;\">Autopista A64, salida Tarbes-Ouest, y luego por la D921 en direcci\u00f3n a Luz-Saint-Sauveur (45 min). Aparcamiento gratuito.<\/p>\t\t\t\t\t\t\t\t<\/div>\n\t\t\t\t<\/div>\n\t\t<div class=\"elementor-element elementor-element-ct_a2 e-con-full e-flex e-con e-child\" data-id=\"ct_a2\" data-element_type=\"container\" data-e-type=\"container\">\n\t\t\t\t<div class=\"elementor-element elementor-element-ct_ai2 elementor-view-default elementor-widget elementor-widget-icon\" data-id=\"ct_ai2\" data-element_type=\"widget\" data-e-type=\"widget\" data-widget_type=\"icon.default\">\n\t\t\t\t\t\t\t<div class=\"elementor-icon-wrapper\">\n\t\t\t<div class=\"elementor-icon\">\n\t\t\t<svg aria-hidden=\"true\" class=\"e-font-icon-svg e-fas-train\" viewbox=\"0 0 448 512\" xmlns=\"http:\/\/www.w3.org\/2000\/svg\"><path d=\"M448 96v256c0 51.815-61.624 96-130.022 96l62.98 49.721C386.905 502.417 383.562 512 376 512H72c-7.578 0-10.892-9.594-4.957-14.279L130.022 448C61.82 448 0 403.954 0 352V96C0 42.981 64 0 128 0h192c65 0 128 42.981 128 96zm-48 136V120c0-13.255-10.745-24-24-24H72c-13.255 0-24 10.745-24 24v112c0 13.255 10.745 24 24 24h304c13.255 0 24-10.745 24-24zm-176 64c-30.928 0-56 25.072-56 56s25.072 56 56 56 56-25.072 56-56-25.072-56-56-56z\"><\/path><\/svg>\t\t\t<\/div>\n\t\t<\/div>\n\t\t\t\t\t\t<\/div>\n\t\t\t\t<div class=\"elementor-element elementor-element-ct_at2 elementor-widget elementor-widget-heading\" data-id=\"ct_at2\" data-element_type=\"widget\" data-e-type=\"widget\" data-widget_type=\"heading.default\">\n\t\t\t\t\t<h3 class=\"elementor-heading-title elementor-size-default\">En tren<\/h3>\t\t\t\t<\/div>\n\t\t\t\t<div class=\"elementor-element elementor-element-ct_ap2 elementor-widget elementor-widget-text-editor\" data-id=\"ct_ap2\" data-element_type=\"widget\" data-e-type=\"widget\" data-widget_type=\"text-editor.default\">\n\t\t\t\t\t\t\t\t\t<p style=\"text-align:center;font-size:0.85rem;\">Estaci\u00f3n de Lourdes (30 km), y luego autob\u00fas o taxi. TGV desde Par\u00eds, Toulouse y Burdeos.<\/p>\t\t\t\t\t\t\t\t<\/div>\n\t\t\t\t<\/div>\n\t\t<div class=\"elementor-element elementor-element-ct_a3 e-con-full e-flex e-con e-child\" data-id=\"ct_a3\" data-element_type=\"container\" data-e-type=\"container\">\n\t\t\t\t<div class=\"elementor-element elementor-element-ct_ai3 elementor-view-default elementor-widget elementor-widget-icon\" data-id=\"ct_ai3\" data-element_type=\"widget\" data-e-type=\"widget\" data-widget_type=\"icon.default\">\n\t\t\t\t\t\t\t<div class=\"elementor-icon-wrapper\">\n\t\t\t<div class=\"elementor-icon\">\n\t\t\t<svg aria-hidden=\"true\" class=\"e-font-icon-svg e-fas-plane\" viewbox=\"0 0 576 512\" xmlns=\"http:\/\/www.w3.org\/2000\/svg\"><path d=\"M480 192H365.71L260.61 8.06A16.014 16.014 0 0 0 246.71 0h-65.5c-10.63 0-18.3 10.17-15.38 20.39L214.86 192H112l-43.2-57.6c-3.02-4.03-7.77-6.4-12.8-6.4H16.01C5.6 128-2.04 137.78.49 147.88L32 256 .49 364.12C-2.04 374.22 5.6 384 16.01 384H56c5.04 0 9.78-2.37 12.8-6.4L112 320h102.86l-49.03 171.6c-2.92 10.22 4.75 20.4 15.38 20.4h65.5c5.74 0 11.04-3.08 13.89-8.06L365.71 320H480c35.35 0 96-28.65 96-64s-60.65-64-96-64z\"><\/path><\/svg>\t\t\t<\/div>\n\t\t<\/div>\n\t\t\t\t\t\t<\/div>\n\t\t\t\t<div class=\"elementor-element elementor-element-ct_at3 elementor-widget elementor-widget-heading\" data-id=\"ct_at3\" data-element_type=\"widget\" data-e-type=\"widget\" data-widget_type=\"heading.default\">\n\t\t\t\t\t<h3 class=\"elementor-heading-title elementor-size-default\">En avi\u00f3n<\/h3>\t\t\t\t<\/div>\n\t\t\t\t<div class=\"elementor-element elementor-element-ct_ap3 elementor-widget elementor-widget-text-editor\" data-id=\"ct_ap3\" data-element_type=\"widget\" data-e-type=\"widget\" data-widget_type=\"text-editor.default\">\n\t\t\t\t\t\t\t\t\t<p style=\"text-align:center;font-size:0.85rem;\">Aeropuerto de Tarbes-Lourdes Pyr\u00e9n\u00e9es (TLP), a 40 km. Se ofrecen servicios de alquiler de coches.<\/p>\t\t\t\t\t\t\t\t<\/div>\n\t\t\t\t<\/div>\n\t\t\t\t\t<\/div>\n\t\t\t\t<\/div>\n\t\t\t\t<\/div>","protected":false},"excerpt":{"rendered":"<p>Contact N\u2019h\u00e9sitez pas \u00e0 nous contacter pour toute demande d\u2019information ou de r\u00e9servation. Nos coordonn\u00e9es R\u00e9server une chambre R\u00e9server une table Adresse9, route de Vizos Esqui\u00e8ze-S\u00e8re65120 Luz-Saint-SauveurFRANCE T\u00e9l\u00e9phone05 62 92 81 71+33 5 62 92 81 71 Emailinfo@lemontaigu.com RestaurantD\u00eener : 19h30 \u00e0 21h00Petit d\u00e9jeuner de 7\/8h \u00e0 10h R\u00e9ceptionAccueil de 8h \u00e0 22h Arriv\u00e9es (Check-in) [&hellip;]<\/p>\n","protected":false},"author":0,"featured_media":0,"parent":0,"menu_order":0,"comment_status":"closed","ping_status":"closed","template":"elementor_header_footer","meta":{"_acf_changed":false,"footnotes":""},"class_list":["post-821","page","type-page","status-publish","hentry"],"acf":[],"yoast_head":"<!-- This site is optimized with the Yoast SEO plugin v27.4 - https:\/\/yoast.com\/product\/yoast-seo-wordpress\/ -->\n<title>Contact \u2014 H\u00f4tel Le Montaigu, Luz-Saint-Sauveur<\/title>\n<meta name=\"description\" content=\"Contactez H\u00f4tel Le Montaigu \u00e0 Luz-Saint-Sauveur. T\u00e9l\u00e9phone, email, acc\u00e8s et plan. Au c\u0153ur des Pyr\u00e9n\u00e9es, \u00e0 30 min de Cauterets et du Tourmalet.\" \/>\n<meta name=\"robots\" content=\"index, follow, max-snippet:-1, max-image-preview:large, max-video-preview:-1\" \/>\n<link rel=\"canonical\" href=\"https:\/\/lemontaigu.com\/es\/contacto\/\" \/>\n<meta property=\"og:locale\" content=\"es_ES\" \/>\n<meta property=\"og:type\" content=\"article\" \/>\n<meta property=\"og:title\" content=\"Contact \u2014 H\u00f4tel Le Montaigu, Luz-Saint-Sauveur\" \/>\n<meta property=\"og:description\" content=\"Contactez H\u00f4tel Le Montaigu \u00e0 Luz-Saint-Sauveur. T\u00e9l\u00e9phone, email, acc\u00e8s et plan. Au c\u0153ur des Pyr\u00e9n\u00e9es, \u00e0 30 min de Cauterets et du Tourmalet.\" \/>\n<meta property=\"og:url\" content=\"https:\/\/lemontaigu.com\/es\/contacto\/\" \/>\n<meta property=\"og:site_name\" content=\"Le Montaigu Hotel*** Restaurant Bar\" \/>\n<meta property=\"article:publisher\" content=\"https:\/\/www.facebook.com\/hotelmontaigu\" \/>\n<meta property=\"article:modified_time\" content=\"2026-04-29T14:18:12+00:00\" \/>\n<meta property=\"og:image\" content=\"https:\/\/lemontaigu.com\/wp-content\/uploads\/2026\/04\/hotel-facade-day_3798x2532-1-scaled-e1777410348300.jpg\" \/>\n\t<meta property=\"og:image:width\" content=\"1200\" \/>\n\t<meta property=\"og:image:height\" content=\"800\" \/>\n\t<meta property=\"og:image:type\" content=\"image\/jpeg\" \/>\n<meta name=\"twitter:card\" content=\"summary_large_image\" \/>\n<meta name=\"twitter:label1\" content=\"Tiempo de lectura\" \/>\n\t<meta name=\"twitter:data1\" content=\"1 minuto\" \/>\n<script type=\"application\/ld+json\" class=\"yoast-schema-graph\">{\"@context\":\"https:\\\/\\\/schema.org\",\"@graph\":[{\"@type\":\"WebPage\",\"@id\":\"https:\\\/\\\/lemontaigu.com\\\/contact\\\/\",\"url\":\"https:\\\/\\\/lemontaigu.com\\\/contact\\\/\",\"name\":\"Contact \u2014 H\u00f4tel Le Montaigu, Luz-Saint-Sauveur\",\"isPartOf\":{\"@id\":\"https:\\\/\\\/lemontaigu.com\\\/#website\"},\"datePublished\":\"2026-03-24T10:22:21+00:00\",\"dateModified\":\"2026-04-29T14:18:12+00:00\",\"description\":\"Contactez H\u00f4tel Le Montaigu \u00e0 Luz-Saint-Sauveur. T\u00e9l\u00e9phone, email, acc\u00e8s et plan. Au c\u0153ur des Pyr\u00e9n\u00e9es, \u00e0 30 min de Cauterets et du Tourmalet.\",\"breadcrumb\":{\"@id\":\"https:\\\/\\\/lemontaigu.com\\\/contact\\\/#breadcrumb\"},\"inLanguage\":\"es\",\"potentialAction\":[{\"@type\":\"ReadAction\",\"target\":[\"https:\\\/\\\/lemontaigu.com\\\/contact\\\/\"]}]},{\"@type\":\"BreadcrumbList\",\"@id\":\"https:\\\/\\\/lemontaigu.com\\\/contact\\\/#breadcrumb\",\"itemListElement\":[{\"@type\":\"ListItem\",\"position\":1,\"name\":\"Home\",\"item\":\"https:\\\/\\\/lemontaigu.com\\\/\"},{\"@type\":\"ListItem\",\"position\":2,\"name\":\"Contact\"}]},{\"@type\":\"WebSite\",\"@id\":\"https:\\\/\\\/lemontaigu.com\\\/#website\",\"url\":\"https:\\\/\\\/lemontaigu.com\\\/\",\"name\":\"Le Montaigu H\u00f4tel Restaurant Bar\",\"description\":\"\",\"publisher\":{\"@id\":\"https:\\\/\\\/lemontaigu.com\\\/#organization\"},\"potentialAction\":[{\"@type\":\"SearchAction\",\"target\":{\"@type\":\"EntryPoint\",\"urlTemplate\":\"https:\\\/\\\/lemontaigu.com\\\/?s={search_term_string}\"},\"query-input\":{\"@type\":\"PropertyValueSpecification\",\"valueRequired\":true,\"valueName\":\"search_term_string\"}}],\"inLanguage\":\"es\"},{\"@type\":\"Organization\",\"@id\":\"https:\\\/\\\/lemontaigu.com\\\/#organization\",\"name\":\"LE MONTAIGU HOTELS ET RESORTS\",\"url\":\"https:\\\/\\\/lemontaigu.com\\\/\",\"logo\":{\"@type\":\"ImageObject\",\"inLanguage\":\"es\",\"@id\":\"https:\\\/\\\/lemontaigu.com\\\/#\\\/schema\\\/logo\\\/image\\\/\",\"url\":\"https:\\\/\\\/lemontaigu.com\\\/wp-content\\\/uploads\\\/2026\\\/04\\\/logo-1.png\",\"contentUrl\":\"https:\\\/\\\/lemontaigu.com\\\/wp-content\\\/uploads\\\/2026\\\/04\\\/logo-1.png\",\"width\":398,\"height\":192,\"caption\":\"LE MONTAIGU HOTELS ET RESORTS\"},\"image\":{\"@id\":\"https:\\\/\\\/lemontaigu.com\\\/#\\\/schema\\\/logo\\\/image\\\/\"},\"sameAs\":[\"https:\\\/\\\/www.facebook.com\\\/hotelmontaigu\"]}]}<\/script>\n<!-- \/ Yoast SEO plugin. -->","yoast_head_json":{"title":"Contacto \u2014 Hotel Le Montaigu, Luz-Saint-Sauveur","description":"P\u00f3ngase en contacto con el Hotel Le Montaigu en Luz-Saint-Sauveur. Tel\u00e9fono, correo electr\u00f3nico, c\u00f3mo llegar y mapa. En el coraz\u00f3n de los Pirineos, a 30 minutos de Cauterets y del Tourmalet.","robots":{"index":"index","follow":"follow","max-snippet":"max-snippet:-1","max-image-preview":"max-image-preview:large","max-video-preview":"max-video-preview:-1"},"canonical":"https:\/\/lemontaigu.com\/es\/contacto\/","og_locale":"es_ES","og_type":"article","og_title":"Contact \u2014 H\u00f4tel Le Montaigu, Luz-Saint-Sauveur","og_description":"Contactez H\u00f4tel Le Montaigu \u00e0 Luz-Saint-Sauveur. T\u00e9l\u00e9phone, email, acc\u00e8s et plan. Au c\u0153ur des Pyr\u00e9n\u00e9es, \u00e0 30 min de Cauterets et du Tourmalet.","og_url":"https:\/\/lemontaigu.com\/es\/contacto\/","og_site_name":"Le Montaigu Hotel*** Restaurant Bar","article_publisher":"https:\/\/www.facebook.com\/hotelmontaigu","article_modified_time":"2026-04-29T14:18:12+00:00","og_image":[{"width":1200,"height":800,"url":"https:\/\/lemontaigu.com\/wp-content\/uploads\/2026\/04\/hotel-facade-day_3798x2532-1-scaled-e1777410348300.jpg","type":"image\/jpeg"}],"twitter_card":"summary_large_image","twitter_misc":{"Tiempo de lectura":"1 minuto"},"schema":{"@context":"https:\/\/schema.org","@graph":[{"@type":"WebPage","@id":"https:\/\/lemontaigu.com\/contact\/","url":"https:\/\/lemontaigu.com\/contact\/","name":"Contacto \u2014 Hotel Le Montaigu, Luz-Saint-Sauveur","isPartOf":{"@id":"https:\/\/lemontaigu.com\/#website"},"datePublished":"2026-03-24T10:22:21+00:00","dateModified":"2026-04-29T14:18:12+00:00","description":"P\u00f3ngase en contacto con el Hotel Le Montaigu en Luz-Saint-Sauveur. Tel\u00e9fono, correo electr\u00f3nico, c\u00f3mo llegar y mapa. En el coraz\u00f3n de los Pirineos, a 30 minutos de Cauterets y del Tourmalet.","breadcrumb":{"@id":"https:\/\/lemontaigu.com\/contact\/#breadcrumb"},"inLanguage":"es","potentialAction":[{"@type":"ReadAction","target":["https:\/\/lemontaigu.com\/contact\/"]}]},{"@type":"BreadcrumbList","@id":"https:\/\/lemontaigu.com\/contact\/#breadcrumb","itemListElement":[{"@type":"ListItem","position":1,"name":"Home","item":"https:\/\/lemontaigu.com\/"},{"@type":"ListItem","position":2,"name":"Contact"}]},{"@type":"WebSite","@id":"https:\/\/lemontaigu.com\/#website","url":"https:\/\/lemontaigu.com\/","name":"Le Montaigu H\u00f4tel Restaurant Bar","description":"","publisher":{"@id":"https:\/\/lemontaigu.com\/#organization"},"potentialAction":[{"@type":"SearchAction","target":{"@type":"EntryPoint","urlTemplate":"https:\/\/lemontaigu.com\/?s={search_term_string}"},"query-input":{"@type":"PropertyValueSpecification","valueRequired":true,"valueName":"search_term_string"}}],"inLanguage":"es"},{"@type":"Organization","@id":"https:\/\/lemontaigu.com\/#organization","name":"LE MONTAIGU HOTELS ET RESORTS","url":"https:\/\/lemontaigu.com\/","logo":{"@type":"ImageObject","inLanguage":"es","@id":"https:\/\/lemontaigu.com\/#\/schema\/logo\/image\/","url":"https:\/\/lemontaigu.com\/wp-content\/uploads\/2026\/04\/logo-1.png","contentUrl":"https:\/\/lemontaigu.com\/wp-content\/uploads\/2026\/04\/logo-1.png","width":398,"height":192,"caption":"LE MONTAIGU HOTELS ET RESORTS"},"image":{"@id":"https:\/\/lemontaigu.com\/#\/schema\/logo\/image\/"},"sameAs":["https:\/\/www.facebook.com\/hotelmontaigu"]}]}},"_links":{"self":[{"href":"https:\/\/lemontaigu.com\/es\/wp-json\/wp\/v2\/pages\/821","targetHints":{"allow":["GET"]}}],"collection":[{"href":"https:\/\/lemontaigu.com\/es\/wp-json\/wp\/v2\/pages"}],"about":[{"href":"https:\/\/lemontaigu.com\/es\/wp-json\/wp\/v2\/types\/page"}],"replies":[{"embeddable":true,"href":"https:\/\/lemontaigu.com\/es\/wp-json\/wp\/v2\/comments?post=821"}],"version-history":[{"count":0,"href":"https:\/\/lemontaigu.com\/es\/wp-json\/wp\/v2\/pages\/821\/revisions"}],"wp:attachment":[{"href":"https:\/\/lemontaigu.com\/es\/wp-json\/wp\/v2\/media?parent=821"}],"curies":[{"name":"wp","href":"https:\/\/api.w.org\/{rel}","templated":true}]}}