{"id":819,"date":"2026-03-24T10:22:18","date_gmt":"2026-03-24T10:22:18","guid":{"rendered":"https:\/\/lemontaigu.com\/a-propos\/"},"modified":"2026-04-28T21:01:29","modified_gmt":"2026-04-28T21:01:29","slug":"nosotros","status":"publish","type":"page","link":"https:\/\/lemontaigu.com\/es\/a-propos\/","title":{"rendered":"Qui\u00e9nes somos"},"content":{"rendered":"<div data-elementor-type=\"wp-page\" data-elementor-id=\"819\" class=\"elementor elementor-819\" data-elementor-post-type=\"page\">\n\t\t\t\t<div class=\"elementor-element elementor-element-ab_hero e-con-full page-hero e-flex e-con e-parent\" data-id=\"ab_hero\" data-element_type=\"container\" data-e-type=\"container\" data-settings=\"{&quot;background_background&quot;:&quot;classic&quot;}\">\n\t\t\t\t<div class=\"elementor-element elementor-element-ab_h1 elementor-widget elementor-widget-heading\" data-id=\"ab_h1\" data-element_type=\"widget\" data-e-type=\"widget\" data-widget_type=\"heading.default\">\n\t\t\t\t\t<h1 class=\"elementor-heading-title elementor-size-default\">Qui\u00e9nes somos<\/h1>\t\t\t\t<\/div>\n\t\t\t\t<div class=\"elementor-element elementor-element-ab_tag elementor-widget elementor-widget-heading\" data-id=\"ab_tag\" data-element_type=\"widget\" data-e-type=\"widget\" data-widget_type=\"heading.default\">\n\t\t\t\t\t<p class=\"elementor-heading-title elementor-size-default\">Un hotel con encanto en el coraz\u00f3n de los Pirineos<\/p>\t\t\t\t<\/div>\n\t\t\t\t<\/div>\n\t\t<div class=\"elementor-element elementor-element-ab_story e-flex e-con-boxed e-con e-parent\" data-id=\"ab_story\" data-element_type=\"container\" data-e-type=\"container\">\n\t\t\t\t\t<div class=\"e-con-inner\">\n\t\t<div class=\"elementor-element elementor-element-ab_img1 e-con-full e-flex e-con e-child\" data-id=\"ab_img1\" data-element_type=\"container\" data-e-type=\"container\">\n\t\t\t\t<div class=\"elementor-element elementor-element-ab_ph1 elementor-widget elementor-widget-image\" data-id=\"ab_ph1\" data-element_type=\"widget\" data-e-type=\"widget\" data-widget_type=\"image.default\">\n\t\t\t\t\t\t\t\t\t\t\t\t\t\t\t<img fetchpriority=\"high\" decoding=\"async\" width=\"800\" height=\"534\" src=\"https:\/\/lemontaigu.com\/wp-content\/uploads\/2026\/03\/hotel-facade-day-1-1024x683.jpg\" class=\"attachment-large size-large wp-image-90\" alt=\"\" srcset=\"https:\/\/lemontaigu.com\/wp-content\/uploads\/2026\/03\/hotel-facade-day-1-1024x683.jpg 1024w, https:\/\/lemontaigu.com\/wp-content\/uploads\/2026\/03\/hotel-facade-day-1-300x200.jpg 300w, https:\/\/lemontaigu.com\/wp-content\/uploads\/2026\/03\/hotel-facade-day-1-768x512.jpg 768w, https:\/\/lemontaigu.com\/wp-content\/uploads\/2026\/03\/hotel-facade-day-1-200x133.jpg 200w, https:\/\/lemontaigu.com\/wp-content\/uploads\/2026\/03\/hotel-facade-day-1-1536x1024.jpg 1536w, https:\/\/lemontaigu.com\/wp-content\/uploads\/2026\/03\/hotel-facade-day-1.jpg 2048w, https:\/\/lemontaigu.com\/wp-content\/uploads\/2026\/03\/hotel-facade-day-1-18x12.jpg 18w\" sizes=\"(max-width: 800px) 100vw, 800px\" \/>\t\t\t\t\t\t\t\t\t\t\t\t\t\t\t<\/div>\n\t\t\t\t<\/div>\n\t\t<div class=\"elementor-element elementor-element-ab_txt1 e-con-full e-flex e-con e-child\" data-id=\"ab_txt1\" data-element_type=\"container\" data-e-type=\"container\">\n\t\t\t\t<div class=\"elementor-element elementor-element-ab_h2a elementor-widget elementor-widget-heading\" data-id=\"ab_h2a\" data-element_type=\"widget\" data-e-type=\"widget\" data-widget_type=\"heading.default\">\n\t\t\t\t\t<h2 class=\"elementor-heading-title elementor-size-default\">Nuestra historia<\/h2>\t\t\t\t<\/div>\n\t\t\t\t<div class=\"elementor-element elementor-element-ab_p1 elementor-widget elementor-widget-text-editor\" data-id=\"ab_p1\" data-element_type=\"widget\" data-e-type=\"widget\" data-widget_type=\"text-editor.default\">\n\t\t\t\t\t\t\t\t\t<p>Situado en el pueblo de Esqui\u00e8ze-S\u00e8re, a las puertas de Luz-Saint-Sauveur y del Parque Nacional de los Pirineos, el Hotel Le Montaigu le da la bienvenida en un ambiente acogedor y aut\u00e9ntico.<\/p><p>Face au pic du Montaigu qui lui donne son nom, notre \u00e9tablissement allie le charme d\u2019une maison de montagne \u00e0 un confort moderne. Chaque chambre offre une vue sur les sommets environnants, pour un r\u00e9veil en pleine nature.<\/p>\t\t\t\t\t\t\t\t<\/div>\n\t\t\t\t<\/div>\n\t\t\t\t\t<\/div>\n\t\t\t\t<\/div>\n\t\t<div class=\"elementor-element elementor-element-ab_values e-flex e-con-boxed e-con e-parent\" data-id=\"ab_values\" data-element_type=\"container\" data-e-type=\"container\" data-settings=\"{&quot;background_background&quot;:&quot;classic&quot;}\">\n\t\t\t\t\t<div class=\"e-con-inner\">\n\t\t<div class=\"elementor-element elementor-element-ab_v1 e-con-full e-flex e-con e-child\" data-id=\"ab_v1\" data-element_type=\"container\" data-e-type=\"container\">\n\t\t\t\t<div class=\"elementor-element elementor-element-ab_vi1 elementor-view-default elementor-widget elementor-widget-icon\" data-id=\"ab_vi1\" data-element_type=\"widget\" data-e-type=\"widget\" data-widget_type=\"icon.default\">\n\t\t\t\t\t\t\t<div class=\"elementor-icon-wrapper\">\n\t\t\t<div class=\"elementor-icon\">\n\t\t\t<svg aria-hidden=\"true\" class=\"e-font-icon-svg e-fas-mountain\" viewbox=\"0 0 640 512\" xmlns=\"http:\/\/www.w3.org\/2000\/svg\"><path d=\"M634.92 462.7l-288-448C341.03 5.54 330.89 0 320 0s-21.03 5.54-26.92 14.7l-288 448a32.001 32.001 0 0 0-1.17 32.64A32.004 32.004 0 0 0 32 512h576c11.71 0 22.48-6.39 28.09-16.67a31.983 31.983 0 0 0-1.17-32.63zM320 91.18L405.39 224H320l-64 64-38.06-38.06L320 91.18z\"><\/path><\/svg>\t\t\t<\/div>\n\t\t<\/div>\n\t\t\t\t\t\t<\/div>\n\t\t\t\t<div class=\"elementor-element elementor-element-ab_vt1 elementor-widget elementor-widget-heading\" data-id=\"ab_vt1\" data-element_type=\"widget\" data-e-type=\"widget\" data-widget_type=\"heading.default\">\n\t\t\t\t\t<h3 class=\"elementor-heading-title elementor-size-default\">Ubicaci\u00f3n<\/h3>\t\t\t\t<\/div>\n\t\t\t\t<div class=\"elementor-element elementor-element-ab_vp1 elementor-widget elementor-widget-text-editor\" data-id=\"ab_vp1\" data-element_type=\"widget\" data-e-type=\"widget\" data-widget_type=\"text-editor.default\">\n\t\t\t\t\t\t\t\t\t<p style=\"text-align:center;font-size:0.9rem;\">A los pies de las pistas de esqu\u00ed y de las rutas de senderismo<\/p>\t\t\t\t\t\t\t\t<\/div>\n\t\t\t\t<\/div>\n\t\t<div class=\"elementor-element elementor-element-ab_v2 e-con-full e-flex e-con e-child\" data-id=\"ab_v2\" data-element_type=\"container\" data-e-type=\"container\">\n\t\t\t\t<div class=\"elementor-element elementor-element-ab_vi2 elementor-view-default elementor-widget elementor-widget-icon\" data-id=\"ab_vi2\" data-element_type=\"widget\" data-e-type=\"widget\" data-widget_type=\"icon.default\">\n\t\t\t\t\t\t\t<div class=\"elementor-icon-wrapper\">\n\t\t\t<div class=\"elementor-icon\">\n\t\t\t<svg aria-hidden=\"true\" class=\"e-font-icon-svg e-fas-utensils\" viewbox=\"0 0 416 512\" xmlns=\"http:\/\/www.w3.org\/2000\/svg\"><path d=\"M207.9 15.2c.8 4.7 16.1 94.5 16.1 128.8 0 52.3-27.8 89.6-68.9 104.6L168 486.7c.7 13.7-10.2 25.3-24 25.3H80c-13.7 0-24.7-11.5-24-25.3l12.9-238.1C27.7 233.6 0 196.2 0 144 0 109.6 15.3 19.9 16.1 15.2 19.3-5.1 61.4-5.4 64 16.3v141.2c1.3 3.4 15.1 3.2 16 0 1.4-25.3 7.9-139.2 8-141.8 3.3-20.8 44.7-20.8 47.9 0 .2 2.7 6.6 116.5 8 141.8.9 3.2 14.8 3.4 16 0V16.3c2.6-21.6 44.8-21.4 48-1.1zm119.2 285.7l-15 185.1c-1.2 14 9.9 26 23.9 26h56c13.3 0 24-10.7 24-24V24c0-13.2-10.7-24-24-24-82.5 0-221.4 178.5-64.9 300.9z\"><\/path><\/svg>\t\t\t<\/div>\n\t\t<\/div>\n\t\t\t\t\t\t<\/div>\n\t\t\t\t<div class=\"elementor-element elementor-element-ab_vt2 elementor-widget elementor-widget-heading\" data-id=\"ab_vt2\" data-element_type=\"widget\" data-e-type=\"widget\" data-widget_type=\"heading.default\">\n\t\t\t\t\t<h3 class=\"elementor-heading-title elementor-size-default\">Gastronom\u00eda<\/h3>\t\t\t\t<\/div>\n\t\t\t\t<div class=\"elementor-element elementor-element-ab_vp2 elementor-widget elementor-widget-text-editor\" data-id=\"ab_vp2\" data-element_type=\"widget\" data-e-type=\"widget\" data-widget_type=\"text-editor.default\">\n\t\t\t\t\t\t\t\t\t<p style=\"text-align:center;font-size:0.9rem;\">Cocina regional con productos locales y de temporada<\/p>\t\t\t\t\t\t\t\t<\/div>\n\t\t\t\t<\/div>\n\t\t<div class=\"elementor-element elementor-element-ab_v3 e-con-full e-flex e-con e-child\" data-id=\"ab_v3\" data-element_type=\"container\" data-e-type=\"container\">\n\t\t\t\t<div class=\"elementor-element elementor-element-ab_vi3 elementor-view-default elementor-widget elementor-widget-icon\" data-id=\"ab_vi3\" data-element_type=\"widget\" data-e-type=\"widget\" data-widget_type=\"icon.default\">\n\t\t\t\t\t\t\t<div class=\"elementor-icon-wrapper\">\n\t\t\t<div class=\"elementor-icon\">\n\t\t\t<svg aria-hidden=\"true\" class=\"e-font-icon-svg e-fas-heart\" viewbox=\"0 0 512 512\" xmlns=\"http:\/\/www.w3.org\/2000\/svg\"><path d=\"M462.3 62.6C407.5 15.9 326 24.3 275.7 76.2L256 96.5l-19.7-20.3C186.1 24.3 104.5 15.9 49.7 62.6c-62.8 53.6-66.1 149.8-9.9 207.9l193.5 199.8c12.5 12.9 32.8 12.9 45.3 0l193.5-199.8c56.3-58.1 53-154.3-9.8-207.9z\"><\/path><\/svg>\t\t\t<\/div>\n\t\t<\/div>\n\t\t\t\t\t\t<\/div>\n\t\t\t\t<div class=\"elementor-element elementor-element-ab_vt3 elementor-widget elementor-widget-heading\" data-id=\"ab_vt3\" data-element_type=\"widget\" data-e-type=\"widget\" data-widget_type=\"heading.default\">\n\t\t\t\t\t<h3 class=\"elementor-heading-title elementor-size-default\">Inicio<\/h3>\t\t\t\t<\/div>\n\t\t\t\t<div class=\"elementor-element elementor-element-ab_vp3 elementor-widget elementor-widget-text-editor\" data-id=\"ab_vp3\" data-element_type=\"widget\" data-e-type=\"widget\" data-widget_type=\"text-editor.default\">\n\t\t\t\t\t\t\t\t\t<p style=\"text-align:center;font-size:0.9rem;\">Un servicio c\u00e1lido y personalizado, lejos de las cadenas hoteleras<\/p>\t\t\t\t\t\t\t\t<\/div>\n\t\t\t\t<\/div>\n\t\t<div class=\"elementor-element elementor-element-ab_v4 e-con-full e-flex e-con e-child\" data-id=\"ab_v4\" data-element_type=\"container\" data-e-type=\"container\">\n\t\t\t\t<div class=\"elementor-element elementor-element-ab_vi4 elementor-view-default elementor-widget elementor-widget-icon\" data-id=\"ab_vi4\" data-element_type=\"widget\" data-e-type=\"widget\" data-widget_type=\"icon.default\">\n\t\t\t\t\t\t\t<div class=\"elementor-icon-wrapper\">\n\t\t\t<div class=\"elementor-icon\">\n\t\t\t<svg aria-hidden=\"true\" class=\"e-font-icon-svg e-fas-hiking\" viewbox=\"0 0 384 512\" xmlns=\"http:\/\/www.w3.org\/2000\/svg\"><path d=\"M80.95 472.23c-4.28 17.16 6.14 34.53 23.28 38.81 2.61.66 5.22.95 7.8.95 14.33 0 27.37-9.7 31.02-24.23l25.24-100.97-52.78-52.78-34.56 138.22zm14.89-196.12L137 117c2.19-8.42-3.14-16.95-11.92-19.06-43.88-10.52-88.35 15.07-99.32 57.17L.49 253.24c-2.19 8.42 3.14 16.95 11.92 19.06l63.56 15.25c8.79 2.1 17.68-3.02 19.87-11.44zM368 160h-16c-8.84 0-16 7.16-16 16v16h-34.75l-46.78-46.78C243.38 134.11 228.61 128 212.91 128c-27.02 0-50.47 18.3-57.03 44.52l-26.92 107.72a32.012 32.012 0 0 0 8.42 30.39L224 397.25V480c0 17.67 14.33 32 32 32s32-14.33 32-32v-82.75c0-17.09-6.66-33.16-18.75-45.25l-46.82-46.82c.15-.5.49-.89.62-1.41l19.89-79.57 22.43 22.43c6 6 14.14 9.38 22.62 9.38h48v240c0 8.84 7.16 16 16 16h16c8.84 0 16-7.16 16-16V176c.01-8.84-7.15-16-15.99-16zM240 96c26.51 0 48-21.49 48-48S266.51 0 240 0s-48 21.49-48 48 21.49 48 48 48z\"><\/path><\/svg>\t\t\t<\/div>\n\t\t<\/div>\n\t\t\t\t\t\t<\/div>\n\t\t\t\t<div class=\"elementor-element elementor-element-ab_vt4 elementor-widget elementor-widget-heading\" data-id=\"ab_vt4\" data-element_type=\"widget\" data-e-type=\"widget\" data-widget_type=\"heading.default\">\n\t\t\t\t\t<h3 class=\"elementor-heading-title elementor-size-default\">Actividades<\/h3>\t\t\t\t<\/div>\n\t\t\t\t<div class=\"elementor-element elementor-element-ab_vp4 elementor-widget elementor-widget-text-editor\" data-id=\"ab_vp4\" data-element_type=\"widget\" data-e-type=\"widget\" data-widget_type=\"text-editor.default\">\n\t\t\t\t\t\t\t\t\t<p style=\"text-align:center;font-size:0.9rem;\">Esqu\u00ed, bicicleta de monta\u00f1a, senderismo, balnearios: todo el a\u00f1o<\/p>\t\t\t\t\t\t\t\t<\/div>\n\t\t\t\t<\/div>\n\t\t\t\t\t<\/div>\n\t\t\t\t<\/div>\n\t\t<div class=\"elementor-element elementor-element-ab_location e-flex e-con-boxed e-con e-parent\" data-id=\"ab_location\" data-element_type=\"container\" data-e-type=\"container\">\n\t\t\t\t\t<div class=\"e-con-inner\">\n\t\t<div class=\"elementor-element elementor-element-ab_ltxt e-con-full e-flex e-con e-child\" data-id=\"ab_ltxt\" data-element_type=\"container\" data-e-type=\"container\">\n\t\t\t\t<div class=\"elementor-element elementor-element-ab_h2b elementor-widget elementor-widget-heading\" data-id=\"ab_h2b\" data-element_type=\"widget\" data-e-type=\"widget\" data-widget_type=\"heading.default\">\n\t\t\t\t\t<h2 class=\"elementor-heading-title elementor-size-default\">La regi\u00f3n<\/h2>\t\t\t\t<\/div>\n\t\t\t\t<div class=\"elementor-element elementor-element-ab_p2 elementor-widget elementor-widget-text-editor\" data-id=\"ab_p2\" data-element_type=\"widget\" data-e-type=\"widget\" data-widget_type=\"text-editor.default\">\n\t\t\t\t\t\t\t\t\t<p>El valle de Luz-Saint-Sauveur es un lugar ideal para practicar deportes, tanto en verano como en invierno. A pocos minutos del hotel, las estaciones de Luz-Ardiden y Tourmalet ofrecen pistas para todos los niveles.<\/p><p>En verano, las rutas del Parque Nacional de los Pirineos te llevan al Circo de Gavarnie (Patrimonio Mundial de la UNESCO), al Puente de Espa\u00f1a y a los lagos de altura. Bicicleta de monta\u00f1a, parapente, barranquismo, termas de Luz... Las posibilidades son infinitas.<\/p>\t\t\t\t\t\t\t\t<\/div>\n\t\t\t\t<div class=\"elementor-element elementor-element-ab_btnc elementor-widget elementor-widget-button\" data-id=\"ab_btnc\" data-element_type=\"widget\" data-e-type=\"widget\" data-widget_type=\"button.default\">\n\t\t\t\t\t\t\t\t\t\t<a class=\"elementor-button elementor-button-link elementor-size-sm\" href=\"\/es\/contacto\/\">\n\t\t\t\t\t\t<span class=\"elementor-button-content-wrapper\">\n\t\t\t\t\t\t\t\t\t<span class=\"elementor-button-text\">Contactar<\/span>\n\t\t\t\t\t<\/span>\n\t\t\t\t\t<\/a>\n\t\t\t\t\t\t\t\t<\/div>\n\t\t\t\t<\/div>\n\t\t<div class=\"elementor-element elementor-element-ab_limg e-con-full e-flex e-con e-child\" data-id=\"ab_limg\" data-element_type=\"container\" data-e-type=\"container\">\n\t\t\t\t<\/div>\n\t\t\t\t\t<\/div>\n\t\t\t\t<\/div>\n\t\t\t\t<\/div>","protected":false},"excerpt":{"rendered":"<p>\u00c0 propos Un h\u00f4tel de charme au c\u0153ur des Pyr\u00e9n\u00e9es Notre histoire Nich\u00e9 dans le village d\u2019Esqui\u00e8ze-S\u00e8re, aux portes de Luz-Saint-Sauveur et du Parc National des Pyr\u00e9n\u00e9es, l\u2019H\u00f4tel Le Montaigu vous accueille dans un cadre chaleureux et authentique. Face au pic du Montaigu qui lui donne son nom, notre \u00e9tablissement allie le charme d\u2019une maison [&hellip;]<\/p>\n","protected":false},"author":1,"featured_media":0,"parent":0,"menu_order":0,"comment_status":"closed","ping_status":"closed","template":"elementor_header_footer","meta":{"_acf_changed":false,"footnotes":""},"class_list":["post-819","page","type-page","status-publish","hentry"],"acf":[],"yoast_head":"<!-- This site is optimized with the Yoast SEO plugin v27.4 - https:\/\/yoast.com\/product\/yoast-seo-wordpress\/ -->\n<title>\u00c0 propos \u2014 H\u00f4tel Le Montaigu, Luz-Saint-Sauveur<\/title>\n<meta name=\"description\" content=\"D\u00e9couvrez H\u00f4tel Le Montaigu, h\u00f4tel-restaurant familial au c\u0153ur des Pyr\u00e9n\u00e9es. Notre histoire, nos valeurs et notre engagement pour un s\u00e9jour authentique.\" \/>\n<meta name=\"robots\" content=\"index, follow, max-snippet:-1, max-image-preview:large, max-video-preview:-1\" \/>\n<link rel=\"canonical\" href=\"https:\/\/lemontaigu.com\/es\/nosotros\/\" \/>\n<meta property=\"og:locale\" content=\"es_ES\" \/>\n<meta property=\"og:type\" content=\"article\" \/>\n<meta property=\"og:title\" content=\"\u00c0 propos \u2014 H\u00f4tel Le Montaigu, Luz-Saint-Sauveur\" \/>\n<meta property=\"og:description\" content=\"D\u00e9couvrez H\u00f4tel Le Montaigu, h\u00f4tel-restaurant familial au c\u0153ur des Pyr\u00e9n\u00e9es. Notre histoire, nos valeurs et notre engagement pour un s\u00e9jour authentique.\" \/>\n<meta property=\"og:url\" content=\"https:\/\/lemontaigu.com\/es\/nosotros\/\" \/>\n<meta property=\"og:site_name\" content=\"Le Montaigu Hotel*** Restaurant Bar\" \/>\n<meta property=\"article:publisher\" content=\"https:\/\/www.facebook.com\/hotelmontaigu\" \/>\n<meta property=\"article:modified_time\" content=\"2026-04-28T21:01:29+00:00\" \/>\n<meta property=\"og:image\" content=\"https:\/\/lemontaigu.com\/wp-content\/uploads\/2026\/04\/hotel-terrace-night_1920x1280-1-e1777410073304.jpg\" \/>\n\t<meta property=\"og:image:width\" content=\"945\" \/>\n\t<meta property=\"og:image:height\" content=\"630\" \/>\n\t<meta property=\"og:image:type\" content=\"image\/jpeg\" \/>\n<meta name=\"twitter:card\" content=\"summary_large_image\" \/>\n<meta name=\"twitter:label1\" content=\"Tiempo de lectura\" \/>\n\t<meta name=\"twitter:data1\" content=\"1 minuto\" \/>\n<script type=\"application\/ld+json\" class=\"yoast-schema-graph\">{\"@context\":\"https:\\\/\\\/schema.org\",\"@graph\":[{\"@type\":\"WebPage\",\"@id\":\"https:\\\/\\\/lemontaigu.com\\\/a-propos\\\/\",\"url\":\"https:\\\/\\\/lemontaigu.com\\\/a-propos\\\/\",\"name\":\"\u00c0 propos \u2014 H\u00f4tel Le Montaigu, Luz-Saint-Sauveur\",\"isPartOf\":{\"@id\":\"https:\\\/\\\/lemontaigu.com\\\/#website\"},\"primaryImageOfPage\":{\"@id\":\"https:\\\/\\\/lemontaigu.com\\\/a-propos\\\/#primaryimage\"},\"image\":{\"@id\":\"https:\\\/\\\/lemontaigu.com\\\/a-propos\\\/#primaryimage\"},\"thumbnailUrl\":\"https:\\\/\\\/lemontaigu.com\\\/wp-content\\\/uploads\\\/2026\\\/03\\\/hotel-facade-day-1-1024x683.jpg\",\"datePublished\":\"2026-03-24T10:22:18+00:00\",\"dateModified\":\"2026-04-28T21:01:29+00:00\",\"description\":\"D\u00e9couvrez H\u00f4tel Le Montaigu, h\u00f4tel-restaurant familial au c\u0153ur des Pyr\u00e9n\u00e9es. Notre histoire, nos valeurs et notre engagement pour un s\u00e9jour authentique.\",\"breadcrumb\":{\"@id\":\"https:\\\/\\\/lemontaigu.com\\\/a-propos\\\/#breadcrumb\"},\"inLanguage\":\"es\",\"potentialAction\":[{\"@type\":\"ReadAction\",\"target\":[\"https:\\\/\\\/lemontaigu.com\\\/a-propos\\\/\"]}]},{\"@type\":\"ImageObject\",\"inLanguage\":\"es\",\"@id\":\"https:\\\/\\\/lemontaigu.com\\\/a-propos\\\/#primaryimage\",\"url\":\"https:\\\/\\\/lemontaigu.com\\\/wp-content\\\/uploads\\\/2026\\\/03\\\/hotel-facade-day-1-1024x683.jpg\",\"contentUrl\":\"https:\\\/\\\/lemontaigu.com\\\/wp-content\\\/uploads\\\/2026\\\/03\\\/hotel-facade-day-1-1024x683.jpg\"},{\"@type\":\"BreadcrumbList\",\"@id\":\"https:\\\/\\\/lemontaigu.com\\\/a-propos\\\/#breadcrumb\",\"itemListElement\":[{\"@type\":\"ListItem\",\"position\":1,\"name\":\"Home\",\"item\":\"https:\\\/\\\/lemontaigu.com\\\/\"},{\"@type\":\"ListItem\",\"position\":2,\"name\":\"\u00c0 propos\"}]},{\"@type\":\"WebSite\",\"@id\":\"https:\\\/\\\/lemontaigu.com\\\/#website\",\"url\":\"https:\\\/\\\/lemontaigu.com\\\/\",\"name\":\"Le Montaigu H\u00f4tel Restaurant Bar\",\"description\":\"\",\"publisher\":{\"@id\":\"https:\\\/\\\/lemontaigu.com\\\/#organization\"},\"potentialAction\":[{\"@type\":\"SearchAction\",\"target\":{\"@type\":\"EntryPoint\",\"urlTemplate\":\"https:\\\/\\\/lemontaigu.com\\\/?s={search_term_string}\"},\"query-input\":{\"@type\":\"PropertyValueSpecification\",\"valueRequired\":true,\"valueName\":\"search_term_string\"}}],\"inLanguage\":\"es\"},{\"@type\":\"Organization\",\"@id\":\"https:\\\/\\\/lemontaigu.com\\\/#organization\",\"name\":\"LE MONTAIGU HOTELS ET RESORTS\",\"url\":\"https:\\\/\\\/lemontaigu.com\\\/\",\"logo\":{\"@type\":\"ImageObject\",\"inLanguage\":\"es\",\"@id\":\"https:\\\/\\\/lemontaigu.com\\\/#\\\/schema\\\/logo\\\/image\\\/\",\"url\":\"https:\\\/\\\/lemontaigu.com\\\/wp-content\\\/uploads\\\/2026\\\/04\\\/logo-1.png\",\"contentUrl\":\"https:\\\/\\\/lemontaigu.com\\\/wp-content\\\/uploads\\\/2026\\\/04\\\/logo-1.png\",\"width\":398,\"height\":192,\"caption\":\"LE MONTAIGU HOTELS ET RESORTS\"},\"image\":{\"@id\":\"https:\\\/\\\/lemontaigu.com\\\/#\\\/schema\\\/logo\\\/image\\\/\"},\"sameAs\":[\"https:\\\/\\\/www.facebook.com\\\/hotelmontaigu\"]}]}<\/script>\n<!-- \/ Yoast SEO plugin. -->","yoast_head_json":{"title":"\u00c0 propos \u2014 H\u00f4tel Le Montaigu, Luz-Saint-Sauveur","description":"D\u00e9couvrez H\u00f4tel Le Montaigu, h\u00f4tel-restaurant familial au c\u0153ur des Pyr\u00e9n\u00e9es. Notre histoire, nos valeurs et notre engagement pour un s\u00e9jour authentique.","robots":{"index":"index","follow":"follow","max-snippet":"max-snippet:-1","max-image-preview":"max-image-preview:large","max-video-preview":"max-video-preview:-1"},"canonical":"https:\/\/lemontaigu.com\/es\/nosotros\/","og_locale":"es_ES","og_type":"article","og_title":"\u00c0 propos \u2014 H\u00f4tel Le Montaigu, Luz-Saint-Sauveur","og_description":"D\u00e9couvrez H\u00f4tel Le Montaigu, h\u00f4tel-restaurant familial au c\u0153ur des Pyr\u00e9n\u00e9es. Notre histoire, nos valeurs et notre engagement pour un s\u00e9jour authentique.","og_url":"https:\/\/lemontaigu.com\/es\/nosotros\/","og_site_name":"Le Montaigu Hotel*** Restaurant Bar","article_publisher":"https:\/\/www.facebook.com\/hotelmontaigu","article_modified_time":"2026-04-28T21:01:29+00:00","og_image":[{"width":945,"height":630,"url":"https:\/\/lemontaigu.com\/wp-content\/uploads\/2026\/04\/hotel-terrace-night_1920x1280-1-e1777410073304.jpg","type":"image\/jpeg"}],"twitter_card":"summary_large_image","twitter_misc":{"Tiempo de lectura":"1 minuto"},"schema":{"@context":"https:\/\/schema.org","@graph":[{"@type":"WebPage","@id":"https:\/\/lemontaigu.com\/a-propos\/","url":"https:\/\/lemontaigu.com\/a-propos\/","name":"\u00c0 propos \u2014 H\u00f4tel Le Montaigu, Luz-Saint-Sauveur","isPartOf":{"@id":"https:\/\/lemontaigu.com\/#website"},"primaryImageOfPage":{"@id":"https:\/\/lemontaigu.com\/a-propos\/#primaryimage"},"image":{"@id":"https:\/\/lemontaigu.com\/a-propos\/#primaryimage"},"thumbnailUrl":"https:\/\/lemontaigu.com\/wp-content\/uploads\/2026\/03\/hotel-facade-day-1-1024x683.jpg","datePublished":"2026-03-24T10:22:18+00:00","dateModified":"2026-04-28T21:01:29+00:00","description":"D\u00e9couvrez H\u00f4tel Le Montaigu, h\u00f4tel-restaurant familial au c\u0153ur des Pyr\u00e9n\u00e9es. Notre histoire, nos valeurs et notre engagement pour un s\u00e9jour authentique.","breadcrumb":{"@id":"https:\/\/lemontaigu.com\/a-propos\/#breadcrumb"},"inLanguage":"es","potentialAction":[{"@type":"ReadAction","target":["https:\/\/lemontaigu.com\/a-propos\/"]}]},{"@type":"ImageObject","inLanguage":"es","@id":"https:\/\/lemontaigu.com\/a-propos\/#primaryimage","url":"https:\/\/lemontaigu.com\/wp-content\/uploads\/2026\/03\/hotel-facade-day-1-1024x683.jpg","contentUrl":"https:\/\/lemontaigu.com\/wp-content\/uploads\/2026\/03\/hotel-facade-day-1-1024x683.jpg"},{"@type":"BreadcrumbList","@id":"https:\/\/lemontaigu.com\/a-propos\/#breadcrumb","itemListElement":[{"@type":"ListItem","position":1,"name":"Home","item":"https:\/\/lemontaigu.com\/"},{"@type":"ListItem","position":2,"name":"\u00c0 propos"}]},{"@type":"WebSite","@id":"https:\/\/lemontaigu.com\/#website","url":"https:\/\/lemontaigu.com\/","name":"Le Montaigu H\u00f4tel Restaurant Bar","description":"","publisher":{"@id":"https:\/\/lemontaigu.com\/#organization"},"potentialAction":[{"@type":"SearchAction","target":{"@type":"EntryPoint","urlTemplate":"https:\/\/lemontaigu.com\/?s={search_term_string}"},"query-input":{"@type":"PropertyValueSpecification","valueRequired":true,"valueName":"search_term_string"}}],"inLanguage":"es"},{"@type":"Organization","@id":"https:\/\/lemontaigu.com\/#organization","name":"LE MONTAIGU HOTELS ET RESORTS","url":"https:\/\/lemontaigu.com\/","logo":{"@type":"ImageObject","inLanguage":"es","@id":"https:\/\/lemontaigu.com\/#\/schema\/logo\/image\/","url":"https:\/\/lemontaigu.com\/wp-content\/uploads\/2026\/04\/logo-1.png","contentUrl":"https:\/\/lemontaigu.com\/wp-content\/uploads\/2026\/04\/logo-1.png","width":398,"height":192,"caption":"LE MONTAIGU HOTELS ET RESORTS"},"image":{"@id":"https:\/\/lemontaigu.com\/#\/schema\/logo\/image\/"},"sameAs":["https:\/\/www.facebook.com\/hotelmontaigu"]}]}},"_links":{"self":[{"href":"https:\/\/lemontaigu.com\/es\/wp-json\/wp\/v2\/pages\/819","targetHints":{"allow":["GET"]}}],"collection":[{"href":"https:\/\/lemontaigu.com\/es\/wp-json\/wp\/v2\/pages"}],"about":[{"href":"https:\/\/lemontaigu.com\/es\/wp-json\/wp\/v2\/types\/page"}],"author":[{"embeddable":true,"href":"https:\/\/lemontaigu.com\/es\/wp-json\/wp\/v2\/users\/1"}],"replies":[{"embeddable":true,"href":"https:\/\/lemontaigu.com\/es\/wp-json\/wp\/v2\/comments?post=819"}],"version-history":[{"count":0,"href":"https:\/\/lemontaigu.com\/es\/wp-json\/wp\/v2\/pages\/819\/revisions"}],"wp:attachment":[{"href":"https:\/\/lemontaigu.com\/es\/wp-json\/wp\/v2\/media?parent=819"}],"curies":[{"name":"wp","href":"https:\/\/api.w.org\/{rel}","templated":true}]}}