{"id":816,"date":"2026-03-24T10:22:14","date_gmt":"2026-03-24T10:22:14","guid":{"rendered":"https:\/\/lemontaigu.com\/restaurant\/"},"modified":"2026-04-29T05:59:45","modified_gmt":"2026-04-29T05:59:45","slug":"restaurante","status":"publish","type":"page","link":"https:\/\/lemontaigu.com\/es\/restaurant\/","title":{"rendered":"Restaurante"},"content":{"rendered":"<div data-elementor-type=\"wp-page\" data-elementor-id=\"816\" class=\"elementor elementor-816\" data-elementor-post-type=\"page\">\n\t\t\t\t<div class=\"elementor-element elementor-element-rst_hero e-con-full page-hero e-flex e-con e-parent\" data-id=\"rst_hero\" data-element_type=\"container\" data-e-type=\"container\" data-settings=\"{&quot;background_background&quot;:&quot;classic&quot;}\">\n\t\t\t\t<div class=\"elementor-element elementor-element-rst_h1 elementor-widget elementor-widget-heading\" data-id=\"rst_h1\" data-element_type=\"widget\" data-e-type=\"widget\" data-widget_type=\"heading.default\">\n\t\t\t\t\t<h1 class=\"elementor-heading-title elementor-size-default\">Nuestro Restaurante<\/h1>\t\t\t\t<\/div>\n\t\t\t\t<div class=\"elementor-element elementor-element-rst_tag elementor-widget elementor-widget-heading\" data-id=\"rst_tag\" data-element_type=\"widget\" data-e-type=\"widget\" data-widget_type=\"heading.default\">\n\t\t\t\t\t<p class=\"elementor-heading-title elementor-size-default\">Cocina tradicional de los Pirineos, con productos frescos y de temporada<\/p>\t\t\t\t<\/div>\n\t\t\t\t<\/div>\n\t\t<div class=\"elementor-element elementor-element-rst_story e-flex e-con-boxed e-con e-parent\" data-id=\"rst_story\" data-element_type=\"container\" data-e-type=\"container\">\n\t\t\t\t\t<div class=\"e-con-inner\">\n\t\t<div class=\"elementor-element elementor-element-rst_img1 e-con-full e-flex e-con e-child\" data-id=\"rst_img1\" data-element_type=\"container\" data-e-type=\"container\">\n\t\t\t\t<div class=\"elementor-element elementor-element-rst_photo elementor-widget elementor-widget-image\" data-id=\"rst_photo\" data-element_type=\"widget\" data-e-type=\"widget\" data-widget_type=\"image.default\">\n\t\t\t\t\t\t\t\t\t\t\t\t\t\t\t<img fetchpriority=\"high\" decoding=\"async\" width=\"683\" height=\"1024\" src=\"https:\/\/lemontaigu.com\/wp-content\/uploads\/2026\/03\/restaurant-homemade-cuisine-683x1024.jpg\" class=\"attachment-large size-large wp-image-72\" alt=\"Cuisine maison du restaurant Le Montaigu\" srcset=\"https:\/\/lemontaigu.com\/wp-content\/uploads\/2026\/03\/restaurant-homemade-cuisine-683x1024.jpg 683w, https:\/\/lemontaigu.com\/wp-content\/uploads\/2026\/03\/restaurant-homemade-cuisine-200x300.jpg 200w, https:\/\/lemontaigu.com\/wp-content\/uploads\/2026\/03\/restaurant-homemade-cuisine-768x1152.jpg 768w, https:\/\/lemontaigu.com\/wp-content\/uploads\/2026\/03\/restaurant-homemade-cuisine-133x200.jpg 133w, https:\/\/lemontaigu.com\/wp-content\/uploads\/2026\/03\/restaurant-homemade-cuisine-1024x1536.jpg 1024w, https:\/\/lemontaigu.com\/wp-content\/uploads\/2026\/03\/restaurant-homemade-cuisine-scaled.jpg 1366w, https:\/\/lemontaigu.com\/wp-content\/uploads\/2026\/03\/restaurant-homemade-cuisine-8x12.jpg 8w\" sizes=\"(max-width: 683px) 100vw, 683px\" \/>\t\t\t\t\t\t\t\t\t\t\t\t\t\t\t<\/div>\n\t\t\t\t<\/div>\n\t\t<div class=\"elementor-element elementor-element-rst_txt1 e-con-full e-flex e-con e-child\" data-id=\"rst_txt1\" data-element_type=\"container\" data-e-type=\"container\">\n\t\t\t\t<div class=\"elementor-element elementor-element-rst_h2a elementor-widget elementor-widget-heading\" data-id=\"rst_h2a\" data-element_type=\"widget\" data-e-type=\"widget\" data-widget_type=\"heading.default\">\n\t\t\t\t\t<h2 class=\"elementor-heading-title elementor-size-default\">Una cocina aut\u00e9ntica<\/h2>\t\t\t\t<\/div>\n\t\t\t\t<div class=\"elementor-element elementor-element-rst_p1 elementor-widget elementor-widget-text-editor\" data-id=\"rst_p1\" data-element_type=\"widget\" data-e-type=\"widget\" data-widget_type=\"text-editor.default\">\n\t\t\t\t\t\t\t\t\t<p>En el coraz\u00f3n del Hotel Le Montaigu, nuestro restaurante le invita a descubrir los sabores de la tierra de los Pirineos. Cada plato se elabora con productos frescos y locales, seleccionados entre los productores del valle.<\/p><p>Desde la tradicional sopa de col hasta el confitado de pato, pasando por la trucha de los arroyos, nuestra carta rinde homenaje a lo mejor de los Altos Pirineos. El men\u00fa cambia con el paso de las estaciones para ofrecerle siempre los productos m\u00e1s frescos.<\/p>\t\t\t\t\t\t\t\t<\/div>\n\t\t\t\t<div class=\"elementor-element elementor-element-rst_btna elementor-widget elementor-widget-button\" data-id=\"rst_btna\" data-element_type=\"widget\" data-e-type=\"widget\" data-widget_type=\"button.default\">\n\t\t\t\t\t\t\t\t\t\t<a class=\"elementor-button elementor-button-link elementor-size-sm\" href=\"\/es\/menu\/\">\n\t\t\t\t\t\t<span class=\"elementor-button-content-wrapper\">\n\t\t\t\t\t\t\t\t\t<span class=\"elementor-button-text\">Ver la carta<\/span>\n\t\t\t\t\t<\/span>\n\t\t\t\t\t<\/a>\n\t\t\t\t\t\t\t\t<\/div>\n\t\t\t\t<\/div>\n\t\t\t\t\t<\/div>\n\t\t\t\t<\/div>\n\t\t<div class=\"elementor-element elementor-element-rst_features e-flex e-con-boxed e-con e-parent\" data-id=\"rst_features\" data-element_type=\"container\" data-e-type=\"container\" data-settings=\"{&quot;background_background&quot;:&quot;classic&quot;}\">\n\t\t\t\t\t<div class=\"e-con-inner\">\n\t\t<div class=\"elementor-element elementor-element-rst_f1 e-con-full e-flex e-con e-child\" data-id=\"rst_f1\" data-element_type=\"container\" data-e-type=\"container\">\n\t\t\t\t<div class=\"elementor-element elementor-element-rst_fi1 elementor-view-default elementor-widget elementor-widget-icon\" data-id=\"rst_fi1\" data-element_type=\"widget\" data-e-type=\"widget\" data-widget_type=\"icon.default\">\n\t\t\t\t\t\t\t<div class=\"elementor-icon-wrapper\">\n\t\t\t<div class=\"elementor-icon\">\n\t\t\t<svg aria-hidden=\"true\" class=\"e-font-icon-svg e-fas-leaf\" viewbox=\"0 0 576 512\" xmlns=\"http:\/\/www.w3.org\/2000\/svg\"><path d=\"M546.2 9.7c-5.6-12.5-21.6-13-28.3-1.2C486.9 62.4 431.4 96 368 96h-80C182 96 96 182 96 288c0 7 .8 13.7 1.5 20.5C161.3 262.8 253.4 224 384 224c8.8 0 16 7.2 16 16s-7.2 16-16 16C132.6 256 26 410.1 2.4 468c-6.6 16.3 1.2 34.9 17.5 41.6 16.4 6.8 35-1.1 41.8-17.3 1.5-3.6 20.9-47.9 71.9-90.6 32.4 43.9 94 85.8 174.9 77.2C465.5 467.5 576 326.7 576 154.3c0-50.2-10.8-102.2-29.8-144.6z\"><\/path><\/svg>\t\t\t<\/div>\n\t\t<\/div>\n\t\t\t\t\t\t<\/div>\n\t\t\t\t<div class=\"elementor-element elementor-element-rst_ft1 elementor-widget elementor-widget-heading\" data-id=\"rst_ft1\" data-element_type=\"widget\" data-e-type=\"widget\" data-widget_type=\"heading.default\">\n\t\t\t\t\t<h3 class=\"elementor-heading-title elementor-size-default\">Productos locales<\/h3>\t\t\t\t<\/div>\n\t\t\t\t<div class=\"elementor-element elementor-element-rst_fp1 elementor-widget elementor-widget-text-editor\" data-id=\"rst_fp1\" data-element_type=\"widget\" data-e-type=\"widget\" data-widget_type=\"text-editor.default\">\n\t\t\t\t\t\t\t\t\t<p style=\"text-align:center;font-size:0.9rem;\">Carnes, quesos y verduras procedentes de las granjas del valle de los Gaves.<\/p>\t\t\t\t\t\t\t\t<\/div>\n\t\t\t\t<\/div>\n\t\t<div class=\"elementor-element elementor-element-rst_f2 e-con-full e-flex e-con e-child\" data-id=\"rst_f2\" data-element_type=\"container\" data-e-type=\"container\">\n\t\t\t\t<div class=\"elementor-element elementor-element-rst_fi2 elementor-view-default elementor-widget elementor-widget-icon\" data-id=\"rst_fi2\" data-element_type=\"widget\" data-e-type=\"widget\" data-widget_type=\"icon.default\">\n\t\t\t\t\t\t\t<div class=\"elementor-icon-wrapper\">\n\t\t\t<div class=\"elementor-icon\">\n\t\t\t<svg aria-hidden=\"true\" class=\"e-font-icon-svg e-fas-utensils\" viewbox=\"0 0 416 512\" xmlns=\"http:\/\/www.w3.org\/2000\/svg\"><path d=\"M207.9 15.2c.8 4.7 16.1 94.5 16.1 128.8 0 52.3-27.8 89.6-68.9 104.6L168 486.7c.7 13.7-10.2 25.3-24 25.3H80c-13.7 0-24.7-11.5-24-25.3l12.9-238.1C27.7 233.6 0 196.2 0 144 0 109.6 15.3 19.9 16.1 15.2 19.3-5.1 61.4-5.4 64 16.3v141.2c1.3 3.4 15.1 3.2 16 0 1.4-25.3 7.9-139.2 8-141.8 3.3-20.8 44.7-20.8 47.9 0 .2 2.7 6.6 116.5 8 141.8.9 3.2 14.8 3.4 16 0V16.3c2.6-21.6 44.8-21.4 48-1.1zm119.2 285.7l-15 185.1c-1.2 14 9.9 26 23.9 26h56c13.3 0 24-10.7 24-24V24c0-13.2-10.7-24-24-24-82.5 0-221.4 178.5-64.9 300.9z\"><\/path><\/svg>\t\t\t<\/div>\n\t\t<\/div>\n\t\t\t\t\t\t<\/div>\n\t\t\t\t<div class=\"elementor-element elementor-element-rst_ft2 elementor-widget elementor-widget-heading\" data-id=\"rst_ft2\" data-element_type=\"widget\" data-e-type=\"widget\" data-widget_type=\"heading.default\">\n\t\t\t\t\t<h3 class=\"elementor-heading-title elementor-size-default\">Men\u00fa del D\u00eda<\/h3>\t\t\t\t<\/div>\n\t\t\t\t<div class=\"elementor-element elementor-element-rst_fp2 elementor-widget elementor-widget-text-editor\" data-id=\"rst_fp2\" data-element_type=\"widget\" data-e-type=\"widget\" data-widget_type=\"text-editor.default\">\n\t\t\t\t\t\t\t\t\t<p style=\"text-align:center;font-size:0.9rem;\">Cada d\u00eda, nuestro chef elabora un men\u00fa con productos frescos seleccionados del mercado.<\/p>\t\t\t\t\t\t\t\t<\/div>\n\t\t\t\t<\/div>\n\t\t<div class=\"elementor-element elementor-element-rst_f3 e-con-full e-flex e-con e-child\" data-id=\"rst_f3\" data-element_type=\"container\" data-e-type=\"container\">\n\t\t\t\t<div class=\"elementor-element elementor-element-rst_fi3 elementor-view-default elementor-widget elementor-widget-icon\" data-id=\"rst_fi3\" data-element_type=\"widget\" data-e-type=\"widget\" data-widget_type=\"icon.default\">\n\t\t\t\t\t\t\t<div class=\"elementor-icon-wrapper\">\n\t\t\t<div class=\"elementor-icon\">\n\t\t\t<svg aria-hidden=\"true\" class=\"e-font-icon-svg e-fas-wine-glass-alt\" viewbox=\"0 0 288 512\" xmlns=\"http:\/\/www.w3.org\/2000\/svg\"><path d=\"M216 464h-40V346.81c68.47-15.89 118.05-79.91 111.4-154.16l-15.95-178.1C270.71 6.31 263.9 0 255.74 0H32.26c-8.15 0-14.97 6.31-15.7 14.55L.6 192.66C-6.05 266.91 43.53 330.93 112 346.82V464H72c-22.09 0-40 17.91-40 40 0 4.42 3.58 8 8 8h208c4.42 0 8-3.58 8-8 0-22.09-17.91-40-40-40zM61.75 48h164.5l7.17 80H54.58l7.17-80z\"><\/path><\/svg>\t\t\t<\/div>\n\t\t<\/div>\n\t\t\t\t\t\t<\/div>\n\t\t\t\t<div class=\"elementor-element elementor-element-rst_ft3 elementor-widget elementor-widget-heading\" data-id=\"rst_ft3\" data-element_type=\"widget\" data-e-type=\"widget\" data-widget_type=\"heading.default\">\n\t\t\t\t\t<h3 class=\"elementor-heading-title elementor-size-default\">Vinos regionales<\/h3>\t\t\t\t<\/div>\n\t\t\t\t<div class=\"elementor-element elementor-element-rst_fp3 elementor-widget elementor-widget-text-editor\" data-id=\"rst_fp3\" data-element_type=\"widget\" data-e-type=\"widget\" data-widget_type=\"text-editor.default\">\n\t\t\t\t\t\t\t\t\t<p style=\"text-align:center;font-size:0.9rem;\">Selecci\u00f3n de vinos del suroeste, Madiran, Juran\u00e7on y cervezas artesanales locales.<\/p>\t\t\t\t\t\t\t\t<\/div>\n\t\t\t\t<\/div>\n\t\t\t\t\t<\/div>\n\t\t\t\t<\/div>\n\t\t<div class=\"elementor-element elementor-element-rst_hours e-flex e-con-boxed e-con e-parent\" data-id=\"rst_hours\" data-element_type=\"container\" data-e-type=\"container\">\n\t\t\t\t\t<div class=\"e-con-inner\">\n\t\t<div class=\"elementor-element elementor-element-rst_htxt e-con-full e-flex e-con e-child\" data-id=\"rst_htxt\" data-element_type=\"container\" data-e-type=\"container\">\n\t\t\t\t<div class=\"elementor-element elementor-element-rst_h2b elementor-widget elementor-widget-heading\" data-id=\"rst_h2b\" data-element_type=\"widget\" data-e-type=\"widget\" data-widget_type=\"heading.default\">\n\t\t\t\t\t<h2 class=\"elementor-heading-title elementor-size-default\">Horarios e informaci\u00f3n<\/h2>\t\t\t\t<\/div>\n\t\t\t\t<div class=\"elementor-element elementor-element-rst_hrs elementor-widget elementor-widget-text-editor\" data-id=\"rst_hrs\" data-element_type=\"widget\" data-e-type=\"widget\" data-widget_type=\"text-editor.default\">\n\t\t\t\t\t\t\t\t\t<table style=\"width:100%;border-collapse:collapse;\">\n<tbody>\n<tr>\n<td style=\"padding:8px 0;font-weight:600;\">Cena<\/td>\n<td style=\"padding:8px 0;\">19h30 \u2013 21h00<\/td>\n<\/tr>\n<\/tbody>\n<\/table>\n<p style=\"margin-top:16px;font-size:0.9rem;color:#666;\">El restaurante abre todos los d\u00edas, solo con reserva previa.<\/p>\t\t\t\t\t\t\t\t<\/div>\n\t\t\t\t<div class=\"elementor-element elementor-element-rst_btnb elementor-widget elementor-widget-button\" data-id=\"rst_btnb\" data-element_type=\"widget\" data-e-type=\"widget\" data-widget_type=\"button.default\">\n\t\t\t\t\t\t\t\t\t\t<a class=\"elementor-button elementor-button-link elementor-size-sm\" href=\"\/es\/reservations\/\">\n\t\t\t\t\t\t<span class=\"elementor-button-content-wrapper\">\n\t\t\t\t\t\t\t\t\t<span class=\"elementor-button-text\">Reservar mesa<\/span>\n\t\t\t\t\t<\/span>\n\t\t\t\t\t<\/a>\n\t\t\t\t\t\t\t\t<\/div>\n\t\t\t\t<\/div>\n\t\t<div class=\"elementor-element elementor-element-rst_himg e-con-full e-flex e-con e-child\" data-id=\"rst_himg\" data-element_type=\"container\" data-e-type=\"container\">\n\t\t\t\t<div class=\"elementor-element elementor-element-rst_ph2 elementor-widget elementor-widget-image\" data-id=\"rst_ph2\" data-element_type=\"widget\" data-e-type=\"widget\" data-widget_type=\"image.default\">\n\t\t\t\t\t\t\t\t\t\t\t\t\t\t\t<img decoding=\"async\" width=\"683\" height=\"1024\" data-src=\"https:\/\/lemontaigu.com\/wp-content\/uploads\/2026\/03\/restaurant-bread-pastries-683x1024.jpg\" class=\"attachment-large size-large wp-image-834 lazyload\" alt=\"\" data-srcset=\"https:\/\/lemontaigu.com\/wp-content\/uploads\/2026\/03\/restaurant-bread-pastries-683x1024.jpg 683w, https:\/\/lemontaigu.com\/wp-content\/uploads\/2026\/03\/restaurant-bread-pastries-200x300.jpg 200w, https:\/\/lemontaigu.com\/wp-content\/uploads\/2026\/03\/restaurant-bread-pastries-768x1152.jpg 768w, https:\/\/lemontaigu.com\/wp-content\/uploads\/2026\/03\/restaurant-bread-pastries-133x200.jpg 133w, https:\/\/lemontaigu.com\/wp-content\/uploads\/2026\/03\/restaurant-bread-pastries-1024x1536.jpg 1024w, https:\/\/lemontaigu.com\/wp-content\/uploads\/2026\/03\/restaurant-bread-pastries.jpg 1366w, https:\/\/lemontaigu.com\/wp-content\/uploads\/2026\/03\/restaurant-bread-pastries-8x12.jpg 8w\" data-sizes=\"auto\" src=\"data:image\/svg+xml;base64,PHN2ZyB3aWR0aD0iMSIgaGVpZ2h0PSIxIiB4bWxucz0iaHR0cDovL3d3dy53My5vcmcvMjAwMC9zdmciPjwvc3ZnPg==\" style=\"--smush-placeholder-width: 683px; --smush-placeholder-aspect-ratio: 683\/1024;\" data-original-sizes=\"(max-width: 683px) 100vw, 683px\" \/>\t\t\t\t\t\t\t\t\t\t\t\t\t\t\t<\/div>\n\t\t\t\t<\/div>\n\t\t\t\t\t<\/div>\n\t\t\t\t<\/div>\n\t\t<div class=\"elementor-element elementor-element-rst_cta e-con-full e-flex e-con e-parent\" data-id=\"rst_cta\" data-element_type=\"container\" data-e-type=\"container\" data-settings=\"{&quot;background_background&quot;:&quot;classic&quot;}\">\n\t\t\t\t<div class=\"elementor-element elementor-element-rst_ctah elementor-widget elementor-widget-heading\" data-id=\"rst_ctah\" data-element_type=\"widget\" data-e-type=\"widget\" data-widget_type=\"heading.default\">\n\t\t\t\t\t<h2 class=\"elementor-heading-title elementor-size-default\">\u00bfTe apetece descubrir nuestra cocina?<\/h2>\t\t\t\t<\/div>\n\t\t<div class=\"elementor-element elementor-element-rst_ctab e-flex e-con-boxed e-con e-child\" data-id=\"rst_ctab\" data-element_type=\"container\" data-e-type=\"container\">\n\t\t\t\t\t<div class=\"e-con-inner\">\n\t\t\t\t<div class=\"elementor-element elementor-element-rst_cb1 elementor-widget elementor-widget-button\" data-id=\"rst_cb1\" data-element_type=\"widget\" data-e-type=\"widget\" data-widget_type=\"button.default\">\n\t\t\t\t\t\t\t\t\t\t<a class=\"elementor-button elementor-button-link elementor-size-sm\" href=\"\/es\/menu\/\">\n\t\t\t\t\t\t<span class=\"elementor-button-content-wrapper\">\n\t\t\t\t\t\t\t\t\t<span class=\"elementor-button-text\">Ver la carta<\/span>\n\t\t\t\t\t<\/span>\n\t\t\t\t\t<\/a>\n\t\t\t\t\t\t\t\t<\/div>\n\t\t\t\t<div class=\"elementor-element elementor-element-rst_cb2 elementor-widget elementor-widget-button\" data-id=\"rst_cb2\" data-element_type=\"widget\" data-e-type=\"widget\" data-widget_type=\"button.default\">\n\t\t\t\t\t\t\t\t\t\t<a class=\"elementor-button elementor-button-link elementor-size-sm\" href=\"\/es\/reservations\/\">\n\t\t\t\t\t\t<span class=\"elementor-button-content-wrapper\">\n\t\t\t\t\t\t\t\t\t<span class=\"elementor-button-text\">Reservar mesa<\/span>\n\t\t\t\t\t<\/span>\n\t\t\t\t\t<\/a>\n\t\t\t\t\t\t\t\t<\/div>\n\t\t\t\t\t<\/div>\n\t\t\t\t<\/div>\n\t\t\t\t<\/div>\n\t\t\t\t<\/div>","protected":false},"excerpt":{"rendered":"<p>Notre Restaurant Cuisine du terroir pyr\u00e9n\u00e9en, produits frais et de saison Une cuisine authentique Au c\u0153ur de l\u2019H\u00f4tel Le Montaigu, notre restaurant vous invite \u00e0 d\u00e9couvrir les saveurs du terroir pyr\u00e9n\u00e9en. Chaque plat est pr\u00e9par\u00e9 avec des produits frais et locaux, s\u00e9lectionn\u00e9s aupr\u00e8s des producteurs de la vall\u00e9e. De la garbure traditionnelle au confit de [&hellip;]<\/p>\n","protected":false},"author":0,"featured_media":0,"parent":0,"menu_order":0,"comment_status":"closed","ping_status":"closed","template":"elementor_header_footer","meta":{"_acf_changed":false,"footnotes":""},"class_list":["post-816","page","type-page","status-publish","hentry"],"acf":[],"yoast_head":"<!-- This site is optimized with the Yoast SEO plugin v27.4 - https:\/\/yoast.com\/product\/yoast-seo-wordpress\/ -->\n<title>Restaurant Le Montaigu \u2014 Cuisine pyr\u00e9n\u00e9enne \u00e0 Luz-Saint-Sauveur<\/title>\n<meta name=\"description\" content=\"Restaurant gastronomique \u00e0 Luz-Saint-Sauveur. Menu du jour, carte et formule. Cuisine locale et produits frais des Pyr\u00e9n\u00e9es. D\u00eener servi de 19h30 \u00e0 21h.\" \/>\n<meta name=\"robots\" content=\"index, follow, max-snippet:-1, max-image-preview:large, max-video-preview:-1\" \/>\n<link rel=\"canonical\" href=\"https:\/\/lemontaigu.com\/es\/restaurante\/\" \/>\n<meta property=\"og:locale\" content=\"es_ES\" \/>\n<meta property=\"og:type\" content=\"article\" \/>\n<meta property=\"og:title\" content=\"Restaurant Le Montaigu \u2014 Cuisine pyr\u00e9n\u00e9enne \u00e0 Luz-Saint-Sauveur\" \/>\n<meta property=\"og:description\" content=\"Restaurant gastronomique \u00e0 Luz-Saint-Sauveur. Menu du jour, carte et formule. Cuisine locale et produits frais des Pyr\u00e9n\u00e9es. D\u00eener servi de 19h30 \u00e0 21h.\" \/>\n<meta property=\"og:url\" content=\"https:\/\/lemontaigu.com\/es\/restaurante\/\" \/>\n<meta property=\"og:site_name\" content=\"Le Montaigu Hotel*** Restaurant Bar\" \/>\n<meta property=\"article:publisher\" content=\"https:\/\/www.facebook.com\/hotelmontaigu\" \/>\n<meta property=\"article:modified_time\" content=\"2026-04-29T05:59:45+00:00\" \/>\n<meta property=\"og:image\" content=\"https:\/\/lemontaigu.com\/wp-content\/uploads\/2026\/04\/restaurant-dining-room_1920x1080-1-e1777409749806.jpeg\" \/>\n\t<meta property=\"og:image:width\" content=\"1120\" \/>\n\t<meta property=\"og:image:height\" content=\"630\" \/>\n\t<meta property=\"og:image:type\" content=\"image\/jpeg\" \/>\n<meta name=\"twitter:card\" content=\"summary_large_image\" \/>\n<meta name=\"twitter:label1\" content=\"Tiempo de lectura\" \/>\n\t<meta name=\"twitter:data1\" content=\"1 minuto\" \/>\n<script type=\"application\/ld+json\" class=\"yoast-schema-graph\">{\"@context\":\"https:\\\/\\\/schema.org\",\"@graph\":[{\"@type\":\"WebPage\",\"@id\":\"https:\\\/\\\/lemontaigu.com\\\/restaurant\\\/\",\"url\":\"https:\\\/\\\/lemontaigu.com\\\/restaurant\\\/\",\"name\":\"Restaurant Le Montaigu \u2014 Cuisine pyr\u00e9n\u00e9enne \u00e0 Luz-Saint-Sauveur\",\"isPartOf\":{\"@id\":\"https:\\\/\\\/lemontaigu.com\\\/#website\"},\"primaryImageOfPage\":{\"@id\":\"https:\\\/\\\/lemontaigu.com\\\/restaurant\\\/#primaryimage\"},\"image\":{\"@id\":\"https:\\\/\\\/lemontaigu.com\\\/restaurant\\\/#primaryimage\"},\"thumbnailUrl\":\"https:\\\/\\\/lemontaigu.com\\\/wp-content\\\/uploads\\\/2026\\\/03\\\/restaurant-homemade-cuisine-683x1024.jpg\",\"datePublished\":\"2026-03-24T10:22:14+00:00\",\"dateModified\":\"2026-04-29T05:59:45+00:00\",\"description\":\"Restaurant gastronomique \u00e0 Luz-Saint-Sauveur. Menu du jour, carte et formule. Cuisine locale et produits frais des Pyr\u00e9n\u00e9es. D\u00eener servi de 19h30 \u00e0 21h.\",\"breadcrumb\":{\"@id\":\"https:\\\/\\\/lemontaigu.com\\\/restaurant\\\/#breadcrumb\"},\"inLanguage\":\"es\",\"potentialAction\":[{\"@type\":\"ReadAction\",\"target\":[\"https:\\\/\\\/lemontaigu.com\\\/restaurant\\\/\"]}]},{\"@type\":\"ImageObject\",\"inLanguage\":\"es\",\"@id\":\"https:\\\/\\\/lemontaigu.com\\\/restaurant\\\/#primaryimage\",\"url\":\"https:\\\/\\\/lemontaigu.com\\\/wp-content\\\/uploads\\\/2026\\\/03\\\/restaurant-homemade-cuisine-683x1024.jpg\",\"contentUrl\":\"https:\\\/\\\/lemontaigu.com\\\/wp-content\\\/uploads\\\/2026\\\/03\\\/restaurant-homemade-cuisine-683x1024.jpg\"},{\"@type\":\"BreadcrumbList\",\"@id\":\"https:\\\/\\\/lemontaigu.com\\\/restaurant\\\/#breadcrumb\",\"itemListElement\":[{\"@type\":\"ListItem\",\"position\":1,\"name\":\"Home\",\"item\":\"https:\\\/\\\/lemontaigu.com\\\/\"},{\"@type\":\"ListItem\",\"position\":2,\"name\":\"Restaurant\"}]},{\"@type\":\"WebSite\",\"@id\":\"https:\\\/\\\/lemontaigu.com\\\/#website\",\"url\":\"https:\\\/\\\/lemontaigu.com\\\/\",\"name\":\"Le Montaigu H\u00f4tel Restaurant Bar\",\"description\":\"\",\"publisher\":{\"@id\":\"https:\\\/\\\/lemontaigu.com\\\/#organization\"},\"potentialAction\":[{\"@type\":\"SearchAction\",\"target\":{\"@type\":\"EntryPoint\",\"urlTemplate\":\"https:\\\/\\\/lemontaigu.com\\\/?s={search_term_string}\"},\"query-input\":{\"@type\":\"PropertyValueSpecification\",\"valueRequired\":true,\"valueName\":\"search_term_string\"}}],\"inLanguage\":\"es\"},{\"@type\":\"Organization\",\"@id\":\"https:\\\/\\\/lemontaigu.com\\\/#organization\",\"name\":\"LE MONTAIGU HOTELS ET RESORTS\",\"url\":\"https:\\\/\\\/lemontaigu.com\\\/\",\"logo\":{\"@type\":\"ImageObject\",\"inLanguage\":\"es\",\"@id\":\"https:\\\/\\\/lemontaigu.com\\\/#\\\/schema\\\/logo\\\/image\\\/\",\"url\":\"https:\\\/\\\/lemontaigu.com\\\/wp-content\\\/uploads\\\/2026\\\/04\\\/logo-1.png\",\"contentUrl\":\"https:\\\/\\\/lemontaigu.com\\\/wp-content\\\/uploads\\\/2026\\\/04\\\/logo-1.png\",\"width\":398,\"height\":192,\"caption\":\"LE MONTAIGU HOTELS ET RESORTS\"},\"image\":{\"@id\":\"https:\\\/\\\/lemontaigu.com\\\/#\\\/schema\\\/logo\\\/image\\\/\"},\"sameAs\":[\"https:\\\/\\\/www.facebook.com\\\/hotelmontaigu\"]}]}<\/script>\n<!-- \/ Yoast SEO plugin. -->","yoast_head_json":{"title":"Restaurant Le Montaigu \u2014 Cuisine pyr\u00e9n\u00e9enne \u00e0 Luz-Saint-Sauveur","description":"Restaurant gastronomique \u00e0 Luz-Saint-Sauveur. Menu du jour, carte et formule. Cuisine locale et produits frais des Pyr\u00e9n\u00e9es. D\u00eener servi de 19h30 \u00e0 21h.","robots":{"index":"index","follow":"follow","max-snippet":"max-snippet:-1","max-image-preview":"max-image-preview:large","max-video-preview":"max-video-preview:-1"},"canonical":"https:\/\/lemontaigu.com\/es\/restaurante\/","og_locale":"es_ES","og_type":"article","og_title":"Restaurant Le Montaigu \u2014 Cuisine pyr\u00e9n\u00e9enne \u00e0 Luz-Saint-Sauveur","og_description":"Restaurant gastronomique \u00e0 Luz-Saint-Sauveur. Menu du jour, carte et formule. Cuisine locale et produits frais des Pyr\u00e9n\u00e9es. D\u00eener servi de 19h30 \u00e0 21h.","og_url":"https:\/\/lemontaigu.com\/es\/restaurante\/","og_site_name":"Le Montaigu Hotel*** Restaurant Bar","article_publisher":"https:\/\/www.facebook.com\/hotelmontaigu","article_modified_time":"2026-04-29T05:59:45+00:00","og_image":[{"width":1120,"height":630,"url":"https:\/\/lemontaigu.com\/wp-content\/uploads\/2026\/04\/restaurant-dining-room_1920x1080-1-e1777409749806.jpeg","type":"image\/jpeg"}],"twitter_card":"summary_large_image","twitter_misc":{"Tiempo de lectura":"1 minuto"},"schema":{"@context":"https:\/\/schema.org","@graph":[{"@type":"WebPage","@id":"https:\/\/lemontaigu.com\/restaurant\/","url":"https:\/\/lemontaigu.com\/restaurant\/","name":"Restaurant Le Montaigu \u2014 Cuisine pyr\u00e9n\u00e9enne \u00e0 Luz-Saint-Sauveur","isPartOf":{"@id":"https:\/\/lemontaigu.com\/#website"},"primaryImageOfPage":{"@id":"https:\/\/lemontaigu.com\/restaurant\/#primaryimage"},"image":{"@id":"https:\/\/lemontaigu.com\/restaurant\/#primaryimage"},"thumbnailUrl":"https:\/\/lemontaigu.com\/wp-content\/uploads\/2026\/03\/restaurant-homemade-cuisine-683x1024.jpg","datePublished":"2026-03-24T10:22:14+00:00","dateModified":"2026-04-29T05:59:45+00:00","description":"Restaurant gastronomique \u00e0 Luz-Saint-Sauveur. Menu du jour, carte et formule. Cuisine locale et produits frais des Pyr\u00e9n\u00e9es. D\u00eener servi de 19h30 \u00e0 21h.","breadcrumb":{"@id":"https:\/\/lemontaigu.com\/restaurant\/#breadcrumb"},"inLanguage":"es","potentialAction":[{"@type":"ReadAction","target":["https:\/\/lemontaigu.com\/restaurant\/"]}]},{"@type":"ImageObject","inLanguage":"es","@id":"https:\/\/lemontaigu.com\/restaurant\/#primaryimage","url":"https:\/\/lemontaigu.com\/wp-content\/uploads\/2026\/03\/restaurant-homemade-cuisine-683x1024.jpg","contentUrl":"https:\/\/lemontaigu.com\/wp-content\/uploads\/2026\/03\/restaurant-homemade-cuisine-683x1024.jpg"},{"@type":"BreadcrumbList","@id":"https:\/\/lemontaigu.com\/restaurant\/#breadcrumb","itemListElement":[{"@type":"ListItem","position":1,"name":"Home","item":"https:\/\/lemontaigu.com\/"},{"@type":"ListItem","position":2,"name":"Restaurant"}]},{"@type":"WebSite","@id":"https:\/\/lemontaigu.com\/#website","url":"https:\/\/lemontaigu.com\/","name":"Le Montaigu H\u00f4tel Restaurant Bar","description":"","publisher":{"@id":"https:\/\/lemontaigu.com\/#organization"},"potentialAction":[{"@type":"SearchAction","target":{"@type":"EntryPoint","urlTemplate":"https:\/\/lemontaigu.com\/?s={search_term_string}"},"query-input":{"@type":"PropertyValueSpecification","valueRequired":true,"valueName":"search_term_string"}}],"inLanguage":"es"},{"@type":"Organization","@id":"https:\/\/lemontaigu.com\/#organization","name":"LE MONTAIGU HOTELS ET RESORTS","url":"https:\/\/lemontaigu.com\/","logo":{"@type":"ImageObject","inLanguage":"es","@id":"https:\/\/lemontaigu.com\/#\/schema\/logo\/image\/","url":"https:\/\/lemontaigu.com\/wp-content\/uploads\/2026\/04\/logo-1.png","contentUrl":"https:\/\/lemontaigu.com\/wp-content\/uploads\/2026\/04\/logo-1.png","width":398,"height":192,"caption":"LE MONTAIGU HOTELS ET RESORTS"},"image":{"@id":"https:\/\/lemontaigu.com\/#\/schema\/logo\/image\/"},"sameAs":["https:\/\/www.facebook.com\/hotelmontaigu"]}]}},"_links":{"self":[{"href":"https:\/\/lemontaigu.com\/es\/wp-json\/wp\/v2\/pages\/816","targetHints":{"allow":["GET"]}}],"collection":[{"href":"https:\/\/lemontaigu.com\/es\/wp-json\/wp\/v2\/pages"}],"about":[{"href":"https:\/\/lemontaigu.com\/es\/wp-json\/wp\/v2\/types\/page"}],"replies":[{"embeddable":true,"href":"https:\/\/lemontaigu.com\/es\/wp-json\/wp\/v2\/comments?post=816"}],"version-history":[{"count":0,"href":"https:\/\/lemontaigu.com\/es\/wp-json\/wp\/v2\/pages\/816\/revisions"}],"wp:attachment":[{"href":"https:\/\/lemontaigu.com\/es\/wp-json\/wp\/v2\/media?parent=816"}],"curies":[{"name":"wp","href":"https:\/\/api.w.org\/{rel}","templated":true}]}}