{"id":820,"date":"2026-03-24T10:22:20","date_gmt":"2026-03-24T10:22:20","guid":{"rendered":"https:\/\/lemontaigu.com\/galerie\/"},"modified":"2026-04-28T21:03:17","modified_gmt":"2026-04-28T21:03:17","slug":"galerie","status":"publish","type":"page","link":"https:\/\/lemontaigu.com\/en\/galerie\/","title":{"rendered":"Gallery"},"content":{"rendered":"<div data-elementor-type=\"wp-page\" data-elementor-id=\"820\" class=\"elementor elementor-820\" data-elementor-post-type=\"page\">\n\t\t\t\t<div class=\"elementor-element elementor-element-gal-wrap e-con-full page-hero e-flex e-con e-parent\" data-id=\"gal-wrap\" data-element_type=\"container\" data-e-type=\"container\">\n\t\t<div class=\"elementor-element elementor-element-gal-hero e-con-full e-flex e-con e-child\" data-id=\"gal-hero\" data-element_type=\"container\" data-e-type=\"container\" data-settings=\"{&quot;background_background&quot;:&quot;classic&quot;}\">\n\t\t\t\t<div class=\"elementor-element elementor-element-gal-h1 elementor-widget elementor-widget-heading\" data-id=\"gal-h1\" data-element_type=\"widget\" data-e-type=\"widget\" data-widget_type=\"heading.default\">\n\t\t\t\t\t<h1 class=\"elementor-heading-title elementor-size-default\">Gallery<\/h1>\t\t\t\t<\/div>\n\t\t\t\t<div class=\"elementor-element elementor-element-gal-sub elementor-widget elementor-widget-text-editor\" data-id=\"gal-sub\" data-element_type=\"widget\" data-e-type=\"widget\" data-widget_type=\"text-editor.default\">\n\t\t\t\t\t\t\t\t\t<p style=\"text-align:center;color:#F5F0E8;font-size:18px;max-width:600px;margin:0 auto;\">D\u00e9couvrez l&rsquo;H\u00f4tel Le Montaigu et son cadre exceptionnel au c\u0153ur des Pyr\u00e9n\u00e9es<\/p>\t\t\t\t\t\t\t\t<\/div>\n\t\t\t\t<\/div>\n\t\t<div class=\"elementor-element elementor-element-gal-content e-flex e-con-boxed e-con e-child\" data-id=\"gal-content\" data-element_type=\"container\" data-e-type=\"container\">\n\t\t\t\t\t<div class=\"e-con-inner\">\n\t\t<div class=\"elementor-element elementor-element-gal-s1 e-con-full e-flex e-con e-child\" data-id=\"gal-s1\" data-element_type=\"container\" data-e-type=\"container\">\n\t\t\t\t<div class=\"elementor-element elementor-element-gal-s1-h elementor-widget elementor-widget-heading\" data-id=\"gal-s1-h\" data-element_type=\"widget\" data-e-type=\"widget\" data-widget_type=\"heading.default\">\n\t\t\t\t\t<h2 class=\"elementor-heading-title elementor-size-default\">The Hotel<\/h2>\t\t\t\t<\/div>\n\t\t\t\t<div class=\"elementor-element elementor-element-gal-s1-d elementor-widget elementor-widget-text-editor\" data-id=\"gal-s1-d\" data-element_type=\"widget\" data-e-type=\"widget\" data-widget_type=\"text-editor.default\">\n\t\t\t\t\t\t\t\t\t<p style=\"text-align:center;color:#666;max-width:700px;margin:0 auto 20px;\">Our three-star hotel welcomes you in a warm setting in the heart of Luz-Saint-Sauveur, with its flower-filled facade and panoramic terrace.<\/p>\t\t\t\t\t\t\t\t<\/div>\n\t\t\t\t<div class=\"elementor-element elementor-element-gal-s1-g elementor-widget elementor-widget-image-gallery\" data-id=\"gal-s1-g\" data-element_type=\"widget\" data-e-type=\"widget\" data-widget_type=\"image-gallery.default\">\n\t\t\t\t\t\t\t<div class=\"elementor-image-gallery\">\n\t\t\t<div id='gallery-1' class='gallery galleryid-820 gallery-columns-3 gallery-size-medium_large'><figure class='gallery-item'>\n\t\t\t<div class='gallery-icon landscape'>\n\t\t\t\t<a data-elementor-open-lightbox=\"yes\" data-elementor-lightbox-slideshow=\"gal-s1-g\" data-elementor-lightbox-title=\"Fa\u00e7ade de l&#039;H\u00f4tel Le Montaigu en journ\u00e9e\" data-e-action-hash=\"#elementor-action%3Aaction%3Dlightbox%26settings%3DeyJpZCI6MTI2OSwidXJsIjoiaHR0cHM6XC9cL2xlbW9udGFpZ3UuY29tXC93cC1jb250ZW50XC91cGxvYWRzXC8yMDI2XC8wNFwvaG90ZWwtZmFjYWRlLWRheV8zNzk4eDI1MzItc2NhbGVkLmpwZyIsInNsaWRlc2hvdyI6ImdhbC1zMS1nIn0%3D\" href='https:\/\/lemontaigu.com\/wp-content\/uploads\/2026\/04\/hotel-facade-day_3798x2532-scaled.jpg'><img fetchpriority=\"high\" decoding=\"async\" width=\"768\" height=\"512\" src=\"https:\/\/lemontaigu.com\/wp-content\/uploads\/2026\/04\/hotel-facade-day_3798x2532-768x512.jpg\" class=\"attachment-medium_large size-medium_large\" alt=\"Fa\u00e7ade principale de l&#039;H\u00f4tel Le Montaigu \u00e0 Luz-Saint-Sauveur avec ses balcons fleuris\" aria-describedby=\"gallery-1-1269\" srcset=\"https:\/\/lemontaigu.com\/wp-content\/uploads\/2026\/04\/hotel-facade-day_3798x2532-768x512.jpg 768w, https:\/\/lemontaigu.com\/wp-content\/uploads\/2026\/04\/hotel-facade-day_3798x2532-300x200.jpg 300w, https:\/\/lemontaigu.com\/wp-content\/uploads\/2026\/04\/hotel-facade-day_3798x2532-1024x683.jpg 1024w, https:\/\/lemontaigu.com\/wp-content\/uploads\/2026\/04\/hotel-facade-day_3798x2532-200x133.jpg 200w, https:\/\/lemontaigu.com\/wp-content\/uploads\/2026\/04\/hotel-facade-day_3798x2532-1536x1024.jpg 1536w, https:\/\/lemontaigu.com\/wp-content\/uploads\/2026\/04\/hotel-facade-day_3798x2532-scaled.jpg 2048w, https:\/\/lemontaigu.com\/wp-content\/uploads\/2026\/04\/hotel-facade-day_3798x2532-18x12.jpg 18w\" sizes=\"(max-width: 768px) 100vw, 768px\" \/><\/a>\n\t\t\t<\/div>\n\t\t\t\t<figcaption class='wp-caption-text gallery-caption' id='gallery-1-1269'>\n\t\t\t\tThe sunny facade of the hotel in the heart of Luz-Saint-Sauveur\n\t\t\t\t<\/figcaption><\/figure><figure class='gallery-item'>\n\t\t\t<div class='gallery-icon landscape'>\n\t\t\t\t<a data-elementor-open-lightbox=\"yes\" data-elementor-lightbox-slideshow=\"gal-s1-g\" data-elementor-lightbox-title=\"L&#039;h\u00f4tel illumin\u00e9 le soir\" data-e-action-hash=\"#elementor-action%3Aaction%3Dlightbox%26settings%3DeyJpZCI6MTI3MCwidXJsIjoiaHR0cHM6XC9cL2xlbW9udGFpZ3UuY29tXC93cC1jb250ZW50XC91cGxvYWRzXC8yMDI2XC8wNFwvaG90ZWwtZmFjYWRlLW5pZ2h0XzE2MjB4MTA4MC5qcGciLCJzbGlkZXNob3ciOiJnYWwtczEtZyJ9\" href='https:\/\/lemontaigu.com\/wp-content\/uploads\/2026\/04\/hotel-facade-night_1620x1080.jpg'><img decoding=\"async\" width=\"768\" height=\"512\" data-src=\"https:\/\/lemontaigu.com\/wp-content\/uploads\/2026\/04\/hotel-facade-night_1620x1080-768x512.jpg\" class=\"attachment-medium_large size-medium_large lazyload\" alt=\"H\u00f4tel Le Montaigu illumin\u00e9 de nuit avec \u00e9clairage chaleureux\" aria-describedby=\"gallery-1-1270\" data-srcset=\"https:\/\/lemontaigu.com\/wp-content\/uploads\/2026\/04\/hotel-facade-night_1620x1080-768x512.jpg 768w, https:\/\/lemontaigu.com\/wp-content\/uploads\/2026\/04\/hotel-facade-night_1620x1080-300x200.jpg 300w, https:\/\/lemontaigu.com\/wp-content\/uploads\/2026\/04\/hotel-facade-night_1620x1080-1024x683.jpg 1024w, https:\/\/lemontaigu.com\/wp-content\/uploads\/2026\/04\/hotel-facade-night_1620x1080-200x133.jpg 200w, https:\/\/lemontaigu.com\/wp-content\/uploads\/2026\/04\/hotel-facade-night_1620x1080-1536x1024.jpg 1536w, https:\/\/lemontaigu.com\/wp-content\/uploads\/2026\/04\/hotel-facade-night_1620x1080-18x12.jpg 18w, https:\/\/lemontaigu.com\/wp-content\/uploads\/2026\/04\/hotel-facade-night_1620x1080.jpg 1620w\" data-sizes=\"auto\" src=\"data:image\/svg+xml;base64,PHN2ZyB3aWR0aD0iMSIgaGVpZ2h0PSIxIiB4bWxucz0iaHR0cDovL3d3dy53My5vcmcvMjAwMC9zdmciPjwvc3ZnPg==\" style=\"--smush-placeholder-width: 768px; --smush-placeholder-aspect-ratio: 768\/512;\" data-original-sizes=\"(max-width: 768px) 100vw, 768px\" \/><\/a>\n\t\t\t<\/div>\n\t\t\t\t<figcaption class='wp-caption-text gallery-caption' id='gallery-1-1270'>\n\t\t\t\tThe hotel comes alive in the evening with warm lighting\n\t\t\t\t<\/figcaption><\/figure><figure class='gallery-item'>\n\t\t\t<div class='gallery-icon landscape'>\n\t\t\t\t<a data-elementor-open-lightbox=\"yes\" data-elementor-lightbox-slideshow=\"gal-s1-g\" data-elementor-lightbox-title=\"Terrasse de l&#039;h\u00f4tel en soir\u00e9e\" data-e-action-hash=\"#elementor-action%3Aaction%3Dlightbox%26settings%3DeyJpZCI6MTI3MSwidXJsIjoiaHR0cHM6XC9cL2xlbW9udGFpZ3UuY29tXC93cC1jb250ZW50XC91cGxvYWRzXC8yMDI2XC8wNFwvaG90ZWwtdGVycmFjZS1uaWdodF8xOTIweDEyODAuanBnIiwic2xpZGVzaG93IjoiZ2FsLXMxLWcifQ%3D%3D\" href='https:\/\/lemontaigu.com\/wp-content\/uploads\/2026\/04\/hotel-terrace-night_1920x1280.jpg'><img decoding=\"async\" width=\"768\" height=\"512\" data-src=\"https:\/\/lemontaigu.com\/wp-content\/uploads\/2026\/04\/hotel-terrace-night_1920x1280-768x512.jpg\" class=\"attachment-medium_large size-medium_large lazyload\" alt=\"Terrasse ext\u00e9rieure de l&#039;H\u00f4tel Le Montaigu \u00e9clair\u00e9e le soir\" aria-describedby=\"gallery-1-1271\" data-srcset=\"https:\/\/lemontaigu.com\/wp-content\/uploads\/2026\/04\/hotel-terrace-night_1920x1280-768x512.jpg 768w, https:\/\/lemontaigu.com\/wp-content\/uploads\/2026\/04\/hotel-terrace-night_1920x1280-300x200.jpg 300w, https:\/\/lemontaigu.com\/wp-content\/uploads\/2026\/04\/hotel-terrace-night_1920x1280-1024x683.jpg 1024w, https:\/\/lemontaigu.com\/wp-content\/uploads\/2026\/04\/hotel-terrace-night_1920x1280-200x133.jpg 200w, https:\/\/lemontaigu.com\/wp-content\/uploads\/2026\/04\/hotel-terrace-night_1920x1280-1536x1024.jpg 1536w, https:\/\/lemontaigu.com\/wp-content\/uploads\/2026\/04\/hotel-terrace-night_1920x1280-18x12.jpg 18w, https:\/\/lemontaigu.com\/wp-content\/uploads\/2026\/04\/hotel-terrace-night_1920x1280.jpg 1920w\" data-sizes=\"auto\" src=\"data:image\/svg+xml;base64,PHN2ZyB3aWR0aD0iMSIgaGVpZ2h0PSIxIiB4bWxucz0iaHR0cDovL3d3dy53My5vcmcvMjAwMC9zdmciPjwvc3ZnPg==\" style=\"--smush-placeholder-width: 768px; --smush-placeholder-aspect-ratio: 768\/512;\" data-original-sizes=\"(max-width: 768px) 100vw, 768px\" \/><\/a>\n\t\t\t<\/div>\n\t\t\t\t<figcaption class='wp-caption-text gallery-caption' id='gallery-1-1271'>\n\t\t\t\tThe terrace, perfect for an evening drink\n\t\t\t\t<\/figcaption><\/figure><figure class='gallery-item'>\n\t\t\t<div class='gallery-icon portrait'>\n\t\t\t\t<a data-elementor-open-lightbox=\"yes\" data-elementor-lightbox-slideshow=\"gal-s1-g\" data-elementor-lightbox-title=\"H\u00f4tel 3 \u00e9toiles \u2014 enseigne\" data-e-action-hash=\"#elementor-action%3Aaction%3Dlightbox%26settings%3DeyJpZCI6MTI3MiwidXJsIjoiaHR0cHM6XC9cL2xlbW9udGFpZ3UuY29tXC93cC1jb250ZW50XC91cGxvYWRzXC8yMDI2XC8wNFwvaG90ZWwtZXh0ZXJpb3ItM3N0YXJzXzQxNjB4NjI0MC1zY2FsZWQuanBnIiwic2xpZGVzaG93IjoiZ2FsLXMxLWcifQ%3D%3D\" href='https:\/\/lemontaigu.com\/wp-content\/uploads\/2026\/04\/hotel-exterior-3stars_4160x6240-scaled.jpg'><img decoding=\"async\" width=\"768\" height=\"1152\" data-src=\"https:\/\/lemontaigu.com\/wp-content\/uploads\/2026\/04\/hotel-exterior-3stars_4160x6240-768x1152.jpg\" class=\"attachment-medium_large size-medium_large lazyload\" alt=\"Enseigne trois \u00e9toiles de l&#039;H\u00f4tel Le Montaigu\" aria-describedby=\"gallery-1-1272\" data-srcset=\"https:\/\/lemontaigu.com\/wp-content\/uploads\/2026\/04\/hotel-exterior-3stars_4160x6240-768x1152.jpg 768w, https:\/\/lemontaigu.com\/wp-content\/uploads\/2026\/04\/hotel-exterior-3stars_4160x6240-200x300.jpg 200w, https:\/\/lemontaigu.com\/wp-content\/uploads\/2026\/04\/hotel-exterior-3stars_4160x6240-683x1024.jpg 683w, https:\/\/lemontaigu.com\/wp-content\/uploads\/2026\/04\/hotel-exterior-3stars_4160x6240-133x200.jpg 133w, https:\/\/lemontaigu.com\/wp-content\/uploads\/2026\/04\/hotel-exterior-3stars_4160x6240-1024x1536.jpg 1024w, https:\/\/lemontaigu.com\/wp-content\/uploads\/2026\/04\/hotel-exterior-3stars_4160x6240-1365x2048.jpg 1365w, https:\/\/lemontaigu.com\/wp-content\/uploads\/2026\/04\/hotel-exterior-3stars_4160x6240-8x12.jpg 8w, https:\/\/lemontaigu.com\/wp-content\/uploads\/2026\/04\/hotel-exterior-3stars_4160x6240-scaled.jpg 1366w\" data-sizes=\"auto\" src=\"data:image\/svg+xml;base64,PHN2ZyB3aWR0aD0iMSIgaGVpZ2h0PSIxIiB4bWxucz0iaHR0cDovL3d3dy53My5vcmcvMjAwMC9zdmciPjwvc3ZnPg==\" style=\"--smush-placeholder-width: 768px; --smush-placeholder-aspect-ratio: 768\/1152;\" data-original-sizes=\"(max-width: 768px) 100vw, 768px\" \/><\/a>\n\t\t\t<\/div>\n\t\t\t\t<figcaption class='wp-caption-text gallery-caption' id='gallery-1-1272'>\n\t\t\t\tLe Montaigu Hotel, a three-star hotel\n\t\t\t\t<\/figcaption><\/figure><figure class='gallery-item'>\n\t\t\t<div class='gallery-icon landscape'>\n\t\t\t\t<a data-elementor-open-lightbox=\"yes\" data-elementor-lightbox-slideshow=\"gal-s1-g\" data-elementor-lightbox-title=\"Vue g\u00e9n\u00e9rale de la fa\u00e7ade\" data-e-action-hash=\"#elementor-action%3Aaction%3Dlightbox%26settings%3DeyJpZCI6MTI3NSwidXJsIjoiaHR0cHM6XC9cL2xlbW9udGFpZ3UuY29tXC93cC1jb250ZW50XC91cGxvYWRzXC8yMDI2XC8wNFwvaG90ZWwtZmFjYWRlLW1haW5fMTkyMHgxMDgwLmpwZWciLCJzbGlkZXNob3ciOiJnYWwtczEtZyJ9\" href='https:\/\/lemontaigu.com\/wp-content\/uploads\/2026\/04\/hotel-facade-main_1920x1080.jpeg'><img decoding=\"async\" width=\"768\" height=\"432\" data-src=\"https:\/\/lemontaigu.com\/wp-content\/uploads\/2026\/04\/hotel-facade-main_1920x1080-768x432.jpeg\" class=\"attachment-medium_large size-medium_large lazyload\" alt=\"Vue d&#039;ensemble de la fa\u00e7ade de l&#039;H\u00f4tel Le Montaigu\" aria-describedby=\"gallery-1-1275\" data-srcset=\"https:\/\/lemontaigu.com\/wp-content\/uploads\/2026\/04\/hotel-facade-main_1920x1080-768x432.jpeg 768w, https:\/\/lemontaigu.com\/wp-content\/uploads\/2026\/04\/hotel-facade-main_1920x1080-300x169.jpeg 300w, https:\/\/lemontaigu.com\/wp-content\/uploads\/2026\/04\/hotel-facade-main_1920x1080-1024x576.jpeg 1024w, https:\/\/lemontaigu.com\/wp-content\/uploads\/2026\/04\/hotel-facade-main_1920x1080-200x113.jpeg 200w, https:\/\/lemontaigu.com\/wp-content\/uploads\/2026\/04\/hotel-facade-main_1920x1080-1536x864.jpeg 1536w, https:\/\/lemontaigu.com\/wp-content\/uploads\/2026\/04\/hotel-facade-main_1920x1080-18x10.jpeg 18w, https:\/\/lemontaigu.com\/wp-content\/uploads\/2026\/04\/hotel-facade-main_1920x1080.jpeg 1920w\" data-sizes=\"auto\" src=\"data:image\/svg+xml;base64,PHN2ZyB3aWR0aD0iMSIgaGVpZ2h0PSIxIiB4bWxucz0iaHR0cDovL3d3dy53My5vcmcvMjAwMC9zdmciPjwvc3ZnPg==\" style=\"--smush-placeholder-width: 768px; --smush-placeholder-aspect-ratio: 768\/432;\" data-original-sizes=\"(max-width: 768px) 100vw, 768px\" \/><\/a>\n\t\t\t<\/div>\n\t\t\t\t<figcaption class='wp-caption-text gallery-caption' id='gallery-1-1275'>\n\t\t\t\tGeneral view of the hotel from the street\n\t\t\t\t<\/figcaption><\/figure>\n\t\t<\/div>\n\t\t<\/div>\n\t\t\t\t\t\t<\/div>\n\t\t\t\t<\/div>\n\t\t<div class=\"elementor-element elementor-element-gal-s2 e-con-full e-flex e-con e-child\" data-id=\"gal-s2\" data-element_type=\"container\" data-e-type=\"container\">\n\t\t\t\t<div class=\"elementor-element elementor-element-gal-s2-h elementor-widget elementor-widget-heading\" data-id=\"gal-s2-h\" data-element_type=\"widget\" data-e-type=\"widget\" data-widget_type=\"heading.default\">\n\t\t\t\t\t<h2 class=\"elementor-heading-title elementor-size-default\">Nos Chambres<\/h2>\t\t\t\t<\/div>\n\t\t\t\t<div class=\"elementor-element elementor-element-gal-s2-d elementor-widget elementor-widget-text-editor\" data-id=\"gal-s2-d\" data-element_type=\"widget\" data-e-type=\"widget\" data-widget_type=\"text-editor.default\">\n\t\t\t\t\t\t\t\t\t<p style=\"text-align:center;color:#666;max-width:700px;margin:0 auto 20px;\">Comfortable and bright rooms with private balcony and views of the Pyrenean peaks. From double to family, every room invites relaxation.<\/p>\t\t\t\t\t\t\t\t<\/div>\n\t\t\t\t<div class=\"elementor-element elementor-element-gal-s2-g elementor-widget elementor-widget-image-gallery\" data-id=\"gal-s2-g\" data-element_type=\"widget\" data-e-type=\"widget\" data-widget_type=\"image-gallery.default\">\n\t\t\t\t\t\t\t<div class=\"elementor-image-gallery\">\n\t\t\t<div id='gallery-2' class='gallery galleryid-820 gallery-columns-3 gallery-size-medium_large'><figure class='gallery-item'>\n\t\t\t<div class='gallery-icon landscape'>\n\t\t\t\t<a data-elementor-open-lightbox=\"yes\" data-elementor-lightbox-slideshow=\"gal-s2-g\" data-elementor-lightbox-title=\"Chambre Double \u2014 vue d&#039;ensemble\" data-e-action-hash=\"#elementor-action%3Aaction%3Dlightbox%26settings%3DeyJpZCI6MTM1MiwidXJsIjoiaHR0cHM6XC9cL2xlbW9udGFpZ3UuY29tXC93cC1jb250ZW50XC91cGxvYWRzXC8yMDI2XC8wNFwvcm9vbS1kb3VibGVfNjI0MHg0MTYwLXNjYWxlZC5qcGciLCJzbGlkZXNob3ciOiJnYWwtczItZyJ9\" href='https:\/\/lemontaigu.com\/wp-content\/uploads\/2026\/04\/room-double_6240x4160-scaled.jpg'><img decoding=\"async\" width=\"768\" height=\"512\" data-src=\"https:\/\/lemontaigu.com\/wp-content\/uploads\/2026\/04\/room-double_6240x4160-768x512.jpg\" class=\"attachment-medium_large size-medium_large lazyload\" alt=\"Chambre double confortable avec literie de qualit\u00e9 \u00e0 l&#039;H\u00f4tel Le Montaigu\" aria-describedby=\"gallery-2-1352\" data-srcset=\"https:\/\/lemontaigu.com\/wp-content\/uploads\/2026\/04\/room-double_6240x4160-768x512.jpg 768w, https:\/\/lemontaigu.com\/wp-content\/uploads\/2026\/04\/room-double_6240x4160-300x200.jpg 300w, https:\/\/lemontaigu.com\/wp-content\/uploads\/2026\/04\/room-double_6240x4160-1024x683.jpg 1024w, https:\/\/lemontaigu.com\/wp-content\/uploads\/2026\/04\/room-double_6240x4160-200x133.jpg 200w, https:\/\/lemontaigu.com\/wp-content\/uploads\/2026\/04\/room-double_6240x4160-1536x1024.jpg 1536w, https:\/\/lemontaigu.com\/wp-content\/uploads\/2026\/04\/room-double_6240x4160-scaled.jpg 2048w, https:\/\/lemontaigu.com\/wp-content\/uploads\/2026\/04\/room-double_6240x4160-18x12.jpg 18w\" data-sizes=\"auto\" src=\"data:image\/svg+xml;base64,PHN2ZyB3aWR0aD0iMSIgaGVpZ2h0PSIxIiB4bWxucz0iaHR0cDovL3d3dy53My5vcmcvMjAwMC9zdmciPjwvc3ZnPg==\" style=\"--smush-placeholder-width: 768px; --smush-placeholder-aspect-ratio: 768\/512;\" data-original-sizes=\"(max-width: 768px) 100vw, 768px\" \/><\/a>\n\t\t\t<\/div>\n\t\t\t\t<figcaption class='wp-caption-text gallery-caption' id='gallery-2-1352'>\n\t\t\t\tOur bright and cozy double room\n\t\t\t\t<\/figcaption><\/figure><figure class='gallery-item'>\n\t\t\t<div class='gallery-icon landscape'>\n\t\t\t\t<a data-elementor-open-lightbox=\"yes\" data-elementor-lightbox-slideshow=\"gal-s2-g\" data-elementor-lightbox-title=\"Chambre Familiale \u2014 espace g\u00e9n\u00e9reux\" data-e-action-hash=\"#elementor-action%3Aaction%3Dlightbox%26settings%3DeyJpZCI6MTM1MywidXJsIjoiaHR0cHM6XC9cL2xlbW9udGFpZ3UuY29tXC93cC1jb250ZW50XC91cGxvYWRzXC8yMDI2XC8wNFwvcm9vbS1mYW1pbHlfNjI0MHg0MTYwLXNjYWxlZC5qcGciLCJzbGlkZXNob3ciOiJnYWwtczItZyJ9\" href='https:\/\/lemontaigu.com\/wp-content\/uploads\/2026\/04\/room-family_6240x4160-scaled.jpg'><img decoding=\"async\" width=\"768\" height=\"512\" data-src=\"https:\/\/lemontaigu.com\/wp-content\/uploads\/2026\/04\/room-family_6240x4160-768x512.jpg\" class=\"attachment-medium_large size-medium_large lazyload\" alt=\"Chambre familiale spacieuse avec plusieurs lits \u00e0 l&#039;H\u00f4tel Le Montaigu\" aria-describedby=\"gallery-2-1353\" data-srcset=\"https:\/\/lemontaigu.com\/wp-content\/uploads\/2026\/04\/room-family_6240x4160-768x512.jpg 768w, https:\/\/lemontaigu.com\/wp-content\/uploads\/2026\/04\/room-family_6240x4160-300x200.jpg 300w, https:\/\/lemontaigu.com\/wp-content\/uploads\/2026\/04\/room-family_6240x4160-1024x683.jpg 1024w, https:\/\/lemontaigu.com\/wp-content\/uploads\/2026\/04\/room-family_6240x4160-200x133.jpg 200w, https:\/\/lemontaigu.com\/wp-content\/uploads\/2026\/04\/room-family_6240x4160-1536x1024.jpg 1536w, https:\/\/lemontaigu.com\/wp-content\/uploads\/2026\/04\/room-family_6240x4160-scaled.jpg 2048w, https:\/\/lemontaigu.com\/wp-content\/uploads\/2026\/04\/room-family_6240x4160-18x12.jpg 18w\" data-sizes=\"auto\" src=\"data:image\/svg+xml;base64,PHN2ZyB3aWR0aD0iMSIgaGVpZ2h0PSIxIiB4bWxucz0iaHR0cDovL3d3dy53My5vcmcvMjAwMC9zdmciPjwvc3ZnPg==\" style=\"--smush-placeholder-width: 768px; --smush-placeholder-aspect-ratio: 768\/512;\" data-original-sizes=\"(max-width: 768px) 100vw, 768px\" \/><\/a>\n\t\t\t<\/div>\n\t\t\t\t<figcaption class='wp-caption-text gallery-caption' id='gallery-2-1353'>\n\t\t\t\tThe family room, designed with your comfort in mind\n\t\t\t\t<\/figcaption><\/figure><figure class='gallery-item'>\n\t\t\t<div class='gallery-icon landscape'>\n\t\t\t\t<a data-elementor-open-lightbox=\"yes\" data-elementor-lightbox-slideshow=\"gal-s2-g\" data-elementor-lightbox-title=\"Chambre Triple \u2014 trois couchages\" data-e-action-hash=\"#elementor-action%3Aaction%3Dlightbox%26settings%3DeyJpZCI6MTM1NCwidXJsIjoiaHR0cHM6XC9cL2xlbW9udGFpZ3UuY29tXC93cC1jb250ZW50XC91cGxvYWRzXC8yMDI2XC8wNFwvcm9vbS10cmlwbGVfNjI0MHg0MTYwLXNjYWxlZC5qcGciLCJzbGlkZXNob3ciOiJnYWwtczItZyJ9\" href='https:\/\/lemontaigu.com\/wp-content\/smush-webp\/2026\/04\/room-triple_6240x4160-scaled.jpg.webp' data-smush-webp-fallback=\"{&quot;href&quot;:&quot;https:\\\/\\\/lemontaigu.com\\\/wp-content\\\/uploads\\\/2026\\\/04\\\/room-triple_6240x4160-scaled.jpg&quot;}\"><img decoding=\"async\" width=\"768\" height=\"512\" data-src=\"https:\/\/lemontaigu.com\/wp-content\/smush-webp\/2026\/04\/room-triple_6240x4160-768x512.jpg.webp\" class=\"attachment-medium_large size-medium_large lazyload\" alt=\"Chambre triple avec trois lits confortables et d\u00e9coration soign\u00e9e\" aria-describedby=\"gallery-2-1354\" data-srcset=\"https:\/\/lemontaigu.com\/wp-content\/smush-webp\/2026\/04\/room-triple_6240x4160-768x512.jpg.webp 768w, https:\/\/lemontaigu.com\/wp-content\/smush-webp\/2026\/04\/room-triple_6240x4160-300x200.jpg.webp 300w, https:\/\/lemontaigu.com\/wp-content\/smush-webp\/2026\/04\/room-triple_6240x4160-1024x683.jpg.webp 1024w, https:\/\/lemontaigu.com\/wp-content\/smush-webp\/2026\/04\/room-triple_6240x4160-200x133.jpg.webp 200w, https:\/\/lemontaigu.com\/wp-content\/smush-webp\/2026\/04\/room-triple_6240x4160-1536x1024.jpg.webp 1536w, https:\/\/lemontaigu.com\/wp-content\/smush-webp\/2026\/04\/room-triple_6240x4160-scaled.jpg.webp 2048w, https:\/\/lemontaigu.com\/wp-content\/smush-webp\/2026\/04\/room-triple_6240x4160-18x12.jpg.webp 18w\" data-sizes=\"auto\" src=\"data:image\/svg+xml;base64,PHN2ZyB3aWR0aD0iMSIgaGVpZ2h0PSIxIiB4bWxucz0iaHR0cDovL3d3dy53My5vcmcvMjAwMC9zdmciPjwvc3ZnPg==\" style=\"--smush-placeholder-width: 768px; --smush-placeholder-aspect-ratio: 768\/512;\" data-original-sizes=\"(max-width: 768px) 100vw, 768px\" data-smush-webp-fallback=\"{&quot;data-src&quot;:&quot;https:\\\/\\\/lemontaigu.com\\\/wp-content\\\/uploads\\\/2026\\\/04\\\/room-triple_6240x4160-768x512.jpg&quot;,&quot;data-srcset&quot;:&quot;https:\\\/\\\/lemontaigu.com\\\/wp-content\\\/uploads\\\/2026\\\/04\\\/room-triple_6240x4160-768x512.jpg 768w, https:\\\/\\\/lemontaigu.com\\\/wp-content\\\/uploads\\\/2026\\\/04\\\/room-triple_6240x4160-300x200.jpg 300w, https:\\\/\\\/lemontaigu.com\\\/wp-content\\\/uploads\\\/2026\\\/04\\\/room-triple_6240x4160-1024x683.jpg 1024w, https:\\\/\\\/lemontaigu.com\\\/wp-content\\\/uploads\\\/2026\\\/04\\\/room-triple_6240x4160-200x133.jpg 200w, https:\\\/\\\/lemontaigu.com\\\/wp-content\\\/uploads\\\/2026\\\/04\\\/room-triple_6240x4160-1536x1024.jpg 1536w, https:\\\/\\\/lemontaigu.com\\\/wp-content\\\/uploads\\\/2026\\\/04\\\/room-triple_6240x4160-scaled.jpg 2048w, https:\\\/\\\/lemontaigu.com\\\/wp-content\\\/uploads\\\/2026\\\/04\\\/room-triple_6240x4160-18x12.jpg 18w&quot;}\" \/><\/a>\n\t\t\t<\/div>\n\t\t\t\t<figcaption class='wp-caption-text gallery-caption' id='gallery-2-1354'>\n\t\t\t\tTriple room, perfect for a stay with friends\n\t\t\t\t<\/figcaption><\/figure><figure class='gallery-item'>\n\t\t\t<div class='gallery-icon landscape'>\n\t\t\t\t<a data-elementor-open-lightbox=\"yes\" data-elementor-lightbox-slideshow=\"gal-s2-g\" data-elementor-lightbox-title=\"Chambre Sup\u00e9rieure avec balcon\" data-e-action-hash=\"#elementor-action%3Aaction%3Dlightbox%26settings%3DeyJpZCI6MTM1NSwidXJsIjoiaHR0cHM6XC9cL2xlbW9udGFpZ3UuY29tXC93cC1jb250ZW50XC91cGxvYWRzXC8yMDI2XC8wNFwvcm9vbS1zdXBlcmlvci1kb3VibGUtYmFsY29ueV82MjQweDQxNjAtc2NhbGVkLmpwZyIsInNsaWRlc2hvdyI6ImdhbC1zMi1nIn0%3D\" href='https:\/\/lemontaigu.com\/wp-content\/uploads\/2026\/04\/room-superior-double-balcony_6240x4160-scaled.jpg'><img decoding=\"async\" width=\"768\" height=\"512\" data-src=\"https:\/\/lemontaigu.com\/wp-content\/uploads\/2026\/04\/room-superior-double-balcony_6240x4160-768x512.jpg\" class=\"attachment-medium_large size-medium_large lazyload\" alt=\"Chambre double sup\u00e9rieure avec balcon privatif et vue sur le village\" aria-describedby=\"gallery-2-1355\" data-srcset=\"https:\/\/lemontaigu.com\/wp-content\/uploads\/2026\/04\/room-superior-double-balcony_6240x4160-768x512.jpg 768w, https:\/\/lemontaigu.com\/wp-content\/uploads\/2026\/04\/room-superior-double-balcony_6240x4160-300x200.jpg 300w, https:\/\/lemontaigu.com\/wp-content\/uploads\/2026\/04\/room-superior-double-balcony_6240x4160-1024x683.jpg 1024w, https:\/\/lemontaigu.com\/wp-content\/uploads\/2026\/04\/room-superior-double-balcony_6240x4160-200x133.jpg 200w, https:\/\/lemontaigu.com\/wp-content\/uploads\/2026\/04\/room-superior-double-balcony_6240x4160-1536x1024.jpg 1536w, https:\/\/lemontaigu.com\/wp-content\/uploads\/2026\/04\/room-superior-double-balcony_6240x4160-scaled.jpg 2048w, https:\/\/lemontaigu.com\/wp-content\/uploads\/2026\/04\/room-superior-double-balcony_6240x4160-18x12.jpg 18w\" data-sizes=\"auto\" src=\"data:image\/svg+xml;base64,PHN2ZyB3aWR0aD0iMSIgaGVpZ2h0PSIxIiB4bWxucz0iaHR0cDovL3d3dy53My5vcmcvMjAwMC9zdmciPjwvc3ZnPg==\" style=\"--smush-placeholder-width: 768px; --smush-placeholder-aspect-ratio: 768\/512;\" data-original-sizes=\"(max-width: 768px) 100vw, 768px\" \/><\/a>\n\t\t\t<\/div>\n\t\t\t\t<figcaption class='wp-caption-text gallery-caption' id='gallery-2-1355'>\n\t\t\t\tEnjoy the private balcony in the superior room\n\t\t\t\t<\/figcaption><\/figure><figure class='gallery-item'>\n\t\t\t<div class='gallery-icon landscape'>\n\t\t\t\t<a data-elementor-open-lightbox=\"yes\" data-elementor-lightbox-slideshow=\"gal-s2-g\" data-elementor-lightbox-title=\"Chambre Triple Sup\u00e9rieure avec balcon\" data-e-action-hash=\"#elementor-action%3Aaction%3Dlightbox%26settings%3DeyJpZCI6MTM1NiwidXJsIjoiaHR0cHM6XC9cL2xlbW9udGFpZ3UuY29tXC93cC1jb250ZW50XC91cGxvYWRzXC8yMDI2XC8wNFwvcm9vbS10cmlwbGUtc3VwZXJpb3ItYmFsY29ueV82MjQweDQxNjAtc2NhbGVkLmpwZyIsInNsaWRlc2hvdyI6ImdhbC1zMi1nIn0%3D\" href='https:\/\/lemontaigu.com\/wp-content\/uploads\/2026\/04\/room-triple-superior-balcony_6240x4160-scaled.jpg'><img decoding=\"async\" width=\"768\" height=\"512\" data-src=\"https:\/\/lemontaigu.com\/wp-content\/uploads\/2026\/04\/room-triple-superior-balcony_6240x4160-768x512.jpg\" class=\"attachment-medium_large size-medium_large lazyload\" alt=\"Chambre triple sup\u00e9rieure avec balcon et vue sur les Pyr\u00e9n\u00e9es\" aria-describedby=\"gallery-2-1356\" data-srcset=\"https:\/\/lemontaigu.com\/wp-content\/uploads\/2026\/04\/room-triple-superior-balcony_6240x4160-768x512.jpg 768w, https:\/\/lemontaigu.com\/wp-content\/uploads\/2026\/04\/room-triple-superior-balcony_6240x4160-300x200.jpg 300w, https:\/\/lemontaigu.com\/wp-content\/uploads\/2026\/04\/room-triple-superior-balcony_6240x4160-1024x683.jpg 1024w, https:\/\/lemontaigu.com\/wp-content\/uploads\/2026\/04\/room-triple-superior-balcony_6240x4160-200x133.jpg 200w, https:\/\/lemontaigu.com\/wp-content\/uploads\/2026\/04\/room-triple-superior-balcony_6240x4160-1536x1024.jpg 1536w, https:\/\/lemontaigu.com\/wp-content\/uploads\/2026\/04\/room-triple-superior-balcony_6240x4160-scaled.jpg 2048w, https:\/\/lemontaigu.com\/wp-content\/uploads\/2026\/04\/room-triple-superior-balcony_6240x4160-18x12.jpg 18w\" data-sizes=\"auto\" src=\"data:image\/svg+xml;base64,PHN2ZyB3aWR0aD0iMSIgaGVpZ2h0PSIxIiB4bWxucz0iaHR0cDovL3d3dy53My5vcmcvMjAwMC9zdmciPjwvc3ZnPg==\" style=\"--smush-placeholder-width: 768px; --smush-placeholder-aspect-ratio: 768\/512;\" data-original-sizes=\"(max-width: 768px) 100vw, 768px\" \/><\/a>\n\t\t\t<\/div>\n\t\t\t\t<figcaption class='wp-caption-text gallery-caption' id='gallery-2-1356'>\n\t\t\t\tStunning view from the balcony of the Triple Superior room\n\t\t\t\t<\/figcaption><\/figure><figure class='gallery-item'>\n\t\t\t<div class='gallery-icon landscape'>\n\t\t\t\t<a data-elementor-open-lightbox=\"yes\" data-elementor-lightbox-slideshow=\"gal-s2-g\" data-elementor-lightbox-title=\"Salle de bain \u2014 confort moderne\" data-e-action-hash=\"#elementor-action%3Aaction%3Dlightbox%26settings%3DeyJpZCI6MTM1NywidXJsIjoiaHR0cHM6XC9cL2xlbW9udGFpZ3UuY29tXC93cC1jb250ZW50XC91cGxvYWRzXC8yMDI2XC8wNFwvcm9vbS1iYXRocm9vbV82MjQweDQxNjAtc2NhbGVkLmpwZyIsInNsaWRlc2hvdyI6ImdhbC1zMi1nIn0%3D\" href='https:\/\/lemontaigu.com\/wp-content\/uploads\/2026\/04\/room-bathroom_6240x4160-scaled.jpg'><img decoding=\"async\" width=\"768\" height=\"512\" data-src=\"https:\/\/lemontaigu.com\/wp-content\/uploads\/2026\/04\/room-bathroom_6240x4160-768x512.jpg\" class=\"attachment-medium_large size-medium_large lazyload\" alt=\"Salle de bain privative avec \u00e9quipements modernes\" aria-describedby=\"gallery-2-1357\" data-srcset=\"https:\/\/lemontaigu.com\/wp-content\/uploads\/2026\/04\/room-bathroom_6240x4160-768x512.jpg 768w, https:\/\/lemontaigu.com\/wp-content\/uploads\/2026\/04\/room-bathroom_6240x4160-300x200.jpg 300w, https:\/\/lemontaigu.com\/wp-content\/uploads\/2026\/04\/room-bathroom_6240x4160-1024x683.jpg 1024w, https:\/\/lemontaigu.com\/wp-content\/uploads\/2026\/04\/room-bathroom_6240x4160-200x133.jpg 200w, https:\/\/lemontaigu.com\/wp-content\/uploads\/2026\/04\/room-bathroom_6240x4160-1536x1024.jpg 1536w, https:\/\/lemontaigu.com\/wp-content\/uploads\/2026\/04\/room-bathroom_6240x4160-scaled.jpg 2048w, https:\/\/lemontaigu.com\/wp-content\/uploads\/2026\/04\/room-bathroom_6240x4160-18x12.jpg 18w\" data-sizes=\"auto\" src=\"data:image\/svg+xml;base64,PHN2ZyB3aWR0aD0iMSIgaGVpZ2h0PSIxIiB4bWxucz0iaHR0cDovL3d3dy53My5vcmcvMjAwMC9zdmciPjwvc3ZnPg==\" style=\"--smush-placeholder-width: 768px; --smush-placeholder-aspect-ratio: 768\/512;\" data-original-sizes=\"(max-width: 768px) 100vw, 768px\" \/><\/a>\n\t\t\t<\/div>\n\t\t\t\t<figcaption class='wp-caption-text gallery-caption' id='gallery-2-1357'>\n\t\t\t\tA well-maintained bathroom with all the necessary amenities\n\t\t\t\t<\/figcaption><\/figure>\n\t\t<\/div>\n\t\t<\/div>\n\t\t\t\t\t\t<\/div>\n\t\t\t\t<\/div>\n\t\t<div class=\"elementor-element elementor-element-gal-s3 e-con-full e-flex e-con e-child\" data-id=\"gal-s3\" data-element_type=\"container\" data-e-type=\"container\">\n\t\t\t\t<div class=\"elementor-element elementor-element-gal-s3-h elementor-widget elementor-widget-heading\" data-id=\"gal-s3-h\" data-element_type=\"widget\" data-e-type=\"widget\" data-widget_type=\"heading.default\">\n\t\t\t\t\t<h2 class=\"elementor-heading-title elementor-size-default\">Restaurant &amp; Gastronomie<\/h2>\t\t\t\t<\/div>\n\t\t\t\t<div class=\"elementor-element elementor-element-gal-s3-d elementor-widget elementor-widget-text-editor\" data-id=\"gal-s3-d\" data-element_type=\"widget\" data-e-type=\"widget\" data-widget_type=\"text-editor.default\">\n\t\t\t\t\t\t\t\t\t<p style=\"text-align:center;color:#666;max-width:700px;margin:0 auto 20px;\">Generous and authentic cuisine, crafted with fresh local produce. Gourmet breakfast and dinner with Pyrenean flavours.<\/p>\t\t\t\t\t\t\t\t<\/div>\n\t\t\t\t<div class=\"elementor-element elementor-element-gal-s3-g elementor-widget elementor-widget-image-gallery\" data-id=\"gal-s3-g\" data-element_type=\"widget\" data-e-type=\"widget\" data-widget_type=\"image-gallery.default\">\n\t\t\t\t\t\t\t<div class=\"elementor-image-gallery\">\n\t\t\t<div id='gallery-3' class='gallery galleryid-820 gallery-columns-3 gallery-size-medium_large'><figure class='gallery-item'>\n\t\t\t<div class='gallery-icon landscape'>\n\t\t\t\t<a data-elementor-open-lightbox=\"yes\" data-elementor-lightbox-slideshow=\"gal-s3-g\" data-elementor-lightbox-title=\"Salle de restaurant\" data-e-action-hash=\"#elementor-action%3Aaction%3Dlightbox%26settings%3DeyJpZCI6MTI4MCwidXJsIjoiaHR0cHM6XC9cL2xlbW9udGFpZ3UuY29tXC93cC1jb250ZW50XC91cGxvYWRzXC8yMDI2XC8wNFwvcmVzdGF1cmFudC1kaW5pbmctcm9vbV8xOTIweDEwODAuanBlZyIsInNsaWRlc2hvdyI6ImdhbC1zMy1nIn0%3D\" href='https:\/\/lemontaigu.com\/wp-content\/uploads\/2026\/04\/restaurant-dining-room_1920x1080.jpeg'><img decoding=\"async\" width=\"768\" height=\"432\" data-src=\"https:\/\/lemontaigu.com\/wp-content\/uploads\/2026\/04\/restaurant-dining-room_1920x1080-768x432.jpeg\" class=\"attachment-medium_large size-medium_large lazyload\" alt=\"Salle de restaurant Le Montaigu, tables dress\u00e9es pour le d\u00eener\" aria-describedby=\"gallery-3-1280\" data-srcset=\"https:\/\/lemontaigu.com\/wp-content\/uploads\/2026\/04\/restaurant-dining-room_1920x1080-768x432.jpeg 768w, https:\/\/lemontaigu.com\/wp-content\/uploads\/2026\/04\/restaurant-dining-room_1920x1080-300x169.jpeg 300w, https:\/\/lemontaigu.com\/wp-content\/uploads\/2026\/04\/restaurant-dining-room_1920x1080-1024x576.jpeg 1024w, https:\/\/lemontaigu.com\/wp-content\/uploads\/2026\/04\/restaurant-dining-room_1920x1080-200x113.jpeg 200w, https:\/\/lemontaigu.com\/wp-content\/uploads\/2026\/04\/restaurant-dining-room_1920x1080-1536x864.jpeg 1536w, https:\/\/lemontaigu.com\/wp-content\/uploads\/2026\/04\/restaurant-dining-room_1920x1080-18x10.jpeg 18w, https:\/\/lemontaigu.com\/wp-content\/uploads\/2026\/04\/restaurant-dining-room_1920x1080.jpeg 1920w\" data-sizes=\"auto\" src=\"data:image\/svg+xml;base64,PHN2ZyB3aWR0aD0iMSIgaGVpZ2h0PSIxIiB4bWxucz0iaHR0cDovL3d3dy53My5vcmcvMjAwMC9zdmciPjwvc3ZnPg==\" style=\"--smush-placeholder-width: 768px; --smush-placeholder-aspect-ratio: 768\/432;\" data-original-sizes=\"(max-width: 768px) 100vw, 768px\" \/><\/a>\n\t\t\t<\/div>\n\t\t\t\t<figcaption class='wp-caption-text gallery-caption' id='gallery-3-1280'>\n\t\t\t\tOur elegant and cozy dining room\n\t\t\t\t<\/figcaption><\/figure><figure class='gallery-item'>\n\t\t\t<div class='gallery-icon landscape'>\n\t\t\t\t<a data-elementor-open-lightbox=\"yes\" data-elementor-lightbox-slideshow=\"gal-s3-g\" data-elementor-lightbox-title=\"Cuisine maison du chef\" data-e-action-hash=\"#elementor-action%3Aaction%3Dlightbox%26settings%3DeyJpZCI6MTI4MSwidXJsIjoiaHR0cHM6XC9cL2xlbW9udGFpZ3UuY29tXC93cC1jb250ZW50XC91cGxvYWRzXC8yMDI2XC8wNFwvcmVzdGF1cmFudC1ob21lbWFkZS1jdWlzaW5lXzM3Nzh4MjUxOS1zY2FsZWQuanBnIiwic2xpZGVzaG93IjoiZ2FsLXMzLWcifQ%3D%3D\" href='https:\/\/lemontaigu.com\/wp-content\/uploads\/2026\/04\/restaurant-homemade-cuisine_3778x2519-scaled.jpg'><img decoding=\"async\" width=\"768\" height=\"512\" data-src=\"https:\/\/lemontaigu.com\/wp-content\/uploads\/2026\/04\/restaurant-homemade-cuisine_3778x2519-768x512.jpg\" class=\"attachment-medium_large size-medium_large lazyload\" alt=\"Plat fait maison avec des produits frais des Pyr\u00e9n\u00e9es\" aria-describedby=\"gallery-3-1281\" data-srcset=\"https:\/\/lemontaigu.com\/wp-content\/uploads\/2026\/04\/restaurant-homemade-cuisine_3778x2519-768x512.jpg 768w, https:\/\/lemontaigu.com\/wp-content\/uploads\/2026\/04\/restaurant-homemade-cuisine_3778x2519-300x200.jpg 300w, https:\/\/lemontaigu.com\/wp-content\/uploads\/2026\/04\/restaurant-homemade-cuisine_3778x2519-1024x683.jpg 1024w, https:\/\/lemontaigu.com\/wp-content\/uploads\/2026\/04\/restaurant-homemade-cuisine_3778x2519-200x133.jpg 200w, https:\/\/lemontaigu.com\/wp-content\/uploads\/2026\/04\/restaurant-homemade-cuisine_3778x2519-1536x1024.jpg 1536w, https:\/\/lemontaigu.com\/wp-content\/uploads\/2026\/04\/restaurant-homemade-cuisine_3778x2519-scaled.jpg 2048w, https:\/\/lemontaigu.com\/wp-content\/uploads\/2026\/04\/restaurant-homemade-cuisine_3778x2519-18x12.jpg 18w\" data-sizes=\"auto\" src=\"data:image\/svg+xml;base64,PHN2ZyB3aWR0aD0iMSIgaGVpZ2h0PSIxIiB4bWxucz0iaHR0cDovL3d3dy53My5vcmcvMjAwMC9zdmciPjwvc3ZnPg==\" style=\"--smush-placeholder-width: 768px; --smush-placeholder-aspect-ratio: 768\/512;\" data-original-sizes=\"(max-width: 768px) 100vw, 768px\" \/><\/a>\n\t\t\t<\/div>\n\t\t\t\t<figcaption class='wp-caption-text gallery-caption' id='gallery-3-1281'>\n\t\t\t\tAuthentic cuisine, prepared with passion\n\t\t\t\t<\/figcaption><\/figure><figure class='gallery-item'>\n\t\t\t<div class='gallery-icon landscape'>\n\t\t\t\t<a data-elementor-open-lightbox=\"yes\" data-elementor-lightbox-slideshow=\"gal-s3-g\" data-elementor-lightbox-title=\"Petit-d\u00e9jeuner copieux\" data-e-action-hash=\"#elementor-action%3Aaction%3Dlightbox%26settings%3DeyJpZCI6MTI4MiwidXJsIjoiaHR0cHM6XC9cL2xlbW9udGFpZ3UuY29tXC93cC1jb250ZW50XC91cGxvYWRzXC8yMDI2XC8wNFwvcmVzdGF1cmFudC1icmVha2Zhc3RfNjI0MHg0MTYwLXNjYWxlZC5qcGciLCJzbGlkZXNob3ciOiJnYWwtczMtZyJ9\" href='https:\/\/lemontaigu.com\/wp-content\/uploads\/2026\/04\/restaurant-breakfast_6240x4160-scaled.jpg'><img decoding=\"async\" width=\"768\" height=\"512\" data-src=\"https:\/\/lemontaigu.com\/wp-content\/uploads\/2026\/04\/restaurant-breakfast_6240x4160-768x512.jpg\" class=\"attachment-medium_large size-medium_large lazyload\" alt=\"Petit-d\u00e9jeuner buffet avec viennoiseries, fruits et boissons chaudes\" aria-describedby=\"gallery-3-1282\" data-srcset=\"https:\/\/lemontaigu.com\/wp-content\/uploads\/2026\/04\/restaurant-breakfast_6240x4160-768x512.jpg 768w, https:\/\/lemontaigu.com\/wp-content\/uploads\/2026\/04\/restaurant-breakfast_6240x4160-300x200.jpg 300w, https:\/\/lemontaigu.com\/wp-content\/uploads\/2026\/04\/restaurant-breakfast_6240x4160-1024x683.jpg 1024w, https:\/\/lemontaigu.com\/wp-content\/uploads\/2026\/04\/restaurant-breakfast_6240x4160-200x133.jpg 200w, https:\/\/lemontaigu.com\/wp-content\/uploads\/2026\/04\/restaurant-breakfast_6240x4160-1536x1024.jpg 1536w, https:\/\/lemontaigu.com\/wp-content\/uploads\/2026\/04\/restaurant-breakfast_6240x4160-scaled.jpg 2048w, https:\/\/lemontaigu.com\/wp-content\/uploads\/2026\/04\/restaurant-breakfast_6240x4160-18x12.jpg 18w\" data-sizes=\"auto\" src=\"data:image\/svg+xml;base64,PHN2ZyB3aWR0aD0iMSIgaGVpZ2h0PSIxIiB4bWxucz0iaHR0cDovL3d3dy53My5vcmcvMjAwMC9zdmciPjwvc3ZnPg==\" style=\"--smush-placeholder-width: 768px; --smush-placeholder-aspect-ratio: 768\/512;\" data-original-sizes=\"(max-width: 768px) 100vw, 768px\" \/><\/a>\n\t\t\t<\/div>\n\t\t\t\t<figcaption class='wp-caption-text gallery-caption' id='gallery-3-1282'>\n\t\t\t\tStart your day with our gourmet breakfast\n\t\t\t\t<\/figcaption><\/figure><figure class='gallery-item'>\n\t\t\t<div class='gallery-icon landscape'>\n\t\t\t\t<a data-elementor-open-lightbox=\"yes\" data-elementor-lightbox-slideshow=\"gal-s3-g\" data-elementor-lightbox-title=\"Produits frais locaux\" data-e-action-hash=\"#elementor-action%3Aaction%3Dlightbox%26settings%3DeyJpZCI6MTI4MywidXJsIjoiaHR0cHM6XC9cL2xlbW9udGFpZ3UuY29tXC93cC1jb250ZW50XC91cGxvYWRzXC8yMDI2XC8wNFwvcmVzdGF1cmFudC1mcmVzaC1wcm9kdWNlXzYyNDB4NDE2MC1zY2FsZWQuanBnIiwic2xpZGVzaG93IjoiZ2FsLXMzLWcifQ%3D%3D\" href='https:\/\/lemontaigu.com\/wp-content\/uploads\/2026\/04\/restaurant-fresh-produce_6240x4160-scaled.jpg'><img decoding=\"async\" width=\"768\" height=\"512\" data-src=\"https:\/\/lemontaigu.com\/wp-content\/uploads\/2026\/04\/restaurant-fresh-produce_6240x4160-768x512.jpg\" class=\"attachment-medium_large size-medium_large lazyload\" alt=\"S\u00e9lection de produits frais et locaux utilis\u00e9s dans notre cuisine\" aria-describedby=\"gallery-3-1283\" data-srcset=\"https:\/\/lemontaigu.com\/wp-content\/uploads\/2026\/04\/restaurant-fresh-produce_6240x4160-768x512.jpg 768w, https:\/\/lemontaigu.com\/wp-content\/uploads\/2026\/04\/restaurant-fresh-produce_6240x4160-300x200.jpg 300w, https:\/\/lemontaigu.com\/wp-content\/uploads\/2026\/04\/restaurant-fresh-produce_6240x4160-1024x683.jpg 1024w, https:\/\/lemontaigu.com\/wp-content\/uploads\/2026\/04\/restaurant-fresh-produce_6240x4160-200x133.jpg 200w, https:\/\/lemontaigu.com\/wp-content\/uploads\/2026\/04\/restaurant-fresh-produce_6240x4160-1536x1024.jpg 1536w, https:\/\/lemontaigu.com\/wp-content\/uploads\/2026\/04\/restaurant-fresh-produce_6240x4160-scaled.jpg 2048w, https:\/\/lemontaigu.com\/wp-content\/uploads\/2026\/04\/restaurant-fresh-produce_6240x4160-18x12.jpg 18w\" data-sizes=\"auto\" src=\"data:image\/svg+xml;base64,PHN2ZyB3aWR0aD0iMSIgaGVpZ2h0PSIxIiB4bWxucz0iaHR0cDovL3d3dy53My5vcmcvMjAwMC9zdmciPjwvc3ZnPg==\" style=\"--smush-placeholder-width: 768px; --smush-placeholder-aspect-ratio: 768\/512;\" data-original-sizes=\"(max-width: 768px) 100vw, 768px\" \/><\/a>\n\t\t\t<\/div>\n\t\t\t\t<figcaption class='wp-caption-text gallery-caption' id='gallery-3-1283'>\n\t\t\t\tStart your day with our gourmet breakfast\n\t\t\t\t<\/figcaption><\/figure><figure class='gallery-item'>\n\t\t\t<div class='gallery-icon portrait'>\n\t\t\t\t<a data-elementor-open-lightbox=\"yes\" data-elementor-lightbox-slideshow=\"gal-s3-g\" data-elementor-lightbox-title=\"Sp\u00e9cialit\u00e9 r\u00e9gionale\" data-e-action-hash=\"#elementor-action%3Aaction%3Dlightbox%26settings%3DeyJpZCI6MTI4NCwidXJsIjoiaHR0cHM6XC9cL2xlbW9udGFpZ3UuY29tXC93cC1jb250ZW50XC91cGxvYWRzXC8yMDI2XC8wNFwvcmVzdGF1cmFudC1sb2NhbC1jdWlzaW5lXzQxNjB4NjI0MC1zY2FsZWQuanBnIiwic2xpZGVzaG93IjoiZ2FsLXMzLWcifQ%3D%3D\" href='https:\/\/lemontaigu.com\/wp-content\/uploads\/2026\/04\/restaurant-local-cuisine_4160x6240-scaled.jpg'><img decoding=\"async\" width=\"768\" height=\"1152\" data-src=\"https:\/\/lemontaigu.com\/wp-content\/uploads\/2026\/04\/restaurant-local-cuisine_4160x6240-768x1152.jpg\" class=\"attachment-medium_large size-medium_large lazyload\" alt=\"Plat de cuisine r\u00e9gionale pyr\u00e9n\u00e9enne servi au restaurant\" aria-describedby=\"gallery-3-1284\" data-srcset=\"https:\/\/lemontaigu.com\/wp-content\/uploads\/2026\/04\/restaurant-local-cuisine_4160x6240-768x1152.jpg 768w, https:\/\/lemontaigu.com\/wp-content\/uploads\/2026\/04\/restaurant-local-cuisine_4160x6240-200x300.jpg 200w, https:\/\/lemontaigu.com\/wp-content\/uploads\/2026\/04\/restaurant-local-cuisine_4160x6240-683x1024.jpg 683w, https:\/\/lemontaigu.com\/wp-content\/uploads\/2026\/04\/restaurant-local-cuisine_4160x6240-133x200.jpg 133w, https:\/\/lemontaigu.com\/wp-content\/uploads\/2026\/04\/restaurant-local-cuisine_4160x6240-1024x1536.jpg 1024w, https:\/\/lemontaigu.com\/wp-content\/uploads\/2026\/04\/restaurant-local-cuisine_4160x6240-1365x2048.jpg 1365w, https:\/\/lemontaigu.com\/wp-content\/uploads\/2026\/04\/restaurant-local-cuisine_4160x6240-8x12.jpg 8w, https:\/\/lemontaigu.com\/wp-content\/uploads\/2026\/04\/restaurant-local-cuisine_4160x6240-scaled.jpg 1366w\" data-sizes=\"auto\" src=\"data:image\/svg+xml;base64,PHN2ZyB3aWR0aD0iMSIgaGVpZ2h0PSIxIiB4bWxucz0iaHR0cDovL3d3dy53My5vcmcvMjAwMC9zdmciPjwvc3ZnPg==\" style=\"--smush-placeholder-width: 768px; --smush-placeholder-aspect-ratio: 768\/1152;\" data-original-sizes=\"(max-width: 768px) 100vw, 768px\" \/><\/a>\n\t\t\t<\/div>\n\t\t\t\t<figcaption class='wp-caption-text gallery-caption' id='gallery-3-1284'>\n\t\t\t\tThe authentic flavors of the Pyr\u00e9n\u00e9es on your plate\n\t\t\t\t<\/figcaption><\/figure><figure class='gallery-item'>\n\t\t\t<div class='gallery-icon portrait'>\n\t\t\t\t<a data-elementor-open-lightbox=\"yes\" data-elementor-lightbox-slideshow=\"gal-s3-g\" data-elementor-lightbox-title=\"Bi\u00e8res artisanales locales\" data-e-action-hash=\"#elementor-action%3Aaction%3Dlightbox%26settings%3DeyJpZCI6MTI4NiwidXJsIjoiaHR0cHM6XC9cL2xlbW9udGFpZ3UuY29tXC93cC1jb250ZW50XC91cGxvYWRzXC8yMDI2XC8wNFwvcmVzdGF1cmFudC1sb2NhbC1iZWVyc180MTYweDYyNDAtc2NhbGVkLmpwZyIsInNsaWRlc2hvdyI6ImdhbC1zMy1nIn0%3D\" href='https:\/\/lemontaigu.com\/wp-content\/uploads\/2026\/04\/restaurant-local-beers_4160x6240-scaled.jpg'><img decoding=\"async\" width=\"768\" height=\"1152\" data-src=\"https:\/\/lemontaigu.com\/wp-content\/uploads\/2026\/04\/restaurant-local-beers_4160x6240-768x1152.jpg\" class=\"attachment-medium_large size-medium_large lazyload\" alt=\"S\u00e9lection de bi\u00e8res artisanales des Pyr\u00e9n\u00e9es\" aria-describedby=\"gallery-3-1286\" data-srcset=\"https:\/\/lemontaigu.com\/wp-content\/uploads\/2026\/04\/restaurant-local-beers_4160x6240-768x1152.jpg 768w, https:\/\/lemontaigu.com\/wp-content\/uploads\/2026\/04\/restaurant-local-beers_4160x6240-200x300.jpg 200w, https:\/\/lemontaigu.com\/wp-content\/uploads\/2026\/04\/restaurant-local-beers_4160x6240-683x1024.jpg 683w, https:\/\/lemontaigu.com\/wp-content\/uploads\/2026\/04\/restaurant-local-beers_4160x6240-133x200.jpg 133w, https:\/\/lemontaigu.com\/wp-content\/uploads\/2026\/04\/restaurant-local-beers_4160x6240-1024x1536.jpg 1024w, https:\/\/lemontaigu.com\/wp-content\/uploads\/2026\/04\/restaurant-local-beers_4160x6240-1365x2048.jpg 1365w, https:\/\/lemontaigu.com\/wp-content\/uploads\/2026\/04\/restaurant-local-beers_4160x6240-8x12.jpg 8w, https:\/\/lemontaigu.com\/wp-content\/uploads\/2026\/04\/restaurant-local-beers_4160x6240-scaled.jpg 1366w\" data-sizes=\"auto\" src=\"data:image\/svg+xml;base64,PHN2ZyB3aWR0aD0iMSIgaGVpZ2h0PSIxIiB4bWxucz0iaHR0cDovL3d3dy53My5vcmcvMjAwMC9zdmciPjwvc3ZnPg==\" style=\"--smush-placeholder-width: 768px; --smush-placeholder-aspect-ratio: 768\/1152;\" data-original-sizes=\"(max-width: 768px) 100vw, 768px\" \/><\/a>\n\t\t\t<\/div>\n\t\t\t\t<figcaption class='wp-caption-text gallery-caption' id='gallery-3-1286'>\n\t\t\t\tDiscover our local craft beers\n\t\t\t\t<\/figcaption><\/figure>\n\t\t<\/div>\n\t\t<\/div>\n\t\t\t\t\t\t<\/div>\n\t\t\t\t<\/div>\n\t\t<div class=\"elementor-element elementor-element-gal-s4 e-con-full e-flex e-con e-child\" data-id=\"gal-s4\" data-element_type=\"container\" data-e-type=\"container\">\n\t\t\t\t<div class=\"elementor-element elementor-element-gal-s4-h elementor-widget elementor-widget-heading\" data-id=\"gal-s4-h\" data-element_type=\"widget\" data-e-type=\"widget\" data-widget_type=\"heading.default\">\n\t\t\t\t\t<h2 class=\"elementor-heading-title elementor-size-default\">Salon, Bar &amp; R\u00e9ception<\/h2>\t\t\t\t<\/div>\n\t\t\t\t<div class=\"elementor-element elementor-element-gal-s4-d elementor-widget elementor-widget-text-editor\" data-id=\"gal-s4-d\" data-element_type=\"widget\" data-e-type=\"widget\" data-widget_type=\"text-editor.default\">\n\t\t\t\t\t\t\t\t\t<p style=\"text-align:center;color:#666;max-width:700px;margin:0 auto 20px;\">Relax in the lounge by the fireplace, have a drink at the bar or enjoy the terrace. A welcoming space to extend your evenings.<\/p>\t\t\t\t\t\t\t\t<\/div>\n\t\t\t\t<div class=\"elementor-element elementor-element-gal-s4-g elementor-widget elementor-widget-image-gallery\" data-id=\"gal-s4-g\" data-element_type=\"widget\" data-e-type=\"widget\" data-widget_type=\"image-gallery.default\">\n\t\t\t\t\t\t\t<div class=\"elementor-image-gallery\">\n\t\t\t<div id='gallery-4' class='gallery galleryid-820 gallery-columns-3 gallery-size-medium_large'><figure class='gallery-item'>\n\t\t\t<div class='gallery-icon landscape'>\n\t\t\t\t<a data-elementor-open-lightbox=\"yes\" data-elementor-lightbox-slideshow=\"gal-s4-g\" data-elementor-lightbox-title=\"Chemin\u00e9e du salon\" data-e-action-hash=\"#elementor-action%3Aaction%3Dlightbox%26settings%3DeyJpZCI6MTI4NSwidXJsIjoiaHR0cHM6XC9cL2xlbW9udGFpZ3UuY29tXC93cC1jb250ZW50XC91cGxvYWRzXC8yMDI2XC8wNFwvYmFyLWZpcmVwbGFjZV82MjQweDQxNjAtc2NhbGVkLmpwZyIsInNsaWRlc2hvdyI6ImdhbC1zNC1nIn0%3D\" href='https:\/\/lemontaigu.com\/wp-content\/smush-webp\/2026\/04\/bar-fireplace_6240x4160-scaled.jpg.webp' data-smush-webp-fallback=\"{&quot;href&quot;:&quot;https:\\\/\\\/lemontaigu.com\\\/wp-content\\\/uploads\\\/2026\\\/04\\\/bar-fireplace_6240x4160-scaled.jpg&quot;}\"><img decoding=\"async\" width=\"768\" height=\"512\" data-src=\"https:\/\/lemontaigu.com\/wp-content\/smush-webp\/2026\/04\/bar-fireplace_6240x4160-768x512.jpg.webp\" class=\"attachment-medium_large size-medium_large lazyload\" alt=\"Chemin\u00e9e dans le salon-bar de l&#039;h\u00f4tel, ambiance cosy\" aria-describedby=\"gallery-4-1285\" data-srcset=\"https:\/\/lemontaigu.com\/wp-content\/smush-webp\/2026\/04\/bar-fireplace_6240x4160-768x512.jpg.webp 768w, https:\/\/lemontaigu.com\/wp-content\/smush-webp\/2026\/04\/bar-fireplace_6240x4160-300x200.jpg.webp 300w, https:\/\/lemontaigu.com\/wp-content\/smush-webp\/2026\/04\/bar-fireplace_6240x4160-1024x683.jpg.webp 1024w, https:\/\/lemontaigu.com\/wp-content\/smush-webp\/2026\/04\/bar-fireplace_6240x4160-200x133.jpg.webp 200w, https:\/\/lemontaigu.com\/wp-content\/smush-webp\/2026\/04\/bar-fireplace_6240x4160-1536x1024.jpg.webp 1536w, https:\/\/lemontaigu.com\/wp-content\/smush-webp\/2026\/04\/bar-fireplace_6240x4160-scaled.jpg.webp 2048w, https:\/\/lemontaigu.com\/wp-content\/smush-webp\/2026\/04\/bar-fireplace_6240x4160-18x12.jpg.webp 18w\" data-sizes=\"auto\" src=\"data:image\/svg+xml;base64,PHN2ZyB3aWR0aD0iMSIgaGVpZ2h0PSIxIiB4bWxucz0iaHR0cDovL3d3dy53My5vcmcvMjAwMC9zdmciPjwvc3ZnPg==\" style=\"--smush-placeholder-width: 768px; --smush-placeholder-aspect-ratio: 768\/512;\" data-original-sizes=\"(max-width: 768px) 100vw, 768px\" data-smush-webp-fallback=\"{&quot;data-src&quot;:&quot;https:\\\/\\\/lemontaigu.com\\\/wp-content\\\/uploads\\\/2026\\\/04\\\/bar-fireplace_6240x4160-768x512.jpg&quot;,&quot;data-srcset&quot;:&quot;https:\\\/\\\/lemontaigu.com\\\/wp-content\\\/uploads\\\/2026\\\/04\\\/bar-fireplace_6240x4160-768x512.jpg 768w, https:\\\/\\\/lemontaigu.com\\\/wp-content\\\/uploads\\\/2026\\\/04\\\/bar-fireplace_6240x4160-300x200.jpg 300w, https:\\\/\\\/lemontaigu.com\\\/wp-content\\\/uploads\\\/2026\\\/04\\\/bar-fireplace_6240x4160-1024x683.jpg 1024w, https:\\\/\\\/lemontaigu.com\\\/wp-content\\\/uploads\\\/2026\\\/04\\\/bar-fireplace_6240x4160-200x133.jpg 200w, https:\\\/\\\/lemontaigu.com\\\/wp-content\\\/uploads\\\/2026\\\/04\\\/bar-fireplace_6240x4160-1536x1024.jpg 1536w, https:\\\/\\\/lemontaigu.com\\\/wp-content\\\/uploads\\\/2026\\\/04\\\/bar-fireplace_6240x4160-scaled.jpg 2048w, https:\\\/\\\/lemontaigu.com\\\/wp-content\\\/uploads\\\/2026\\\/04\\\/bar-fireplace_6240x4160-18x12.jpg 18w&quot;}\" \/><\/a>\n\t\t\t<\/div>\n\t\t\t\t<figcaption class='wp-caption-text gallery-caption' id='gallery-4-1285'>\n\t\t\t\tRelax by the fireplace after a day in the mountains\n\t\t\t\t<\/figcaption><\/figure><figure class='gallery-item'>\n\t\t\t<div class='gallery-icon landscape'>\n\t\t\t\t<a data-elementor-open-lightbox=\"yes\" data-elementor-lightbox-slideshow=\"gal-s4-g\" data-elementor-lightbox-title=\"Hall de r\u00e9ception\" data-e-action-hash=\"#elementor-action%3Aaction%3Dlightbox%26settings%3DeyJpZCI6MTI4NywidXJsIjoiaHR0cHM6XC9cL2xlbW9udGFpZ3UuY29tXC93cC1jb250ZW50XC91cGxvYWRzXC8yMDI2XC8wNFwvcmVjZXB0aW9uLWxvYmJ5XzYyNDB4NDE2MC1zY2FsZWQuanBnIiwic2xpZGVzaG93IjoiZ2FsLXM0LWcifQ%3D%3D\" href='https:\/\/lemontaigu.com\/wp-content\/uploads\/2026\/04\/reception-lobby_6240x4160-scaled.jpg'><img decoding=\"async\" width=\"768\" height=\"512\" data-src=\"https:\/\/lemontaigu.com\/wp-content\/uploads\/2026\/04\/reception-lobby_6240x4160-768x512.jpg\" class=\"attachment-medium_large size-medium_large lazyload\" alt=\"Hall d&#039;entr\u00e9e et r\u00e9ception de l&#039;H\u00f4tel Le Montaigu\" aria-describedby=\"gallery-4-1287\" data-srcset=\"https:\/\/lemontaigu.com\/wp-content\/uploads\/2026\/04\/reception-lobby_6240x4160-768x512.jpg 768w, https:\/\/lemontaigu.com\/wp-content\/uploads\/2026\/04\/reception-lobby_6240x4160-300x200.jpg 300w, https:\/\/lemontaigu.com\/wp-content\/uploads\/2026\/04\/reception-lobby_6240x4160-1024x683.jpg 1024w, https:\/\/lemontaigu.com\/wp-content\/uploads\/2026\/04\/reception-lobby_6240x4160-200x133.jpg 200w, https:\/\/lemontaigu.com\/wp-content\/uploads\/2026\/04\/reception-lobby_6240x4160-1536x1024.jpg 1536w, https:\/\/lemontaigu.com\/wp-content\/uploads\/2026\/04\/reception-lobby_6240x4160-scaled.jpg 2048w, https:\/\/lemontaigu.com\/wp-content\/uploads\/2026\/04\/reception-lobby_6240x4160-18x12.jpg 18w\" data-sizes=\"auto\" src=\"data:image\/svg+xml;base64,PHN2ZyB3aWR0aD0iMSIgaGVpZ2h0PSIxIiB4bWxucz0iaHR0cDovL3d3dy53My5vcmcvMjAwMC9zdmciPjwvc3ZnPg==\" style=\"--smush-placeholder-width: 768px; --smush-placeholder-aspect-ratio: 768\/512;\" data-original-sizes=\"(max-width: 768px) 100vw, 768px\" \/><\/a>\n\t\t\t<\/div>\n\t\t\t\t<figcaption class='wp-caption-text gallery-caption' id='gallery-4-1287'>\n\t\t\t\tA warm welcome upon your arrival\n\t\t\t\t<\/figcaption><\/figure><figure class='gallery-item'>\n\t\t\t<div class='gallery-icon landscape'>\n\t\t\t\t<a data-elementor-open-lightbox=\"yes\" data-elementor-lightbox-slideshow=\"gal-s4-g\" data-elementor-lightbox-title=\"Terrasse du bar\" data-e-action-hash=\"#elementor-action%3Aaction%3Dlightbox%26settings%3DeyJpZCI6MTI4OCwidXJsIjoiaHR0cHM6XC9cL2xlbW9udGFpZ3UuY29tXC93cC1jb250ZW50XC91cGxvYWRzXC8yMDI2XC8wNFwvYmFyLXRlcnJhY2VfNjI0MHg0MTYwLXNjYWxlZC5qcGciLCJzbGlkZXNob3ciOiJnYWwtczQtZyJ9\" href='https:\/\/lemontaigu.com\/wp-content\/uploads\/2026\/04\/bar-terrace_6240x4160-scaled.jpg'><img decoding=\"async\" width=\"768\" height=\"512\" data-src=\"https:\/\/lemontaigu.com\/wp-content\/uploads\/2026\/04\/bar-terrace_6240x4160-768x512.jpg\" class=\"attachment-medium_large size-medium_large lazyload\" alt=\"Terrasse ext\u00e9rieure du bar avec vue sur le village\" aria-describedby=\"gallery-4-1288\" data-srcset=\"https:\/\/lemontaigu.com\/wp-content\/uploads\/2026\/04\/bar-terrace_6240x4160-768x512.jpg 768w, https:\/\/lemontaigu.com\/wp-content\/uploads\/2026\/04\/bar-terrace_6240x4160-300x200.jpg 300w, https:\/\/lemontaigu.com\/wp-content\/uploads\/2026\/04\/bar-terrace_6240x4160-1024x683.jpg 1024w, https:\/\/lemontaigu.com\/wp-content\/uploads\/2026\/04\/bar-terrace_6240x4160-200x133.jpg 200w, https:\/\/lemontaigu.com\/wp-content\/uploads\/2026\/04\/bar-terrace_6240x4160-1536x1024.jpg 1536w, https:\/\/lemontaigu.com\/wp-content\/uploads\/2026\/04\/bar-terrace_6240x4160-scaled.jpg 2048w, https:\/\/lemontaigu.com\/wp-content\/uploads\/2026\/04\/bar-terrace_6240x4160-18x12.jpg 18w\" data-sizes=\"auto\" src=\"data:image\/svg+xml;base64,PHN2ZyB3aWR0aD0iMSIgaGVpZ2h0PSIxIiB4bWxucz0iaHR0cDovL3d3dy53My5vcmcvMjAwMC9zdmciPjwvc3ZnPg==\" style=\"--smush-placeholder-width: 768px; --smush-placeholder-aspect-ratio: 768\/512;\" data-original-sizes=\"(max-width: 768px) 100vw, 768px\" \/><\/a>\n\t\t\t<\/div>\n\t\t\t\t<figcaption class='wp-caption-text gallery-caption' id='gallery-4-1288'>\n\t\t\t\tEnjoy a drink on the terrace with a view of the village\n\t\t\t\t<\/figcaption><\/figure><figure class='gallery-item'>\n\t\t\t<div class='gallery-icon portrait'>\n\t\t\t\t<a data-elementor-open-lightbox=\"yes\" data-elementor-lightbox-slideshow=\"gal-s4-g\" data-elementor-lightbox-title=\"Galerie d&#039;art du salon\" data-e-action-hash=\"#elementor-action%3Aaction%3Dlightbox%26settings%3DeyJpZCI6MTI4OSwidXJsIjoiaHR0cHM6XC9cL2xlbW9udGFpZ3UuY29tXC93cC1jb250ZW50XC91cGxvYWRzXC8yMDI2XC8wNFwvbG91bmdlLWFydC1nYWxsZXJ5XzQwNjV4NjA5Ny1zY2FsZWQuanBnIiwic2xpZGVzaG93IjoiZ2FsLXM0LWcifQ%3D%3D\" href='https:\/\/lemontaigu.com\/wp-content\/uploads\/2026\/04\/lounge-art-gallery_4065x6097-scaled.jpg'><img decoding=\"async\" width=\"768\" height=\"1152\" data-src=\"https:\/\/lemontaigu.com\/wp-content\/uploads\/2026\/04\/lounge-art-gallery_4065x6097-768x1152.jpg\" class=\"attachment-medium_large size-medium_large lazyload\" alt=\"Espace galerie d&#039;art dans le salon de l&#039;h\u00f4tel\" aria-describedby=\"gallery-4-1289\" data-srcset=\"https:\/\/lemontaigu.com\/wp-content\/uploads\/2026\/04\/lounge-art-gallery_4065x6097-768x1152.jpg 768w, https:\/\/lemontaigu.com\/wp-content\/uploads\/2026\/04\/lounge-art-gallery_4065x6097-200x300.jpg 200w, https:\/\/lemontaigu.com\/wp-content\/uploads\/2026\/04\/lounge-art-gallery_4065x6097-683x1024.jpg 683w, https:\/\/lemontaigu.com\/wp-content\/uploads\/2026\/04\/lounge-art-gallery_4065x6097-133x200.jpg 133w, https:\/\/lemontaigu.com\/wp-content\/uploads\/2026\/04\/lounge-art-gallery_4065x6097-1024x1536.jpg 1024w, https:\/\/lemontaigu.com\/wp-content\/uploads\/2026\/04\/lounge-art-gallery_4065x6097-1365x2048.jpg 1365w, https:\/\/lemontaigu.com\/wp-content\/uploads\/2026\/04\/lounge-art-gallery_4065x6097-8x12.jpg 8w, https:\/\/lemontaigu.com\/wp-content\/uploads\/2026\/04\/lounge-art-gallery_4065x6097-scaled.jpg 1366w\" data-sizes=\"auto\" src=\"data:image\/svg+xml;base64,PHN2ZyB3aWR0aD0iMSIgaGVpZ2h0PSIxIiB4bWxucz0iaHR0cDovL3d3dy53My5vcmcvMjAwMC9zdmciPjwvc3ZnPg==\" style=\"--smush-placeholder-width: 768px; --smush-placeholder-aspect-ratio: 768\/1152;\" data-original-sizes=\"(max-width: 768px) 100vw, 768px\" \/><\/a>\n\t\t\t<\/div>\n\t\t\t\t<figcaption class='wp-caption-text gallery-caption' id='gallery-4-1289'>\n\t\t\t\tOur art gallery showcases local artists\n\t\t\t\t<\/figcaption><\/figure><figure class='gallery-item'>\n\t\t\t<div class='gallery-icon landscape'>\n\t\t\t\t<a data-elementor-open-lightbox=\"yes\" data-elementor-lightbox-slideshow=\"gal-s4-g\" data-elementor-lightbox-title=\"Le bar de l&#039;h\u00f4tel\" data-e-action-hash=\"#elementor-action%3Aaction%3Dlightbox%26settings%3DeyJpZCI6MTI5MiwidXJsIjoiaHR0cHM6XC9cL2xlbW9udGFpZ3UuY29tXC93cC1jb250ZW50XC91cGxvYWRzXC8yMDI2XC8wNFwvYmFyLW1haW5fNTcwM3gzODAyLXNjYWxlZC5qcGciLCJzbGlkZXNob3ciOiJnYWwtczQtZyJ9\" href='https:\/\/lemontaigu.com\/wp-content\/uploads\/2026\/04\/bar-main_5703x3802-scaled.jpg'><img decoding=\"async\" width=\"768\" height=\"512\" data-src=\"https:\/\/lemontaigu.com\/wp-content\/uploads\/2026\/04\/bar-main_5703x3802-768x512.jpg\" class=\"attachment-medium_large size-medium_large lazyload\" alt=\"Bar de l&#039;H\u00f4tel Le Montaigu avec ambiance chaleureuse\" aria-describedby=\"gallery-4-1292\" data-srcset=\"https:\/\/lemontaigu.com\/wp-content\/uploads\/2026\/04\/bar-main_5703x3802-768x512.jpg 768w, https:\/\/lemontaigu.com\/wp-content\/uploads\/2026\/04\/bar-main_5703x3802-300x200.jpg 300w, https:\/\/lemontaigu.com\/wp-content\/uploads\/2026\/04\/bar-main_5703x3802-1024x683.jpg 1024w, https:\/\/lemontaigu.com\/wp-content\/uploads\/2026\/04\/bar-main_5703x3802-200x133.jpg 200w, https:\/\/lemontaigu.com\/wp-content\/uploads\/2026\/04\/bar-main_5703x3802-1536x1024.jpg 1536w, https:\/\/lemontaigu.com\/wp-content\/uploads\/2026\/04\/bar-main_5703x3802-scaled.jpg 2048w, https:\/\/lemontaigu.com\/wp-content\/uploads\/2026\/04\/bar-main_5703x3802-18x12.jpg 18w\" data-sizes=\"auto\" src=\"data:image\/svg+xml;base64,PHN2ZyB3aWR0aD0iMSIgaGVpZ2h0PSIxIiB4bWxucz0iaHR0cDovL3d3dy53My5vcmcvMjAwMC9zdmciPjwvc3ZnPg==\" style=\"--smush-placeholder-width: 768px; --smush-placeholder-aspect-ratio: 768\/512;\" data-original-sizes=\"(max-width: 768px) 100vw, 768px\" \/><\/a>\n\t\t\t<\/div>\n\t\t\t\t<figcaption class='wp-caption-text gallery-caption' id='gallery-4-1292'>\n\t\t\t\tOur bar, a place for socializing and relaxing\n\t\t\t\t<\/figcaption><\/figure>\n\t\t<\/div>\n\t\t<\/div>\n\t\t\t\t\t\t<\/div>\n\t\t\t\t<\/div>\n\t\t<div class=\"elementor-element elementor-element-gal-s5 e-con-full e-flex e-con e-child\" data-id=\"gal-s5\" data-element_type=\"container\" data-e-type=\"container\">\n\t\t\t\t<div class=\"elementor-element elementor-element-gal-s5-h elementor-widget elementor-widget-heading\" data-id=\"gal-s5-h\" data-element_type=\"widget\" data-e-type=\"widget\" data-widget_type=\"heading.default\">\n\t\t\t\t\t<h2 class=\"elementor-heading-title elementor-size-default\">Les Pyr\u00e9n\u00e9es &amp; Activit\u00e9s<\/h2>\t\t\t\t<\/div>\n\t\t\t\t<div class=\"elementor-element elementor-element-gal-s5-d elementor-widget elementor-widget-text-editor\" data-id=\"gal-s5-d\" data-element_type=\"widget\" data-e-type=\"widget\" data-widget_type=\"text-editor.default\">\n\t\t\t\t\t\t\t\t\t<p style=\"text-align:center;color:#666;max-width:700px;margin:0 auto 20px;\">Skiing, mountain biking, hiking, mountain lakes\u2026 The Pyrenees offer an exceptional playground just minutes from the hotel. The legendary Col du Tourmalet is within cycling distance.<\/p>\t\t\t\t\t\t\t\t<\/div>\n\t\t\t\t<div class=\"elementor-element elementor-element-gal-s5-g elementor-widget elementor-widget-image-gallery\" data-id=\"gal-s5-g\" data-element_type=\"widget\" data-e-type=\"widget\" data-widget_type=\"image-gallery.default\">\n\t\t\t\t\t\t\t<div class=\"elementor-image-gallery\">\n\t\t\t<div id='gallery-5' class='gallery galleryid-820 gallery-columns-3 gallery-size-medium_large'><figure class='gallery-item'>\n\t\t\t<div class='gallery-icon landscape'>\n\t\t\t\t<a data-elementor-open-lightbox=\"yes\" data-elementor-lightbox-slideshow=\"gal-s5-g\" data-elementor-lightbox-title=\"Lac de montagne pyr\u00e9n\u00e9en\" data-e-action-hash=\"#elementor-action%3Aaction%3Dlightbox%26settings%3DeyJpZCI6MTI5MCwidXJsIjoiaHR0cHM6XC9cL2xlbW9udGFpZ3UuY29tXC93cC1jb250ZW50XC91cGxvYWRzXC8yMDI2XC8wNFwvbGFuZHNjYXBlLWxha2UtbW91bnRhaW5fMTYyMHgxMDgwLmpwZyIsInNsaWRlc2hvdyI6ImdhbC1zNS1nIn0%3D\" href='https:\/\/lemontaigu.com\/wp-content\/uploads\/2026\/04\/landscape-lake-mountain_1620x1080.jpg'><img decoding=\"async\" width=\"768\" height=\"512\" data-src=\"https:\/\/lemontaigu.com\/wp-content\/uploads\/2026\/04\/landscape-lake-mountain_1620x1080-768x512.jpg\" class=\"attachment-medium_large size-medium_large lazyload\" alt=\"Lac de montagne entour\u00e9 de sommets pyr\u00e9n\u00e9ens\" aria-describedby=\"gallery-5-1290\" data-srcset=\"https:\/\/lemontaigu.com\/wp-content\/uploads\/2026\/04\/landscape-lake-mountain_1620x1080-768x512.jpg 768w, https:\/\/lemontaigu.com\/wp-content\/uploads\/2026\/04\/landscape-lake-mountain_1620x1080-300x200.jpg 300w, https:\/\/lemontaigu.com\/wp-content\/uploads\/2026\/04\/landscape-lake-mountain_1620x1080-1024x683.jpg 1024w, https:\/\/lemontaigu.com\/wp-content\/uploads\/2026\/04\/landscape-lake-mountain_1620x1080-200x133.jpg 200w, https:\/\/lemontaigu.com\/wp-content\/uploads\/2026\/04\/landscape-lake-mountain_1620x1080-1536x1024.jpg 1536w, https:\/\/lemontaigu.com\/wp-content\/uploads\/2026\/04\/landscape-lake-mountain_1620x1080-18x12.jpg 18w, https:\/\/lemontaigu.com\/wp-content\/uploads\/2026\/04\/landscape-lake-mountain_1620x1080.jpg 1620w\" data-sizes=\"auto\" src=\"data:image\/svg+xml;base64,PHN2ZyB3aWR0aD0iMSIgaGVpZ2h0PSIxIiB4bWxucz0iaHR0cDovL3d3dy53My5vcmcvMjAwMC9zdmciPjwvc3ZnPg==\" style=\"--smush-placeholder-width: 768px; --smush-placeholder-aspect-ratio: 768\/512;\" data-original-sizes=\"(max-width: 768px) 100vw, 768px\" \/><\/a>\n\t\t\t<\/div>\n\t\t\t\t<figcaption class='wp-caption-text gallery-caption' id='gallery-5-1290'>\n\t\t\t\tMountain lakes, the jewels of the Pyr\u00e9n\u00e9es\n\t\t\t\t<\/figcaption><\/figure><figure class='gallery-item'>\n\t\t\t<div class='gallery-icon landscape'>\n\t\t\t\t<a data-elementor-open-lightbox=\"yes\" data-elementor-lightbox-slideshow=\"gal-s5-g\" data-elementor-lightbox-title=\"Coucher de soleil sur les Pyr\u00e9n\u00e9es\" data-e-action-hash=\"#elementor-action%3Aaction%3Dlightbox%26settings%3DeyJpZCI6MTI5MSwidXJsIjoiaHR0cHM6XC9cL2xlbW9udGFpZ3UuY29tXC93cC1jb250ZW50XC91cGxvYWRzXC8yMDI2XC8wNFwvbGFuZHNjYXBlLW1vdW50YWluLXN1bnNldF8zOTY4eDIyMzItc2NhbGVkLmpwZyIsInNsaWRlc2hvdyI6ImdhbC1zNS1nIn0%3D\" href='https:\/\/lemontaigu.com\/wp-content\/uploads\/2026\/04\/landscape-mountain-sunset_3968x2232-scaled.jpg'><img decoding=\"async\" width=\"768\" height=\"432\" data-src=\"https:\/\/lemontaigu.com\/wp-content\/uploads\/2026\/04\/landscape-mountain-sunset_3968x2232-768x432.jpg\" class=\"attachment-medium_large size-medium_large lazyload\" alt=\"Coucher de soleil dor\u00e9 sur les sommets des Pyr\u00e9n\u00e9es\" aria-describedby=\"gallery-5-1291\" data-srcset=\"https:\/\/lemontaigu.com\/wp-content\/uploads\/2026\/04\/landscape-mountain-sunset_3968x2232-768x432.jpg 768w, https:\/\/lemontaigu.com\/wp-content\/uploads\/2026\/04\/landscape-mountain-sunset_3968x2232-300x169.jpg 300w, https:\/\/lemontaigu.com\/wp-content\/uploads\/2026\/04\/landscape-mountain-sunset_3968x2232-1024x576.jpg 1024w, https:\/\/lemontaigu.com\/wp-content\/uploads\/2026\/04\/landscape-mountain-sunset_3968x2232-200x113.jpg 200w, https:\/\/lemontaigu.com\/wp-content\/uploads\/2026\/04\/landscape-mountain-sunset_3968x2232-1536x864.jpg 1536w, https:\/\/lemontaigu.com\/wp-content\/uploads\/2026\/04\/landscape-mountain-sunset_3968x2232-scaled.jpg 2048w, https:\/\/lemontaigu.com\/wp-content\/uploads\/2026\/04\/landscape-mountain-sunset_3968x2232-18x10.jpg 18w\" data-sizes=\"auto\" src=\"data:image\/svg+xml;base64,PHN2ZyB3aWR0aD0iMSIgaGVpZ2h0PSIxIiB4bWxucz0iaHR0cDovL3d3dy53My5vcmcvMjAwMC9zdmciPjwvc3ZnPg==\" style=\"--smush-placeholder-width: 768px; --smush-placeholder-aspect-ratio: 768\/432;\" data-original-sizes=\"(max-width: 768px) 100vw, 768px\" \/><\/a>\n\t\t\t<\/div>\n\t\t\t\t<figcaption class='wp-caption-text gallery-caption' id='gallery-5-1291'>\n\t\t\t\tUnforgettable sunsets over the mountain peaks\n\t\t\t\t<\/figcaption><\/figure><figure class='gallery-item'>\n\t\t\t<div class='gallery-icon landscape'>\n\t\t\t\t<a data-elementor-open-lightbox=\"yes\" data-elementor-lightbox-slideshow=\"gal-s5-g\" data-elementor-lightbox-title=\"Village de Luz-Saint-Sauveur\" data-e-action-hash=\"#elementor-action%3Aaction%3Dlightbox%26settings%3DeyJpZCI6MTI5MywidXJsIjoiaHR0cHM6XC9cL2xlbW9udGFpZ3UuY29tXC93cC1jb250ZW50XC91cGxvYWRzXC8yMDI2XC8wNFwvdmlsbGFnZS1sdXotc2t5bGluZV8xNjIweDEwODAuanBnIiwic2xpZGVzaG93IjoiZ2FsLXM1LWcifQ%3D%3D\" href='https:\/\/lemontaigu.com\/wp-content\/uploads\/2026\/04\/village-luz-skyline_1620x1080.jpg'><img decoding=\"async\" width=\"768\" height=\"512\" data-src=\"https:\/\/lemontaigu.com\/wp-content\/uploads\/2026\/04\/village-luz-skyline_1620x1080-768x512.jpg\" class=\"attachment-medium_large size-medium_large lazyload\" alt=\"Vue panoramique sur le village de Luz-Saint-Sauveur dans les Pyr\u00e9n\u00e9es\" aria-describedby=\"gallery-5-1293\" data-srcset=\"https:\/\/lemontaigu.com\/wp-content\/uploads\/2026\/04\/village-luz-skyline_1620x1080-768x512.jpg 768w, https:\/\/lemontaigu.com\/wp-content\/uploads\/2026\/04\/village-luz-skyline_1620x1080-300x200.jpg 300w, https:\/\/lemontaigu.com\/wp-content\/uploads\/2026\/04\/village-luz-skyline_1620x1080-1024x683.jpg 1024w, https:\/\/lemontaigu.com\/wp-content\/uploads\/2026\/04\/village-luz-skyline_1620x1080-200x133.jpg 200w, https:\/\/lemontaigu.com\/wp-content\/uploads\/2026\/04\/village-luz-skyline_1620x1080-1536x1024.jpg 1536w, https:\/\/lemontaigu.com\/wp-content\/uploads\/2026\/04\/village-luz-skyline_1620x1080-18x12.jpg 18w, https:\/\/lemontaigu.com\/wp-content\/uploads\/2026\/04\/village-luz-skyline_1620x1080.jpg 1620w\" data-sizes=\"auto\" src=\"data:image\/svg+xml;base64,PHN2ZyB3aWR0aD0iMSIgaGVpZ2h0PSIxIiB4bWxucz0iaHR0cDovL3d3dy53My5vcmcvMjAwMC9zdmciPjwvc3ZnPg==\" style=\"--smush-placeholder-width: 768px; --smush-placeholder-aspect-ratio: 768\/512;\" data-original-sizes=\"(max-width: 768px) 100vw, 768px\" \/><\/a>\n\t\t\t<\/div>\n\t\t\t\t<figcaption class='wp-caption-text gallery-caption' id='gallery-5-1293'>\n\t\t\t\tLuz-Saint-Sauveur, a charming village in the heart of the Pyr\u00e9n\u00e9es\n\t\t\t\t<\/figcaption><\/figure><figure class='gallery-item'>\n\t\t\t<div class='gallery-icon landscape'>\n\t\t\t\t<a data-elementor-open-lightbox=\"yes\" data-elementor-lightbox-slideshow=\"gal-s5-g\" data-elementor-lightbox-title=\"VTT en montagne\" data-e-action-hash=\"#elementor-action%3Aaction%3Dlightbox%26settings%3DeyJpZCI6MTI5NCwidXJsIjoiaHR0cHM6XC9cL2xlbW9udGFpZ3UuY29tXC93cC1jb250ZW50XC91cGxvYWRzXC8yMDI2XC8wNFwvYWN0aXZpdHktbXRiLW1vdW50YWluXzE2MjB4MTA4MC5qcGciLCJzbGlkZXNob3ciOiJnYWwtczUtZyJ9\" href='https:\/\/lemontaigu.com\/wp-content\/uploads\/2026\/04\/activity-mtb-mountain_1620x1080.jpg'><img decoding=\"async\" width=\"768\" height=\"512\" data-src=\"https:\/\/lemontaigu.com\/wp-content\/uploads\/2026\/04\/activity-mtb-mountain_1620x1080-768x512.jpg\" class=\"attachment-medium_large size-medium_large lazyload\" alt=\"Cycliste en VTT sur un sentier de montagne dans les Pyr\u00e9n\u00e9es\" aria-describedby=\"gallery-5-1294\" data-srcset=\"https:\/\/lemontaigu.com\/wp-content\/uploads\/2026\/04\/activity-mtb-mountain_1620x1080-768x512.jpg 768w, https:\/\/lemontaigu.com\/wp-content\/uploads\/2026\/04\/activity-mtb-mountain_1620x1080-300x200.jpg 300w, https:\/\/lemontaigu.com\/wp-content\/uploads\/2026\/04\/activity-mtb-mountain_1620x1080-1024x683.jpg 1024w, https:\/\/lemontaigu.com\/wp-content\/uploads\/2026\/04\/activity-mtb-mountain_1620x1080-200x133.jpg 200w, https:\/\/lemontaigu.com\/wp-content\/uploads\/2026\/04\/activity-mtb-mountain_1620x1080-1536x1024.jpg 1536w, https:\/\/lemontaigu.com\/wp-content\/uploads\/2026\/04\/activity-mtb-mountain_1620x1080-18x12.jpg 18w, https:\/\/lemontaigu.com\/wp-content\/uploads\/2026\/04\/activity-mtb-mountain_1620x1080.jpg 1620w\" data-sizes=\"auto\" src=\"data:image\/svg+xml;base64,PHN2ZyB3aWR0aD0iMSIgaGVpZ2h0PSIxIiB4bWxucz0iaHR0cDovL3d3dy53My5vcmcvMjAwMC9zdmciPjwvc3ZnPg==\" style=\"--smush-placeholder-width: 768px; --smush-placeholder-aspect-ratio: 768\/512;\" data-original-sizes=\"(max-width: 768px) 100vw, 768px\" \/><\/a>\n\t\t\t<\/div>\n\t\t\t\t<figcaption class='wp-caption-text gallery-caption' id='gallery-5-1294'>\n\t\t\t\tExplore the trails of the Pyrenees on a mountain bike\n\t\t\t\t<\/figcaption><\/figure><figure class='gallery-item'>\n\t\t\t<div class='gallery-icon landscape'>\n\t\t\t\t<a data-elementor-open-lightbox=\"yes\" data-elementor-lightbox-slideshow=\"gal-s5-g\" data-elementor-lightbox-title=\"Ski alpin dans les Pyr\u00e9n\u00e9es\" data-e-action-hash=\"#elementor-action%3Aaction%3Dlightbox%26settings%3DeyJpZCI6MTI5NSwidXJsIjoiaHR0cHM6XC9cL2xlbW9udGFpZ3UuY29tXC93cC1jb250ZW50XC91cGxvYWRzXC8yMDI2XC8wNFwvYWN0aXZpdHktc2tpLWRvd25oaWxsXzE0NDB4MTA4MC5qcGciLCJzbGlkZXNob3ciOiJnYWwtczUtZyJ9\" href='https:\/\/lemontaigu.com\/wp-content\/uploads\/2026\/04\/activity-ski-downhill_1440x1080.jpg'><img decoding=\"async\" width=\"768\" height=\"576\" data-src=\"https:\/\/lemontaigu.com\/wp-content\/uploads\/2026\/04\/activity-ski-downhill_1440x1080-768x576.jpg\" class=\"attachment-medium_large size-medium_large lazyload\" alt=\"Skieur d\u00e9valant une piste enneig\u00e9e dans les Pyr\u00e9n\u00e9es\" aria-describedby=\"gallery-5-1295\" data-srcset=\"https:\/\/lemontaigu.com\/wp-content\/uploads\/2026\/04\/activity-ski-downhill_1440x1080-768x576.jpg 768w, https:\/\/lemontaigu.com\/wp-content\/uploads\/2026\/04\/activity-ski-downhill_1440x1080-300x225.jpg 300w, https:\/\/lemontaigu.com\/wp-content\/uploads\/2026\/04\/activity-ski-downhill_1440x1080-1024x768.jpg 1024w, https:\/\/lemontaigu.com\/wp-content\/uploads\/2026\/04\/activity-ski-downhill_1440x1080-200x150.jpg 200w, https:\/\/lemontaigu.com\/wp-content\/uploads\/2026\/04\/activity-ski-downhill_1440x1080-16x12.jpg 16w, https:\/\/lemontaigu.com\/wp-content\/uploads\/2026\/04\/activity-ski-downhill_1440x1080.jpg 1440w\" data-sizes=\"auto\" src=\"data:image\/svg+xml;base64,PHN2ZyB3aWR0aD0iMSIgaGVpZ2h0PSIxIiB4bWxucz0iaHR0cDovL3d3dy53My5vcmcvMjAwMC9zdmciPjwvc3ZnPg==\" style=\"--smush-placeholder-width: 768px; --smush-placeholder-aspect-ratio: 768\/576;\" data-original-sizes=\"(max-width: 768px) 100vw, 768px\" \/><\/a>\n\t\t\t<\/div>\n\t\t\t\t<figcaption class='wp-caption-text gallery-caption' id='gallery-5-1295'>\n\t\t\t\tSki resorts just a few minutes from the hotel\n\t\t\t\t<\/figcaption><\/figure><figure class='gallery-item'>\n\t\t\t<div class='gallery-icon landscape'>\n\t\t\t\t<a data-elementor-open-lightbox=\"yes\" data-elementor-lightbox-slideshow=\"gal-s5-g\" data-elementor-lightbox-title=\"Au pied du Col du Tourmalet\" data-e-action-hash=\"#elementor-action%3Aaction%3Dlightbox%26settings%3DeyJpZCI6MTI5NiwidXJsIjoiaHR0cHM6XC9cL2xlbW9udGFpZ3UuY29tXC93cC1jb250ZW50XC91cGxvYWRzXC8yMDI2XC8wNFwvaG90ZWwtYXQtdG91cm1hbGV0XzYyNDB4NDE2MC1zY2FsZWQuanBnIiwic2xpZGVzaG93IjoiZ2FsLXM1LWcifQ%3D%3D\" href='https:\/\/lemontaigu.com\/wp-content\/smush-webp\/2026\/04\/hotel-at-tourmalet_6240x4160-scaled.jpg.webp' data-smush-webp-fallback=\"{&quot;href&quot;:&quot;https:\\\/\\\/lemontaigu.com\\\/wp-content\\\/uploads\\\/2026\\\/04\\\/hotel-at-tourmalet_6240x4160-scaled.jpg&quot;}\"><img decoding=\"async\" width=\"768\" height=\"512\" data-src=\"https:\/\/lemontaigu.com\/wp-content\/smush-webp\/2026\/04\/hotel-at-tourmalet_6240x4160-768x512.jpg.webp\" class=\"attachment-medium_large size-medium_large lazyload\" alt=\"Vue depuis le Col du Tourmalet, sommet mythique des Pyr\u00e9n\u00e9es\" aria-describedby=\"gallery-5-1296\" data-srcset=\"https:\/\/lemontaigu.com\/wp-content\/smush-webp\/2026\/04\/hotel-at-tourmalet_6240x4160-768x512.jpg.webp 768w, https:\/\/lemontaigu.com\/wp-content\/smush-webp\/2026\/04\/hotel-at-tourmalet_6240x4160-300x200.jpg.webp 300w, https:\/\/lemontaigu.com\/wp-content\/smush-webp\/2026\/04\/hotel-at-tourmalet_6240x4160-1024x683.jpg.webp 1024w, https:\/\/lemontaigu.com\/wp-content\/smush-webp\/2026\/04\/hotel-at-tourmalet_6240x4160-200x133.jpg.webp 200w, https:\/\/lemontaigu.com\/wp-content\/smush-webp\/2026\/04\/hotel-at-tourmalet_6240x4160-1536x1024.jpg.webp 1536w, https:\/\/lemontaigu.com\/wp-content\/smush-webp\/2026\/04\/hotel-at-tourmalet_6240x4160-scaled.jpg.webp 2048w, https:\/\/lemontaigu.com\/wp-content\/smush-webp\/2026\/04\/hotel-at-tourmalet_6240x4160-18x12.jpg.webp 18w\" data-sizes=\"auto\" src=\"data:image\/svg+xml;base64,PHN2ZyB3aWR0aD0iMSIgaGVpZ2h0PSIxIiB4bWxucz0iaHR0cDovL3d3dy53My5vcmcvMjAwMC9zdmciPjwvc3ZnPg==\" style=\"--smush-placeholder-width: 768px; --smush-placeholder-aspect-ratio: 768\/512;\" data-original-sizes=\"(max-width: 768px) 100vw, 768px\" data-smush-webp-fallback=\"{&quot;data-src&quot;:&quot;https:\\\/\\\/lemontaigu.com\\\/wp-content\\\/uploads\\\/2026\\\/04\\\/hotel-at-tourmalet_6240x4160-768x512.jpg&quot;,&quot;data-srcset&quot;:&quot;https:\\\/\\\/lemontaigu.com\\\/wp-content\\\/uploads\\\/2026\\\/04\\\/hotel-at-tourmalet_6240x4160-768x512.jpg 768w, https:\\\/\\\/lemontaigu.com\\\/wp-content\\\/uploads\\\/2026\\\/04\\\/hotel-at-tourmalet_6240x4160-300x200.jpg 300w, https:\\\/\\\/lemontaigu.com\\\/wp-content\\\/uploads\\\/2026\\\/04\\\/hotel-at-tourmalet_6240x4160-1024x683.jpg 1024w, https:\\\/\\\/lemontaigu.com\\\/wp-content\\\/uploads\\\/2026\\\/04\\\/hotel-at-tourmalet_6240x4160-200x133.jpg 200w, https:\\\/\\\/lemontaigu.com\\\/wp-content\\\/uploads\\\/2026\\\/04\\\/hotel-at-tourmalet_6240x4160-1536x1024.jpg 1536w, https:\\\/\\\/lemontaigu.com\\\/wp-content\\\/uploads\\\/2026\\\/04\\\/hotel-at-tourmalet_6240x4160-scaled.jpg 2048w, https:\\\/\\\/lemontaigu.com\\\/wp-content\\\/uploads\\\/2026\\\/04\\\/hotel-at-tourmalet_6240x4160-18x12.jpg 18w&quot;}\" \/><\/a>\n\t\t\t<\/div>\n\t\t\t\t<figcaption class='wp-caption-text gallery-caption' id='gallery-5-1296'>\n\t\t\t\tThe Col du Tourmalet, a legendary stage of the Tour de France\n\t\t\t\t<\/figcaption><\/figure>\n\t\t<\/div>\n\t\t<\/div>\n\t\t\t\t\t\t<\/div>\n\t\t\t\t<\/div>\n\t\t<div class=\"elementor-element elementor-element-gal-cta e-con-full e-flex e-con e-child\" data-id=\"gal-cta\" data-element_type=\"container\" data-e-type=\"container\" data-settings=\"{&quot;background_background&quot;:&quot;classic&quot;}\">\n\t\t\t\t<div class=\"elementor-element elementor-element-gal-cta-h elementor-widget elementor-widget-heading\" data-id=\"gal-cta-h\" data-element_type=\"widget\" data-e-type=\"widget\" data-widget_type=\"heading.default\">\n\t\t\t\t\t<h2 class=\"elementor-heading-title elementor-size-default\">Wish you were here?<\/h2>\t\t\t\t<\/div>\n\t\t\t\t<div class=\"elementor-element elementor-element-gal-cta-t elementor-widget elementor-widget-text-editor\" data-id=\"gal-cta-t\" data-element_type=\"widget\" data-e-type=\"widget\" data-widget_type=\"text-editor.default\">\n\t\t\t\t\t\t\t\t\t<p style=\"text-align:center;color:#F5F0E8;font-size:17px;\">Book your stay at the H\u00f4tel Le Montaigu and experience these moments for yourself<\/p>\t\t\t\t\t\t\t\t<\/div>\n\t\t<div class=\"elementor-element elementor-element-gal-cta-btns e-con-full e-flex e-con e-child\" data-id=\"gal-cta-btns\" data-element_type=\"container\" data-e-type=\"container\">\n\t\t\t\t<div class=\"elementor-element elementor-element-gal-cta-b1 elementor-widget elementor-widget-html\" data-id=\"gal-cta-b1\" data-element_type=\"widget\" data-e-type=\"widget\" data-widget_type=\"html.default\">\n\t\t\t\t\t<a href=\"#\" class=\"ibe hotel-btn-primary\" data-widget=\"overlay\" style=\"display:inline-block;padding:14px 32px;background:#C9A84C;color:#fff;font-size:16px;font-weight:600;border-radius:4px;text-decoration:none;font-family:Lato,sans-serif;text-align:center;\">Book a Room<\/a>\t\t\t\t<\/div>\n\t\t\t\t<div class=\"elementor-element elementor-element-gal-cta-b2 elementor-align-center elementor-widget elementor-widget-button\" data-id=\"gal-cta-b2\" data-element_type=\"widget\" data-e-type=\"widget\" data-widget_type=\"button.default\">\n\t\t\t\t\t\t\t\t\t\t<a class=\"elementor-button elementor-button-link elementor-size-sm\" href=\"\/en\/rooms\/\">\n\t\t\t\t\t\t<span class=\"elementor-button-content-wrapper\">\n\t\t\t\t\t\t\t\t\t<span class=\"elementor-button-text\">Discover Our Rooms<\/span>\n\t\t\t\t\t<\/span>\n\t\t\t\t\t<\/a>\n\t\t\t\t\t\t\t\t<\/div>\n\t\t\t\t<\/div>\n\t\t\t\t<\/div>\n\t\t\t\t\t<\/div>\n\t\t\t\t<\/div>\n\t\t\t\t<\/div>\n\t\t\t\t<\/div>","protected":false},"excerpt":{"rendered":"<p>Galerie D\u00e9couvrez l&rsquo;H\u00f4tel Le Montaigu et son cadre exceptionnel au c\u0153ur des Pyr\u00e9n\u00e9es L&rsquo;H\u00f4tel Notre \u00e9tablissement trois \u00e9toiles vous accueille dans un cadre chaleureux au c\u0153ur de Luz-Saint-Sauveur, avec sa fa\u00e7ade fleurie et sa terrasse panoramique. La fa\u00e7ade ensoleill\u00e9e de l&#8217;h\u00f4tel au c\u0153ur de Luz-Saint-Sauveur L&#8217;h\u00f4tel prend vie le soir avec un \u00e9clairage chaleureux La [&hellip;]<\/p>\n","protected":false},"author":0,"featured_media":0,"parent":0,"menu_order":0,"comment_status":"closed","ping_status":"closed","template":"elementor_header_footer","meta":{"_acf_changed":false,"footnotes":""},"class_list":["post-820","page","type-page","status-publish","hentry"],"acf":[],"yoast_head":"<!-- This site is optimized with the Yoast SEO plugin v27.4 - https:\/\/yoast.com\/product\/yoast-seo-wordpress\/ -->\n<title>Galerie photos \u2014 H\u00f4tel Le Montaigu, Luz-Saint-Sauveur<\/title>\n<meta name=\"description\" content=\"D\u00e9couvrez en images H\u00f4tel Le Montaigu : chambres, restaurant, terrasse et paysages pyr\u00e9n\u00e9ens. Luz-Saint-Sauveur au c\u0153ur des Hautes-Pyr\u00e9n\u00e9es.\" \/>\n<meta name=\"robots\" content=\"index, follow, max-snippet:-1, max-image-preview:large, max-video-preview:-1\" \/>\n<link rel=\"canonical\" href=\"https:\/\/lemontaigu.com\/en\/galerie\/\" \/>\n<meta property=\"og:locale\" content=\"en_US\" \/>\n<meta property=\"og:type\" content=\"article\" \/>\n<meta property=\"og:title\" content=\"Galerie photos \u2014 H\u00f4tel Le Montaigu, Luz-Saint-Sauveur\" \/>\n<meta property=\"og:description\" content=\"D\u00e9couvrez en images H\u00f4tel Le Montaigu : chambres, restaurant, terrasse et paysages pyr\u00e9n\u00e9ens. Luz-Saint-Sauveur au c\u0153ur des Hautes-Pyr\u00e9n\u00e9es.\" \/>\n<meta property=\"og:url\" content=\"https:\/\/lemontaigu.com\/en\/galerie\/\" \/>\n<meta property=\"og:site_name\" content=\"Le Montaigu Hotel*** Restaurant Bar\" \/>\n<meta property=\"article:publisher\" content=\"https:\/\/www.facebook.com\/hotelmontaigu\" \/>\n<meta property=\"article:modified_time\" content=\"2026-04-28T21:03:17+00:00\" \/>\n<meta property=\"og:image\" content=\"https:\/\/lemontaigu.com\/wp-content\/uploads\/2026\/04\/landscape-mountain-sunset_3968x2232-1-scaled-e1777410186291.jpg\" \/>\n\t<meta property=\"og:image:width\" content=\"1120\" \/>\n\t<meta property=\"og:image:height\" content=\"630\" \/>\n\t<meta property=\"og:image:type\" content=\"image\/jpeg\" \/>\n<meta name=\"twitter:card\" content=\"summary_large_image\" \/>\n<meta name=\"twitter:label1\" content=\"Est. reading time\" \/>\n\t<meta name=\"twitter:data1\" content=\"8 minutes\" \/>\n<script type=\"application\/ld+json\" class=\"yoast-schema-graph\">{\"@context\":\"https:\\\/\\\/schema.org\",\"@graph\":[{\"@type\":\"WebPage\",\"@id\":\"https:\\\/\\\/lemontaigu.com\\\/galerie\\\/\",\"url\":\"https:\\\/\\\/lemontaigu.com\\\/galerie\\\/\",\"name\":\"Galerie photos \u2014 H\u00f4tel Le Montaigu, Luz-Saint-Sauveur\",\"isPartOf\":{\"@id\":\"https:\\\/\\\/lemontaigu.com\\\/#website\"},\"primaryImageOfPage\":{\"@id\":\"https:\\\/\\\/lemontaigu.com\\\/galerie\\\/#primaryimage\"},\"image\":{\"@id\":\"https:\\\/\\\/lemontaigu.com\\\/galerie\\\/#primaryimage\"},\"thumbnailUrl\":\"https:\\\/\\\/lemontaigu.com\\\/wp-content\\\/uploads\\\/2026\\\/04\\\/hotel-facade-day_3798x2532-768x512.jpg\",\"datePublished\":\"2026-03-24T10:22:20+00:00\",\"dateModified\":\"2026-04-28T21:03:17+00:00\",\"description\":\"D\u00e9couvrez en images H\u00f4tel Le Montaigu : chambres, restaurant, terrasse et paysages pyr\u00e9n\u00e9ens. Luz-Saint-Sauveur au c\u0153ur des Hautes-Pyr\u00e9n\u00e9es.\",\"breadcrumb\":{\"@id\":\"https:\\\/\\\/lemontaigu.com\\\/galerie\\\/#breadcrumb\"},\"inLanguage\":\"en-US\",\"potentialAction\":[{\"@type\":\"ReadAction\",\"target\":[\"https:\\\/\\\/lemontaigu.com\\\/galerie\\\/\"]}]},{\"@type\":\"ImageObject\",\"inLanguage\":\"en-US\",\"@id\":\"https:\\\/\\\/lemontaigu.com\\\/galerie\\\/#primaryimage\",\"url\":\"https:\\\/\\\/lemontaigu.com\\\/wp-content\\\/uploads\\\/2026\\\/04\\\/hotel-facade-day_3798x2532-768x512.jpg\",\"contentUrl\":\"https:\\\/\\\/lemontaigu.com\\\/wp-content\\\/uploads\\\/2026\\\/04\\\/hotel-facade-day_3798x2532-768x512.jpg\"},{\"@type\":\"BreadcrumbList\",\"@id\":\"https:\\\/\\\/lemontaigu.com\\\/galerie\\\/#breadcrumb\",\"itemListElement\":[{\"@type\":\"ListItem\",\"position\":1,\"name\":\"Home\",\"item\":\"https:\\\/\\\/lemontaigu.com\\\/\"},{\"@type\":\"ListItem\",\"position\":2,\"name\":\"Galerie\"}]},{\"@type\":\"WebSite\",\"@id\":\"https:\\\/\\\/lemontaigu.com\\\/#website\",\"url\":\"https:\\\/\\\/lemontaigu.com\\\/\",\"name\":\"Le Montaigu H\u00f4tel Restaurant Bar\",\"description\":\"\",\"publisher\":{\"@id\":\"https:\\\/\\\/lemontaigu.com\\\/#organization\"},\"potentialAction\":[{\"@type\":\"SearchAction\",\"target\":{\"@type\":\"EntryPoint\",\"urlTemplate\":\"https:\\\/\\\/lemontaigu.com\\\/?s={search_term_string}\"},\"query-input\":{\"@type\":\"PropertyValueSpecification\",\"valueRequired\":true,\"valueName\":\"search_term_string\"}}],\"inLanguage\":\"en-US\"},{\"@type\":\"Organization\",\"@id\":\"https:\\\/\\\/lemontaigu.com\\\/#organization\",\"name\":\"LE MONTAIGU HOTELS ET RESORTS\",\"url\":\"https:\\\/\\\/lemontaigu.com\\\/\",\"logo\":{\"@type\":\"ImageObject\",\"inLanguage\":\"en-US\",\"@id\":\"https:\\\/\\\/lemontaigu.com\\\/#\\\/schema\\\/logo\\\/image\\\/\",\"url\":\"https:\\\/\\\/lemontaigu.com\\\/wp-content\\\/uploads\\\/2026\\\/04\\\/logo-1.png\",\"contentUrl\":\"https:\\\/\\\/lemontaigu.com\\\/wp-content\\\/uploads\\\/2026\\\/04\\\/logo-1.png\",\"width\":398,\"height\":192,\"caption\":\"LE MONTAIGU HOTELS ET RESORTS\"},\"image\":{\"@id\":\"https:\\\/\\\/lemontaigu.com\\\/#\\\/schema\\\/logo\\\/image\\\/\"},\"sameAs\":[\"https:\\\/\\\/www.facebook.com\\\/hotelmontaigu\"]}]}<\/script>\n<!-- \/ Yoast SEO plugin. -->","yoast_head_json":{"title":"Galerie photos \u2014 H\u00f4tel Le Montaigu, Luz-Saint-Sauveur","description":"D\u00e9couvrez en images H\u00f4tel Le Montaigu : chambres, restaurant, terrasse et paysages pyr\u00e9n\u00e9ens. Luz-Saint-Sauveur au c\u0153ur des Hautes-Pyr\u00e9n\u00e9es.","robots":{"index":"index","follow":"follow","max-snippet":"max-snippet:-1","max-image-preview":"max-image-preview:large","max-video-preview":"max-video-preview:-1"},"canonical":"https:\/\/lemontaigu.com\/en\/galerie\/","og_locale":"en_US","og_type":"article","og_title":"Galerie photos \u2014 H\u00f4tel Le Montaigu, Luz-Saint-Sauveur","og_description":"D\u00e9couvrez en images H\u00f4tel Le Montaigu : chambres, restaurant, terrasse et paysages pyr\u00e9n\u00e9ens. Luz-Saint-Sauveur au c\u0153ur des Hautes-Pyr\u00e9n\u00e9es.","og_url":"https:\/\/lemontaigu.com\/en\/galerie\/","og_site_name":"Le Montaigu Hotel*** Restaurant Bar","article_publisher":"https:\/\/www.facebook.com\/hotelmontaigu","article_modified_time":"2026-04-28T21:03:17+00:00","og_image":[{"width":1120,"height":630,"url":"https:\/\/lemontaigu.com\/wp-content\/uploads\/2026\/04\/landscape-mountain-sunset_3968x2232-1-scaled-e1777410186291.jpg","type":"image\/jpeg"}],"twitter_card":"summary_large_image","twitter_misc":{"Est. reading time":"8 minutes"},"schema":{"@context":"https:\/\/schema.org","@graph":[{"@type":"WebPage","@id":"https:\/\/lemontaigu.com\/galerie\/","url":"https:\/\/lemontaigu.com\/galerie\/","name":"Galerie photos \u2014 H\u00f4tel Le Montaigu, Luz-Saint-Sauveur","isPartOf":{"@id":"https:\/\/lemontaigu.com\/#website"},"primaryImageOfPage":{"@id":"https:\/\/lemontaigu.com\/galerie\/#primaryimage"},"image":{"@id":"https:\/\/lemontaigu.com\/galerie\/#primaryimage"},"thumbnailUrl":"https:\/\/lemontaigu.com\/wp-content\/uploads\/2026\/04\/hotel-facade-day_3798x2532-768x512.jpg","datePublished":"2026-03-24T10:22:20+00:00","dateModified":"2026-04-28T21:03:17+00:00","description":"D\u00e9couvrez en images H\u00f4tel Le Montaigu : chambres, restaurant, terrasse et paysages pyr\u00e9n\u00e9ens. Luz-Saint-Sauveur au c\u0153ur des Hautes-Pyr\u00e9n\u00e9es.","breadcrumb":{"@id":"https:\/\/lemontaigu.com\/galerie\/#breadcrumb"},"inLanguage":"en-US","potentialAction":[{"@type":"ReadAction","target":["https:\/\/lemontaigu.com\/galerie\/"]}]},{"@type":"ImageObject","inLanguage":"en-US","@id":"https:\/\/lemontaigu.com\/galerie\/#primaryimage","url":"https:\/\/lemontaigu.com\/wp-content\/uploads\/2026\/04\/hotel-facade-day_3798x2532-768x512.jpg","contentUrl":"https:\/\/lemontaigu.com\/wp-content\/uploads\/2026\/04\/hotel-facade-day_3798x2532-768x512.jpg"},{"@type":"BreadcrumbList","@id":"https:\/\/lemontaigu.com\/galerie\/#breadcrumb","itemListElement":[{"@type":"ListItem","position":1,"name":"Home","item":"https:\/\/lemontaigu.com\/"},{"@type":"ListItem","position":2,"name":"Galerie"}]},{"@type":"WebSite","@id":"https:\/\/lemontaigu.com\/#website","url":"https:\/\/lemontaigu.com\/","name":"Le Montaigu H\u00f4tel Restaurant Bar","description":"","publisher":{"@id":"https:\/\/lemontaigu.com\/#organization"},"potentialAction":[{"@type":"SearchAction","target":{"@type":"EntryPoint","urlTemplate":"https:\/\/lemontaigu.com\/?s={search_term_string}"},"query-input":{"@type":"PropertyValueSpecification","valueRequired":true,"valueName":"search_term_string"}}],"inLanguage":"en-US"},{"@type":"Organization","@id":"https:\/\/lemontaigu.com\/#organization","name":"LE MONTAIGU HOTELS ET RESORTS","url":"https:\/\/lemontaigu.com\/","logo":{"@type":"ImageObject","inLanguage":"en-US","@id":"https:\/\/lemontaigu.com\/#\/schema\/logo\/image\/","url":"https:\/\/lemontaigu.com\/wp-content\/uploads\/2026\/04\/logo-1.png","contentUrl":"https:\/\/lemontaigu.com\/wp-content\/uploads\/2026\/04\/logo-1.png","width":398,"height":192,"caption":"LE MONTAIGU HOTELS ET RESORTS"},"image":{"@id":"https:\/\/lemontaigu.com\/#\/schema\/logo\/image\/"},"sameAs":["https:\/\/www.facebook.com\/hotelmontaigu"]}]}},"_links":{"self":[{"href":"https:\/\/lemontaigu.com\/en\/wp-json\/wp\/v2\/pages\/820","targetHints":{"allow":["GET"]}}],"collection":[{"href":"https:\/\/lemontaigu.com\/en\/wp-json\/wp\/v2\/pages"}],"about":[{"href":"https:\/\/lemontaigu.com\/en\/wp-json\/wp\/v2\/types\/page"}],"replies":[{"embeddable":true,"href":"https:\/\/lemontaigu.com\/en\/wp-json\/wp\/v2\/comments?post=820"}],"version-history":[{"count":0,"href":"https:\/\/lemontaigu.com\/en\/wp-json\/wp\/v2\/pages\/820\/revisions"}],"wp:attachment":[{"href":"https:\/\/lemontaigu.com\/en\/wp-json\/wp\/v2\/media?parent=820"}],"curies":[{"name":"wp","href":"https:\/\/api.w.org\/{rel}","templated":true}]}}